{"id":4677,"date":"2024-03-20T20:18:14","date_gmt":"2024-03-20T20:18:14","guid":{"rendered":"https:\/\/www.fietsverhuurzeeland.nl\/mtb-strecke-westenshouwen\/"},"modified":"2024-04-26T13:07:35","modified_gmt":"2024-04-26T13:07:35","slug":"mtb-strecke-westenshouwen","status":"publish","type":"page","link":"https:\/\/www.fietsverhuurzeeland.nl\/de\/mtb-strecke-westenshouwen\/","title":{"rendered":"MTB-Strecke Westenshouwen"},"content":{"rendered":"\n<div class=\"wp-block-columns is-layout-flex wp-container-core-columns-is-layout-9d6595d7 wp-block-columns-is-layout-flex\">\n<div class=\"wp-block-column is-layout-flow wp-block-column-is-layout-flow\" style=\"flex-basis:66.66%\"><style type=\"text\/css\">\n    .header-heights {\n        height: 55vh;\n    }\n    .header-heights.home {\n        height: 65vh;\n    }\n    @media (max-width: 767px) {\n        .header-heights {\n            height: 30vh;\n        }\n        .header-heights.home {\n            height: 50vh;\n        }\n    }\n<\/style><section class=\"header-img\"><div class=\"img-inner header-heights\"><video style=\"width:100%; object-fit:cover;\" class=\"header-heights video-bg fill hide-for-small\" preload=\"auto\" playsinline autoplay muted loop>\n            <source src=\"https:\/\/www.fietsverhuurzeeland.nl\/wp-content\/uploads\/2024\/01\/homepagevideo_mtb.mp4\" type=\"video\/mp4\">\n          <\/video><\/div><\/section>\n\n\n<h1 class=\"wp-block-heading has-text-align-center\">Informationsseite MTB Parcour<\/h1>\n\n\n\n<p class=\"has-text-align-center\">Wollten Sie schon immer mal ein echtes Cube-Mountainbike fahren? Wir halten mehrere Fahrr\u00e4der f\u00fcr Sie bereit. Vom Kinder-Mountainbike bis zum coolen Elektro-Mountainbike.  <\/p>\n\n\n\n<p class=\"has-text-align-center\"><strong>Von unserem Gesch\u00e4ft in Burgh Haamstede sind es etwa 5 Minuten mit dem Fahrrad zum Parcour<\/strong><\/p>\n<\/div>\n\n\n\n<div class=\"wp-block-column usp-column is-layout-flow wp-block-column-is-layout-flow\" style=\"flex-basis:33.33%\">\n<h2 class=\"wp-block-heading\">Warum Fahrradverleih Zeeland?<\/h2>\n\n\n\n<ul class=\"wp-block-list\">\n<li>Pannenhilfe inklusive<\/li>\n\n\n\n<li>Mountainbikes f\u00fcr Kinder<\/li>\n\n\n\n<li>E-mtb&#8217;s<\/li>\n\n\n\n<li>Tipp f\u00fcr <a href=\"https:\/\/www.fietsverhuurzeeland.nl\/aanvraag-voor-groepen\/\">Gruppen<\/a><\/li>\n\n\n\n<li>Tipp f\u00fcr Teamausfl\u00fcge<\/li>\n<\/ul>\n<\/div>\n<\/div>\n\n\n<style type='text\/css'>\n        #tz-spacer-69f224fcd2af6 {\n            background-image: url('https:\/\/www.fietsverhuurzeeland.nl\/wp-content\/themes\/tz-template\/img\/scheidingslijn.png');\n        }\n    <\/style><div id='tz-spacer-69f224fcd2af6' class='tz-spacer'><\/div>\n\n<div class=\"locatie-block flex\"><div class=\"fietsen col9 flex\"><div class=\"fiets-item \"><div class=\"fiets-inner\"><img decoding=\"async\" src=\"https:\/\/www.fietsverhuurzeeland.nl\/wp-content\/uploads\/2024\/03\/Cube_Acid_200_Disc.jpeg\" alt=\"\"><h3>Mountainbikes f\u00fcr Kinder<\/h3><a target=\"_blank\" href=\"https:\/\/fvzeeland0001.cyclerent.com\/?reslang=2&#038;LPID=1\" class=\"btn\">Reservieren<\/a><\/div><\/div><div class=\"fiets-item \"><div class=\"fiets-inner\"><img decoding=\"async\" src=\"https:\/\/www.fietsverhuurzeeland.nl\/wp-content\/uploads\/2023\/12\/fiets2.jpg\" alt=\"\"><h3>Mountainbike<\/h3><a target=\"_blank\" href=\"https:\/\/fvzeeland0001.cyclerent.com\/?reslang=2&#038;LPID=1\" class=\"btn\">Reservieren<\/a><\/div><\/div><div class=\"fiets-item \"><div class=\"fiets-inner\"><img decoding=\"async\" src=\"https:\/\/www.fietsverhuurzeeland.nl\/wp-content\/uploads\/2024\/03\/Fully.jpeg\" alt=\"\"><h3>Fully&#039;s<\/h3><a target=\"_blank\" href=\"https:\/\/fvzeeland0001.cyclerent.com\/?reslang=2&#038;LPID=1\" class=\"btn\">Reservieren<\/a><\/div><\/div><div class=\"fiets-item \"><div class=\"fiets-inner\"><img decoding=\"async\" src=\"https:\/\/www.fietsverhuurzeeland.nl\/wp-content\/uploads\/2023\/12\/Elektrische-kinder-MTB.jpg\" alt=\"\"><h3>Kinder-Mountainbike Elektro 24-Zoll<\/h3><a target=\"_blank\" href=\"https:\/\/fvzeeland0001.cyclerent.com\/?reslang=2&#038;LPID=1\" class=\"btn\">Reservieren<\/a><\/div><\/div><div class=\"fiets-item \"><div class=\"fiets-inner\"><img decoding=\"async\" src=\"https:\/\/www.fietsverhuurzeeland.nl\/wp-content\/uploads\/2023\/12\/E-MTB.jpg\" alt=\"\"><h3>E-mtb<\/h3><a target=\"_blank\" href=\"https:\/\/fvzeeland0001.cyclerent.com\/?reslang=2&#038;LPID=1\" class=\"btn\">Reservieren<\/a><\/div><\/div><div class=\"fiets-item \"><div class=\"fiets-inner\"><img decoding=\"async\" src=\"https:\/\/www.fietsverhuurzeeland.nl\/wp-content\/uploads\/2024\/03\/abus-abus-fietshelm-hyban-20-glacier-blue.jpg\" alt=\"\"><h3>Fahrradhelm<\/h3><a target=\"_blank\" href=\"https:\/\/fvzeeland0001.cyclerent.com\/?reslang=2&#038;LPID=1\" class=\"btn\">Reservieren<\/a><\/div><\/div><\/div><div class=\"location col3\"><div class=\"location-wrap\"><div class=\"location-inner\"><div class=\"google-maps-container\"><iframe width=\"100%\" height=\"150\" frameborder=\"0\" style=\"border:0\" src=\"https:\/\/www.google.com\/maps?q=Adriaan+v%2Fd+Weijdeweg+1%2C+4328PT+Burgh+Haamstede&#038;output=embed\" allowfullscreen loading=\"lazy\" referrerpolicy=\"no-referrer-when-downgrade\"><\/iframe><\/div><div class=\"location-txt\"><h3>Patrick Tolhoek parcours<\/h3><p>Adriaan v\/d Weijdeweg 1<\/p><p>4328PT, Burgh Haamstede<\/p><p>+31111407498<\/p><p><a href=\"mailto:info@fietsverhuurzeeland.nl?subject=E-Mail%20gesendet%20%C3%BCber%20Patrick%20Tolhoek%20parcours\">info@fietsverhuurzeeland.nl<\/a><\/p><p><a href=\"https:\/\/www.fietsverhuurzeeland.nl\/wp-content\/uploads\/2025\/12\/Algemene-voorwaarden-FVZ-DE.pdf\" target=\"_blank\" class=\"pdf-download-link\">Gesch\u00e4ftsbedingungen<\/a><\/p><\/div><\/div><div class=\"openingstijden-inner\"><div class=\"openings-txt\"><h3>\u00d6ffnungszeiten<\/h3><\/div><\/div><\/div><\/div><\/div>\n\n<script>\njQuery(document).ready(function($) {\n    $('#toggle-bikes').click(function() {\n        \/\/ Toggle the state based on the text of the button\n        if ($(this).hasClass('read-more')) {\n            \/\/ Change to \"Read Less\" and show all bikes with animation\n            $(this).text(\"Weniger Fahrr\u00e4der anzeigen\").removeClass('read-more').addClass('read-less');\n            $('.fiets-item.hide-bike').slideDown(); \/\/ Use slideDown for showing with animation\n        } else {\n            \/\/ Change back to \"Read More\" and hide extra bikes with animation\n            $(this).text(\"Alle Fahrr\u00e4der ansehen\").removeClass('read-less').addClass('read-more');\n            \/\/ Hide bikes beyond the initial set with animation\n            if(window.matchMedia('(max-width: 768px)').matches) {\n                \/\/ On mobile, hide bikes starting from the 4th\n                $('.fiets-item:nth-child(n+4)').slideUp(); \/\/ Use slideUp for hiding with animation\n\n            } else {\n                \/\/ On desktop, hide bikes starting from the 7th\n                $('.fiets-item:nth-child(n+7)').slideUp(); \/\/ Use slideUp for hiding with animation\n            }\n        }\n    });\n\n    \/\/ Set the initial state without animation to avoid visual glitch on page load\n    if(window.matchMedia('(max-width: 768px)').matches) {\n        \/\/ On mobile, show only the first 3 bikes\n        $('.fiets-item:nth-child(n+4)').hide().addClass('hide-bike');\n    } else {\n        \/\/ On desktop, show only the first 6 bikes\n        $('.fiets-item:nth-child(n+7)').hide();\n    }\n});\n<\/script>\n\n<style type='text\/css'>\n        #tz-spacer-69f224fcdc633 {\n            background-image: url('https:\/\/www.fietsverhuurzeeland.nl\/wp-content\/themes\/tz-template\/img\/scheidingslijn.png');\n        }\n    <\/style><div id='tz-spacer-69f224fcdc633' class='tz-spacer'><\/div>\n\n\n<h2 class=\"wp-block-heading has-text-align-center\">Mountainbiken mit einer gro\u00dfen Gruppe?<\/h2>\n\n\n\n<p class=\"has-text-align-center\">Auch das ist f\u00fcr uns kein Problem, f\u00fcllen Sie einfach das Gruppenformular aus und wir machen Ihnen gerne ein passendes Angebot.<\/p>\n\n\n\n    <section class=\"threeblocks-full-width arrangementen-slider\">\n      <div class=\"tz-arrangementen\">\n        <div class=\"row\">\n                      <a href=\"https:\/\/www.fietsverhuurzeeland.nl\/de\/anfrage-der-gruppe\/\"\n               target=\"_self\"\n               class=\"three-item tz-arrangementen-item col-blocks-3\">\n              \n                              <img decoding=\"async\" src=\"https:\/\/www.fietsverhuurzeeland.nl\/wp-content\/uploads\/2024\/03\/Actionteam2-600x338.jpeg\"\n                     alt=\"\">\n              \n              <div class=\"btn\">\n                Gruppenanfrage MTB&#039;s              <\/div>\n            <\/a>\n                      <a href=\"http:\/\/www.bikeshopburghhaamstede.nl\"\n               target=\"_blank\"\n               class=\"three-item tz-arrangementen-item col-blocks-3\">\n              \n                              <img decoding=\"async\" src=\"https:\/\/www.fietsverhuurzeeland.nl\/wp-content\/uploads\/2024\/03\/DSC_5275-kopie-2-kopie-600x400.jpg\"\n                     alt=\"\">\n              \n              <div class=\"btn\">\n                Mietfahrrad kaufen              <\/div>\n            <\/a>\n                      <a href=\"https:\/\/www.mtbroutes.nl\/zeeland\/westenschouwen\"\n               target=\"_blank\"\n               class=\"three-item tz-arrangementen-item col-blocks-3\">\n              \n                              <img decoding=\"async\" src=\"https:\/\/www.fietsverhuurzeeland.nl\/wp-content\/uploads\/2023\/12\/logo.jpg\"\n                     alt=\"\">\n              \n              <div class=\"btn\">\n                Mehr Informationen              <\/div>\n            <\/a>\n                  <\/div><!-- .row -->\n      <\/div><!-- .tz-arrangementen -->\n\n          <\/section>\n\n    <script>\n      jQuery(document).ready(function($){\n        if ( typeof initializeTzSlider === 'function' && false ) {\n          \n          \/\/ Build your breakpoints object dynamically\n          var breakpoints = {\"991\":3,\"650\":2,\"0\":1};\n\n          initializeTzSlider(\n            '.arrangementen-slider',\n            '.tz-arrangementen-item',\n            '.slidebutton.prev',\n            '.slidebutton.next',\n            breakpoints\n          );\n        }\n      });\n    <\/script>\n\n\n\n\n<h3 class=\"wp-block-heading has-text-align-center\">H\u00e4ufig gestellte Fragen zum Mountainbike-Verleih<\/h3>\n\n\n\n<p class=\"has-text-align-center\">Wir haben hier eine Liste mit h\u00e4ufig gestellten Fragen \u00fcber die MTB-Strecke in Westenschouwen f\u00fcr Sie zusammengestellt. Wenn Ihre Frage nicht aufgef\u00fchrt ist, kontaktieren Sie uns bitte \u00fcber die Angaben auf dieser Seite.<\/p>\n\n\n\n<div class=\"wp-block-columns is-layout-flex wp-container-core-columns-is-layout-9d6595d7 wp-block-columns-is-layout-flex\">\n<div class=\"wp-block-column is-layout-flow wp-block-column-is-layout-flow\" style=\"flex-basis:100%\"><div >\n                    <div class=\" plethoraplugins-accordion plethoraplugins-theme__minimal plethoraplugins-theme__basic \"   >\n                        <div>\n                            \n<div id=\"kann_ich_mein_auto_an_diesem_ort_parken\" class=\"pds-accordion__item pds-js-accordion-item pds-no-js\" data-pds-tabs--initially-open=\"false\" data-pds-tabs--click-to-close=\"true\" data-pds-tabs--auto-close=\"true\" data-pds-tabs--scroll=\"false\" data-pds-tabs--scroll-offset=\"0\"  data-pds-tabs--icon-type=\"\" data-pds-tabs--icon=\"true\"  data-pds-tabs--icon-size=\"\" >\n                    <div id=\"at-kann_ich_mein_auto_an_diesem_ort_parken\" class=\"pds-accordion__title pds-js-accordion-controller\" ><span class=\"pds-accordion__heading\" role=\"heading\" aria-level=\"3\">Kann ich mein Auto an diesem Ort parken?<\/span><span class=\"pds-accordion__icon\" role=\"presentation\" aria-hidden=\"true\"><svg xmlns=\"http:\/\/www.w3.org\/2000\/svg\" viewBox=\"0 0 12 7.4099998\" width=\".75rem\" height=\".75rem\"><path d=\"M12 1.41 10.59 0 6 4.58 1.41 0 0 1.41l6 6z\" fill=\"currentColor\"\/><\/svg><\/span><\/div>\n                    <div id=\"ac-kann_ich_mein_auto_an_diesem_ort_parken\" class=\"pds-accordion__content\">\n                        \n\n<p>Ja, Sie k\u00f6nnen direkt vor unserem Gesch\u00e4ft parken. Wenn es hier keinen Platz mehr gibt, haben wir einen gro\u00dfen kostenlosen Parkplatz an der Julianastraat in Burgh Haamstede. Von hier aus sind es nur 3 Minuten Fu\u00dfweg zu unserem Gesch\u00e4ft. Die Strecke beginnt auf dem Parkplatz am Adriaan van der Weijdeweg. Ab dem 1. April wird dies ein geb\u00fchrenpflichtiger Parkplatz sein.<\/p>\n\n\n                    <\/div>\n                <\/div>\n\n<div id=\"kann_ich_mein_fahrrad_nach_ladenschluss_an_diesem_standort_zurckgeben\" class=\"pds-accordion__item pds-js-accordion-item pds-no-js\" data-pds-tabs--initially-open=\"false\" data-pds-tabs--click-to-close=\"true\" data-pds-tabs--auto-close=\"true\" data-pds-tabs--scroll=\"false\" data-pds-tabs--scroll-offset=\"0\"  data-pds-tabs--icon-type=\"\" data-pds-tabs--icon=\"true\"  data-pds-tabs--icon-size=\"\" >\n                    <div id=\"at-kann_ich_mein_fahrrad_nach_ladenschluss_an_diesem_standort_zurckgeben\" class=\"pds-accordion__title pds-js-accordion-controller\" ><span class=\"pds-accordion__heading\" role=\"heading\" aria-level=\"3\">Kann ich mein Fahrrad nach Ladenschluss an diesem Standort zur\u00fcckgeben?<\/span><span class=\"pds-accordion__icon\" role=\"presentation\" aria-hidden=\"true\"><svg xmlns=\"http:\/\/www.w3.org\/2000\/svg\" viewBox=\"0 0 12 7.4099998\" width=\".75rem\" height=\".75rem\"><path d=\"M12 1.41 10.59 0 6 4.58 1.41 0 0 1.41l6 6z\" fill=\"currentColor\"\/><\/svg><\/span><\/div>\n                    <div id=\"ac-kann_ich_mein_fahrrad_nach_ladenschluss_an_diesem_standort_zurckgeben\" class=\"pds-accordion__content\">\n                        \n\n<p>Ja, das ist m\u00f6glich. Sie k\u00f6nnen dies bei der Abholung des Fahrrads angeben und das Personal wird Ihnen erkl\u00e4ren, wie die R\u00fcckgabe funktioniert.<\/p>\n\n\n                    <\/div>\n                <\/div>\n\n<div id=\"kann_ich_vor_ort_mit_karte_bezahlen\" class=\"pds-accordion__item pds-js-accordion-item pds-no-js\" data-pds-tabs--initially-open=\"false\" data-pds-tabs--click-to-close=\"true\" data-pds-tabs--auto-close=\"true\" data-pds-tabs--scroll=\"false\" data-pds-tabs--scroll-offset=\"0\"  data-pds-tabs--icon-type=\"\" data-pds-tabs--icon=\"true\"  data-pds-tabs--icon-size=\"\" >\n                    <div id=\"at-kann_ich_vor_ort_mit_karte_bezahlen\" class=\"pds-accordion__title pds-js-accordion-controller\" ><span class=\"pds-accordion__heading\" role=\"heading\" aria-level=\"3\">Kann ich vor Ort mit Karte bezahlen?<\/span><span class=\"pds-accordion__icon\" role=\"presentation\" aria-hidden=\"true\"><svg xmlns=\"http:\/\/www.w3.org\/2000\/svg\" viewBox=\"0 0 12 7.4099998\" width=\".75rem\" height=\".75rem\"><path d=\"M12 1.41 10.59 0 6 4.58 1.41 0 0 1.41l6 6z\" fill=\"currentColor\"\/><\/svg><\/span><\/div>\n                    <div id=\"ac-kann_ich_vor_ort_mit_karte_bezahlen\" class=\"pds-accordion__content\">\n                        \n\n<p>Ja, alle Bankkarten mit dem Maestro-Logo werden an diesem Standort akzeptiert. Es ist nicht m\u00f6glich, mit Kreditkarte zu bezahlen. Wenn Sie online buchen, ist die Zahlung per Kreditkarte m\u00f6glich.<\/p>\n\n\n                    <\/div>\n                <\/div>\n\n<div id=\"gibt_es_auch_kinder_mountainbikes\" class=\"pds-accordion__item pds-js-accordion-item pds-no-js\" data-pds-tabs--initially-open=\"false\" data-pds-tabs--click-to-close=\"true\" data-pds-tabs--auto-close=\"true\" data-pds-tabs--scroll=\"false\" data-pds-tabs--scroll-offset=\"0\"  data-pds-tabs--icon-type=\"\" data-pds-tabs--icon=\"true\"  data-pds-tabs--icon-size=\"\" >\n                    <div id=\"at-gibt_es_auch_kinder_mountainbikes\" class=\"pds-accordion__title pds-js-accordion-controller\" ><span class=\"pds-accordion__heading\" role=\"heading\" aria-level=\"3\">Gibt es auch Kinder-Mountainbikes?<\/span><span class=\"pds-accordion__icon\" role=\"presentation\" aria-hidden=\"true\"><svg xmlns=\"http:\/\/www.w3.org\/2000\/svg\" viewBox=\"0 0 12 7.4099998\" width=\".75rem\" height=\".75rem\"><path d=\"M12 1.41 10.59 0 6 4.58 1.41 0 0 1.41l6 6z\" fill=\"currentColor\"\/><\/svg><\/span><\/div>\n                    <div id=\"ac-gibt_es_auch_kinder_mountainbikes\" class=\"pds-accordion__content\">\n                        \n\n<p>Ja, an unserem Standort in Burgh Haamstede haben wir f\u00fcr jeden ein Fahrrad. Wir haben Cube Kinder-Mountainbikes ab 20 Zoll. Kinder ab 5 Jahren k\u00f6nnen also mitmachen.<\/p>\n\n\n                    <\/div>\n                <\/div>\n\n<div id=\"ist_die_mtb_route_auch_fr_kinder_geeignet\" class=\"pds-accordion__item pds-js-accordion-item pds-no-js\" data-pds-tabs--initially-open=\"false\" data-pds-tabs--click-to-close=\"true\" data-pds-tabs--auto-close=\"true\" data-pds-tabs--scroll=\"false\" data-pds-tabs--scroll-offset=\"0\"  data-pds-tabs--icon-type=\"\" data-pds-tabs--icon=\"true\"  data-pds-tabs--icon-size=\"\" >\n                    <div id=\"at-ist_die_mtb_route_auch_fr_kinder_geeignet\" class=\"pds-accordion__title pds-js-accordion-controller\" ><span class=\"pds-accordion__heading\" role=\"heading\" aria-level=\"3\">Ist die mtb Route auch f\u00fcr Kinder geeignet?<\/span><span class=\"pds-accordion__icon\" role=\"presentation\" aria-hidden=\"true\"><svg xmlns=\"http:\/\/www.w3.org\/2000\/svg\" viewBox=\"0 0 12 7.4099998\" width=\".75rem\" height=\".75rem\"><path d=\"M12 1.41 10.59 0 6 4.58 1.41 0 0 1.41l6 6z\" fill=\"currentColor\"\/><\/svg><\/span><\/div>\n                    <div id=\"ac-ist_die_mtb_route_auch_fr_kinder_geeignet\" class=\"pds-accordion__content\">\n                        \n\n<p>Ja, die Route ist zweigeteilt. Es gibt also eine &#8222;leichte&#8220; und eine &#8222;schwere&#8220; Route.  <\/p>\n\n\n                    <\/div>\n                <\/div>\n\n<div id=\"wie_lang_ist_die_mountainbikestrecke\" class=\"pds-accordion__item pds-js-accordion-item pds-no-js\" data-pds-tabs--initially-open=\"false\" data-pds-tabs--click-to-close=\"true\" data-pds-tabs--auto-close=\"true\" data-pds-tabs--scroll=\"false\" data-pds-tabs--scroll-offset=\"0\"  data-pds-tabs--icon-type=\"\" data-pds-tabs--icon=\"true\"  data-pds-tabs--icon-size=\"\" >\n                    <div id=\"at-wie_lang_ist_die_mountainbikestrecke\" class=\"pds-accordion__title pds-js-accordion-controller\" ><span class=\"pds-accordion__heading\" role=\"heading\" aria-level=\"3\">Wie lang ist die Mountainbikestrecke?<\/span><span class=\"pds-accordion__icon\" role=\"presentation\" aria-hidden=\"true\"><svg xmlns=\"http:\/\/www.w3.org\/2000\/svg\" viewBox=\"0 0 12 7.4099998\" width=\".75rem\" height=\".75rem\"><path d=\"M12 1.41 10.59 0 6 4.58 1.41 0 0 1.41l6 6z\" fill=\"currentColor\"\/><\/svg><\/span><\/div>\n                    <div id=\"ac-wie_lang_ist_die_mountainbikestrecke\" class=\"pds-accordion__content\">\n                        \n\n<p>Die Strecke ist etwa 9 km lang. Die Strecke ist zweigeteilt, um sie f\u00fcr Kinder oder weniger erfahrene Mountainbiker einfacher und k\u00fcrzer zu machen.  <\/p>\n\n\n                    <\/div>\n                <\/div>\n\n<div id=\"ist_die_strecke_kostenfrei\" class=\"pds-accordion__item pds-js-accordion-item pds-no-js\" data-pds-tabs--initially-open=\"false\" data-pds-tabs--click-to-close=\"true\" data-pds-tabs--auto-close=\"true\" data-pds-tabs--scroll=\"false\" data-pds-tabs--scroll-offset=\"0\"  data-pds-tabs--icon-type=\"\" data-pds-tabs--icon=\"true\"  data-pds-tabs--icon-size=\"\" >\n                    <div id=\"at-ist_die_strecke_kostenfrei\" class=\"pds-accordion__title pds-js-accordion-controller\" ><span class=\"pds-accordion__heading\" role=\"heading\" aria-level=\"3\">Ist die Strecke kostenfrei?<\/span><span class=\"pds-accordion__icon\" role=\"presentation\" aria-hidden=\"true\"><svg xmlns=\"http:\/\/www.w3.org\/2000\/svg\" viewBox=\"0 0 12 7.4099998\" width=\".75rem\" height=\".75rem\"><path d=\"M12 1.41 10.59 0 6 4.58 1.41 0 0 1.41l6 6z\" fill=\"currentColor\"\/><\/svg><\/span><\/div>\n                    <div id=\"ac-ist_die_strecke_kostenfrei\" class=\"pds-accordion__content\">\n                        \n\n<p>Ja, die Route ist \u00f6ffentlich zug\u00e4nglich und kann kostenlos genutzt werden.<\/p>\n\n\n                    <\/div>\n                <\/div>\n\n<div id=\"ist_ein_helm_pflicht\" class=\"pds-accordion__item pds-js-accordion-item pds-no-js\" data-pds-tabs--initially-open=\"false\" data-pds-tabs--click-to-close=\"true\" data-pds-tabs--auto-close=\"true\" data-pds-tabs--scroll=\"false\" data-pds-tabs--scroll-offset=\"0\"  data-pds-tabs--icon-type=\"\" data-pds-tabs--icon=\"true\"  data-pds-tabs--icon-size=\"\" >\n                    <div id=\"at-ist_ein_helm_pflicht\" class=\"pds-accordion__title pds-js-accordion-controller\" ><span class=\"pds-accordion__heading\" role=\"heading\" aria-level=\"3\">Ist ein Helm Pflicht?<\/span><span class=\"pds-accordion__icon\" role=\"presentation\" aria-hidden=\"true\"><svg xmlns=\"http:\/\/www.w3.org\/2000\/svg\" viewBox=\"0 0 12 7.4099998\" width=\".75rem\" height=\".75rem\"><path d=\"M12 1.41 10.59 0 6 4.58 1.41 0 0 1.41l6 6z\" fill=\"currentColor\"\/><\/svg><\/span><\/div>\n                    <div id=\"ac-ist_ein_helm_pflicht\" class=\"pds-accordion__content\">\n                        \n\n<p>Nein, ein Helm ist nicht verpflicht <strong>, wird aber<\/strong> <strong>dringend empfohlen.<\/strong> Die Route enth\u00e4lt anspruchsvolle Abschnitte, die eine hohe Sturzgefahr mit sich bringen. Um Verletzungen so weit wie m\u00f6glich zu vermeiden <strong>, wird das Tragen eines Helms dringend empfohlen.<\/strong><\/p>\n\n\n                    <\/div>\n                <\/div>\n\n<div id=\"welche_fahrradgre_bentige_ich\" class=\"pds-accordion__item pds-js-accordion-item pds-no-js\" data-pds-tabs--initially-open=\"false\" data-pds-tabs--click-to-close=\"true\" data-pds-tabs--auto-close=\"true\" data-pds-tabs--scroll=\"false\" data-pds-tabs--scroll-offset=\"0\"  data-pds-tabs--icon-type=\"\" data-pds-tabs--icon=\"true\"  data-pds-tabs--icon-size=\"\" >\n                    <div id=\"at-welche_fahrradgre_bentige_ich\" class=\"pds-accordion__title pds-js-accordion-controller\" ><span class=\"pds-accordion__heading\" role=\"heading\" aria-level=\"3\">Welche Fahrradgr\u00f6\u00dfe ben\u00f6tige ich?<\/span><span class=\"pds-accordion__icon\" role=\"presentation\" aria-hidden=\"true\"><svg xmlns=\"http:\/\/www.w3.org\/2000\/svg\" viewBox=\"0 0 12 7.4099998\" width=\".75rem\" height=\".75rem\"><path d=\"M12 1.41 10.59 0 6 4.58 1.41 0 0 1.41l6 6z\" fill=\"currentColor\"\/><\/svg><\/span><\/div>\n                    <div id=\"ac-welche_fahrradgre_bentige_ich\" class=\"pds-accordion__content\">\n                        \n\n<p>Auf unserem Buchungsformular finden Sie einen separaten Reiter mit Mountainbikes. Wir haben alle Gr\u00f6\u00dfen f\u00fcr Sie aufgelistet und die L\u00e4ngenma\u00dfe hier angegeben. So k\u00f6nnen Sie leicht feststellen, welche Gr\u00f6\u00dfe f\u00fcr Sie die richtige ist.<\/p>\n\n\n                    <\/div>\n                <\/div>\n\n<div id=\"kann_ich_wasserflaschen_mieten\" class=\"pds-accordion__item pds-js-accordion-item pds-no-js\" data-pds-tabs--initially-open=\"false\" data-pds-tabs--click-to-close=\"true\" data-pds-tabs--auto-close=\"true\" data-pds-tabs--scroll=\"false\" data-pds-tabs--scroll-offset=\"0\"  data-pds-tabs--icon-type=\"\" data-pds-tabs--icon=\"true\"  data-pds-tabs--icon-size=\"\" >\n                    <div id=\"at-kann_ich_wasserflaschen_mieten\" class=\"pds-accordion__title pds-js-accordion-controller\" ><span class=\"pds-accordion__heading\" role=\"heading\" aria-level=\"3\">Kann ich Wasserflaschen mieten?<\/span><span class=\"pds-accordion__icon\" role=\"presentation\" aria-hidden=\"true\"><svg xmlns=\"http:\/\/www.w3.org\/2000\/svg\" viewBox=\"0 0 12 7.4099998\" width=\".75rem\" height=\".75rem\"><path d=\"M12 1.41 10.59 0 6 4.58 1.41 0 0 1.41l6 6z\" fill=\"currentColor\"\/><\/svg><\/span><\/div>\n                    <div id=\"ac-kann_ich_wasserflaschen_mieten\" class=\"pds-accordion__content\">\n                        \n\n<p>Nein, aus hygienischen Gr\u00fcnden vermieten wir keine Wasserflaschen. Sie k\u00f6nnen sie jedoch in unserem Shop f\u00fcr nur \u20ac4,95 kaufen.<\/p>\n\n\n                    <\/div>\n                <\/div>\n\n<div id=\"verleihen_sie_auch_fahrradbekleidung\" class=\"pds-accordion__item pds-js-accordion-item pds-no-js\" data-pds-tabs--initially-open=\"false\" data-pds-tabs--click-to-close=\"true\" data-pds-tabs--auto-close=\"true\" data-pds-tabs--scroll=\"false\" data-pds-tabs--scroll-offset=\"0\"  data-pds-tabs--icon-type=\"\" data-pds-tabs--icon=\"true\"  data-pds-tabs--icon-size=\"\" >\n                    <div id=\"at-verleihen_sie_auch_fahrradbekleidung\" class=\"pds-accordion__title pds-js-accordion-controller\" ><span class=\"pds-accordion__heading\" role=\"heading\" aria-level=\"3\">Verleihen Sie auch Fahrradbekleidung?<\/span><span class=\"pds-accordion__icon\" role=\"presentation\" aria-hidden=\"true\"><svg xmlns=\"http:\/\/www.w3.org\/2000\/svg\" viewBox=\"0 0 12 7.4099998\" width=\".75rem\" height=\".75rem\"><path d=\"M12 1.41 10.59 0 6 4.58 1.41 0 0 1.41l6 6z\" fill=\"currentColor\"\/><\/svg><\/span><\/div>\n                    <div id=\"ac-verleihen_sie_auch_fahrradbekleidung\" class=\"pds-accordion__content\">\n                        \n\n<p>Nein, wir vermieten keine Fahrradbekleidung. Wir verleihen Helme, die f\u00fcr Mountainbikes geeignet sind. Sie werden nach dem Gebrauch immer mit einem Desinfektionsmittel abgesp\u00fclt.<\/p>\n\n\n                    <\/div>\n                <\/div>\n\n<div id=\"kann_ich_mit_mountainbikes_am_strand_radeln\" class=\"pds-accordion__item pds-js-accordion-item pds-no-js\" data-pds-tabs--initially-open=\"false\" data-pds-tabs--click-to-close=\"true\" data-pds-tabs--auto-close=\"true\" data-pds-tabs--scroll=\"false\" data-pds-tabs--scroll-offset=\"0\"  data-pds-tabs--icon-type=\"\" data-pds-tabs--icon=\"true\"  data-pds-tabs--icon-size=\"\" >\n                    <div id=\"at-kann_ich_mit_mountainbikes_am_strand_radeln\" class=\"pds-accordion__title pds-js-accordion-controller\" ><span class=\"pds-accordion__heading\" role=\"heading\" aria-level=\"3\">Kann ich mit Mountainbikes am Strand radeln?<\/span><span class=\"pds-accordion__icon\" role=\"presentation\" aria-hidden=\"true\"><svg xmlns=\"http:\/\/www.w3.org\/2000\/svg\" viewBox=\"0 0 12 7.4099998\" width=\".75rem\" height=\".75rem\"><path d=\"M12 1.41 10.59 0 6 4.58 1.41 0 0 1.41l6 6z\" fill=\"currentColor\"\/><\/svg><\/span><\/div>\n                    <div id=\"ac-kann_ich_mit_mountainbikes_am_strand_radeln\" class=\"pds-accordion__content\">\n                        \n\n<p>Nein, es ist absolut nicht erlaubt, mit unseren Fahrr\u00e4dern am Strand zu fahren. Das salzige Meerwasser l\u00e4sst alles schnell rosten. Und wir wollen nicht, dass Sie bei der n\u00e4chsten Fahrt ein abgenutztes Fahrrad haben.<\/p>\n\n\n                    <\/div>\n                <\/div>\n\n<div id=\"kommen_sie_vorbei_und_helfen_wenn_sie_beim_radfahren_eine_panne_haben\" class=\"pds-accordion__item pds-js-accordion-item pds-no-js\" data-pds-tabs--initially-open=\"false\" data-pds-tabs--click-to-close=\"true\" data-pds-tabs--auto-close=\"true\" data-pds-tabs--scroll=\"false\" data-pds-tabs--scroll-offset=\"0\"  data-pds-tabs--icon-type=\"\" data-pds-tabs--icon=\"true\"  data-pds-tabs--icon-size=\"\" >\n                    <div id=\"at-kommen_sie_vorbei_und_helfen_wenn_sie_beim_radfahren_eine_panne_haben\" class=\"pds-accordion__title pds-js-accordion-controller\" ><span class=\"pds-accordion__heading\" role=\"heading\" aria-level=\"3\">Kommen Sie vorbei und helfen, wenn Sie beim Radfahren eine Panne haben?<\/span><span class=\"pds-accordion__icon\" role=\"presentation\" aria-hidden=\"true\"><svg xmlns=\"http:\/\/www.w3.org\/2000\/svg\" viewBox=\"0 0 12 7.4099998\" width=\".75rem\" height=\".75rem\"><path d=\"M12 1.41 10.59 0 6 4.58 1.41 0 0 1.41l6 6z\" fill=\"currentColor\"\/><\/svg><\/span><\/div>\n                    <div id=\"ac-kommen_sie_vorbei_und_helfen_wenn_sie_beim_radfahren_eine_panne_haben\" class=\"pds-accordion__content\">\n                        \n\n<p>Ja sicher, wir kommen mit einem Ersatzrad zu Ihnen. Leider k\u00f6nnen wir die MTB-Strecke nicht mit dem Auto erreichen, aber wir k\u00f6nnen uns am Startpunkt auf dem Parkplatz treffen. Du musst r\u00fcberkommen, damit wir das Fahrrad wechseln k\u00f6nnen.<\/p>\n\n\n                    <\/div>\n                <\/div>\n\n                        <\/div>\n                    <\/div>\n                    \n            <\/div><\/div>\n<\/div>\n\n\n<style type='text\/css'>\n        #tz-spacer-69f224fce0844 {\n            background-image: url('https:\/\/www.fietsverhuurzeeland.nl\/wp-content\/themes\/tz-template\/img\/scheidingslijn.png');\n        }\n    <\/style><div id='tz-spacer-69f224fce0844' class='tz-spacer'><\/div>\n\n\n<h2 class=\"wp-block-heading has-text-align-center\">Mieten Sie Ihr Mountainbike bei Bike Rental Burgh Haamstede<\/h2>\n\n\n\n<p class=\"has-text-align-center\">In der Fietsverhuur Zeeland in Burgh Haamstede k\u00f6nnen Sie sch\u00f6ne Cube-Fahrr\u00e4der mieten. Sie suchen ein lustiges Mountainbike f\u00fcr Kinder oder einfach nur ein cooles elektrisches Mountainbike? Bei der Fietsverhuur Zeeland in Burgh-Haamstede sind Sie an der richtigen Adresse, wenn es um das Mieten von Mountainbikes geht.<\/p>\n\n\n<style type='text\/css'>\n        #tz-spacer-69f224fce0af7 {\n            background-image: url('https:\/\/www.fietsverhuurzeeland.nl\/wp-content\/themes\/tz-template\/img\/scheidingslijn.png');\n        }\n    <\/style><div id='tz-spacer-69f224fce0af7' class='tz-spacer'><\/div>\n\n\n<h2 class=\"wp-block-heading has-text-align-center\">Mehr Informationen \u00fcber den Mountainbike-Verleih in Westenschouwen<\/h2>\n\n\n\n<p class=\"has-text-align-center\">Die MTB-Route Westenschouwen liegt etwa 5 Minuten mit dem Fahrrad vom Abholort in Burgh Haamstede entfernt. Sie k\u00f6nnen bei uns Kinder-Mountainbikes mieten. Wir haben auch eine gro\u00dfe Auswahl an normalen Mountainbikes, mit denen Sie die Mountainbike-Route in Westenschouwen perfekt fahren k\u00f6nnen. Wir arbeiten mit der Marke Cube und die gr\u00f6\u00dferen Gr\u00f6\u00dfen haben immer 29-Zoll-R\u00e4der. Sie m\u00f6chten ein Mountainbike in Burgh Haamstede f\u00fcr einen Teenager mieten? Die gibt es auch in der Fietsverhuur Zeeland. Wir haben die Gr\u00f6\u00dfen XS und S auf Lager. Diese beiden Fahrr\u00e4der sind mit 27,5-Zoll-Reifen ausgestattet.<\/p>\n\n\n<span id=\"more-4677\"><\/span>\n\n\n<p class=\"has-text-align-center\">Die Route, die Sie in Westenschouwen finden, ist f\u00fcr Jung und Alt geeignet. Es macht Spa\u00df, mit den Kindern einen Tag im Wald zu verbringen und diese anspruchsvolle Strecke mit der Familie zu radeln. Ein vergn\u00fcglicher Tag inmitten der Natur mit guten Chancen, im Wald auf Rehe zu treffen.<\/p>\n\n\n\n<p class=\"has-text-align-center\">Sie suchen einen Teamausflug in Burgh Haamstede? Auch dann ist dies eine unterhaltsame Empfehlung. Gro\u00dfe Mountainbikes gibt es auch beim Fahrradverleih Zeeland. Jeder bekommt von uns einen Helm zur Sicherheit und wir sind immer in Bereitschaft, um Ihnen zu helfen, falls beim Radfahren etwas passiert.<\/p>\n\n\n\n<p class=\"has-text-align-center\">Kurzum, Sie suchen einen Fahrradverleih in Burgh Haamstede? Dann leihen Sie sich ein Mountainbike bei uns!<\/p>\n\n\n\n<p><\/p>\n\n\n<span class=\"more-end\"><\/span>\n\n<style type='text\/css'>\n        #tz-spacer-69f224fce10b5 {\n            background-image: url('https:\/\/www.fietsverhuurzeeland.nl\/wp-content\/themes\/tz-template\/img\/scheidingslijn.png');\n        }\n    <\/style><div id='tz-spacer-69f224fce10b5' class='tz-spacer'><\/div>\n\n\n<div class=\"wp-block-columns is-style-blauw-full-width is-layout-flex wp-container-core-columns-is-layout-9d6595d7 wp-block-columns-is-layout-flex\">\n<div class=\"wp-block-column is-layout-flow wp-block-column-is-layout-flow\"><section class=\"gallery-section\"><h3>Bekijk de foto&#039;s<\/h3><div class=\"gallery grid-layout\"><figure class=\"gallery-item\"><div class=\"gallery-icon\"><a href=\"https:\/\/www.fietsverhuurzeeland.nl\/wp-content\/uploads\/2023\/12\/Burgh-haamstede.png\" data-fancybox=\"gallery\"><img src=\"https:\/\/www.fietsverhuurzeeland.nl\/wp-content\/uploads\/2023\/12\/Burgh-haamstede-600x313.png\" class=\"attachment-medium size-medium\" alt=\"\" decoding=\"async\" fetchpriority=\"high\" srcset=\"https:\/\/www.fietsverhuurzeeland.nl\/wp-content\/uploads\/2023\/12\/Burgh-haamstede-600x313.png 300w, https:\/\/www.fietsverhuurzeeland.nl\/wp-content\/uploads\/2023\/12\/Burgh-haamstede.png 1024w, https:\/\/www.fietsverhuurzeeland.nl\/wp-content\/uploads\/2023\/12\/Burgh-haamstede-768x401.png 768w, https:\/\/www.fietsverhuurzeeland.nl\/wp-content\/uploads\/2023\/12\/Burgh-haamstede.png 1200w\" sizes=\"(max-width: 300px) 100vw, 300px\"><\/a><\/div><\/figure><figure class=\"gallery-item\"><div class=\"gallery-icon\"><a href=\"https:\/\/www.fietsverhuurzeeland.nl\/wp-content\/uploads\/2023\/12\/DSC_5711-kopie-scaled.jpg\" data-fancybox=\"gallery\"><img src=\"https:\/\/www.fietsverhuurzeeland.nl\/wp-content\/uploads\/2023\/12\/DSC_5711-kopie-600x400.jpg\" class=\"attachment-medium size-medium\" alt=\"\" decoding=\"async\" fetchpriority=\"high\" srcset=\"https:\/\/www.fietsverhuurzeeland.nl\/wp-content\/uploads\/2023\/12\/DSC_5711-kopie-600x400.jpg 300w, https:\/\/www.fietsverhuurzeeland.nl\/wp-content\/uploads\/2023\/12\/DSC_5711-kopie-1600x1066.jpg 1024w, https:\/\/www.fietsverhuurzeeland.nl\/wp-content\/uploads\/2023\/12\/DSC_5711-kopie-768x512.jpg 768w, https:\/\/www.fietsverhuurzeeland.nl\/wp-content\/uploads\/2023\/12\/DSC_5711-kopie-scaled.jpg 1200w\" sizes=\"(max-width: 300px) 100vw, 300px\"><\/a><\/div><\/figure><figure class=\"gallery-item\"><div class=\"gallery-icon\"><a href=\"https:\/\/www.fietsverhuurzeeland.nl\/wp-content\/uploads\/2023\/12\/DSC_5700-scaled.jpg\" data-fancybox=\"gallery\"><img src=\"https:\/\/www.fietsverhuurzeeland.nl\/wp-content\/uploads\/2023\/12\/DSC_5700-600x400.jpg\" class=\"attachment-medium size-medium\" alt=\"\" decoding=\"async\" fetchpriority=\"high\" srcset=\"https:\/\/www.fietsverhuurzeeland.nl\/wp-content\/uploads\/2023\/12\/DSC_5700-600x400.jpg 300w, https:\/\/www.fietsverhuurzeeland.nl\/wp-content\/uploads\/2023\/12\/DSC_5700-1600x1066.jpg 1024w, https:\/\/www.fietsverhuurzeeland.nl\/wp-content\/uploads\/2023\/12\/DSC_5700-768x512.jpg 768w, https:\/\/www.fietsverhuurzeeland.nl\/wp-content\/uploads\/2023\/12\/DSC_5700-scaled.jpg 1200w\" sizes=\"(max-width: 300px) 100vw, 300px\"><\/a><\/div><\/figure><figure class=\"gallery-item\"><div class=\"gallery-icon\"><a href=\"https:\/\/www.fietsverhuurzeeland.nl\/wp-content\/uploads\/2023\/12\/DSC_5555-scaled.jpg\" data-fancybox=\"gallery\"><img src=\"https:\/\/www.fietsverhuurzeeland.nl\/wp-content\/uploads\/2023\/12\/DSC_5555-600x400.jpg\" class=\"attachment-medium size-medium\" alt=\"\" decoding=\"async\" fetchpriority=\"high\" srcset=\"https:\/\/www.fietsverhuurzeeland.nl\/wp-content\/uploads\/2023\/12\/DSC_5555-600x400.jpg 300w, https:\/\/www.fietsverhuurzeeland.nl\/wp-content\/uploads\/2023\/12\/DSC_5555-1600x1066.jpg 1024w, https:\/\/www.fietsverhuurzeeland.nl\/wp-content\/uploads\/2023\/12\/DSC_5555-768x512.jpg 768w, https:\/\/www.fietsverhuurzeeland.nl\/wp-content\/uploads\/2023\/12\/DSC_5555-scaled.jpg 1200w\" sizes=\"(max-width: 300px) 100vw, 300px\"><\/a><\/div><\/figure><figure class=\"gallery-item\"><div class=\"gallery-icon\"><a href=\"https:\/\/www.fietsverhuurzeeland.nl\/wp-content\/uploads\/2023\/12\/DSC_5379-kopie-scaled.jpg\" data-fancybox=\"gallery\"><img src=\"https:\/\/www.fietsverhuurzeeland.nl\/wp-content\/uploads\/2023\/12\/DSC_5379-kopie-600x400.jpg\" class=\"attachment-medium size-medium\" alt=\"\" decoding=\"async\" fetchpriority=\"high\" srcset=\"https:\/\/www.fietsverhuurzeeland.nl\/wp-content\/uploads\/2023\/12\/DSC_5379-kopie-600x400.jpg 300w, https:\/\/www.fietsverhuurzeeland.nl\/wp-content\/uploads\/2023\/12\/DSC_5379-kopie-1600x1066.jpg 1024w, https:\/\/www.fietsverhuurzeeland.nl\/wp-content\/uploads\/2023\/12\/DSC_5379-kopie-768x512.jpg 768w, https:\/\/www.fietsverhuurzeeland.nl\/wp-content\/uploads\/2023\/12\/DSC_5379-kopie-scaled.jpg 1200w\" sizes=\"(max-width: 300px) 100vw, 300px\"><\/a><\/div><\/figure><figure class=\"gallery-item\"><div class=\"gallery-icon\"><a href=\"https:\/\/www.fietsverhuurzeeland.nl\/wp-content\/uploads\/2023\/12\/DSC_5275-web.jpg\" data-fancybox=\"gallery\"><img src=\"https:\/\/www.fietsverhuurzeeland.nl\/wp-content\/uploads\/2023\/12\/DSC_5275-web-600x400.jpg\" class=\"attachment-medium size-medium\" alt=\"\" decoding=\"async\" fetchpriority=\"high\" srcset=\"https:\/\/www.fietsverhuurzeeland.nl\/wp-content\/uploads\/2023\/12\/DSC_5275-web-600x400.jpg 300w, https:\/\/www.fietsverhuurzeeland.nl\/wp-content\/uploads\/2023\/12\/DSC_5275-web-1600x1066.jpg 1024w, https:\/\/www.fietsverhuurzeeland.nl\/wp-content\/uploads\/2023\/12\/DSC_5275-web-768x512.jpg 768w, https:\/\/www.fietsverhuurzeeland.nl\/wp-content\/uploads\/2023\/12\/DSC_5275-web.jpg 1200w\" sizes=\"(max-width: 300px) 100vw, 300px\"><\/a><\/div><\/figure><figure class=\"gallery-item\"><div class=\"gallery-icon\"><a href=\"https:\/\/www.fietsverhuurzeeland.nl\/wp-content\/uploads\/2023\/12\/jo-urban-arrow-0309-scaled.jpg\" data-fancybox=\"gallery\"><img src=\"https:\/\/www.fietsverhuurzeeland.nl\/wp-content\/uploads\/2023\/12\/jo-urban-arrow-0309-600x400.jpg\" class=\"attachment-medium size-medium\" alt=\"\" decoding=\"async\" fetchpriority=\"high\" srcset=\"https:\/\/www.fietsverhuurzeeland.nl\/wp-content\/uploads\/2023\/12\/jo-urban-arrow-0309-600x400.jpg 300w, https:\/\/www.fietsverhuurzeeland.nl\/wp-content\/uploads\/2023\/12\/jo-urban-arrow-0309-1600x1067.jpg 1024w, https:\/\/www.fietsverhuurzeeland.nl\/wp-content\/uploads\/2023\/12\/jo-urban-arrow-0309-768x512.jpg 768w, https:\/\/www.fietsverhuurzeeland.nl\/wp-content\/uploads\/2023\/12\/jo-urban-arrow-0309-scaled.jpg 1200w\" sizes=\"(max-width: 300px) 100vw, 300px\"><\/a><\/div><\/figure><figure class=\"gallery-item acco8\"><div class=\"gallery-icon\"><a href=\"https:\/\/www.fietsverhuurzeeland.nl\/wp-content\/uploads\/2023\/12\/jo-urban-arrow-0110-scaled.jpg\" data-fancybox=\"gallery\"><img src=\"https:\/\/www.fietsverhuurzeeland.nl\/wp-content\/uploads\/2023\/12\/jo-urban-arrow-0110-600x400.jpg\" class=\"attachment-medium size-medium\" alt=\"\" decoding=\"async\" fetchpriority=\"high\" srcset=\"https:\/\/www.fietsverhuurzeeland.nl\/wp-content\/uploads\/2023\/12\/jo-urban-arrow-0110-600x400.jpg 300w, https:\/\/www.fietsverhuurzeeland.nl\/wp-content\/uploads\/2023\/12\/jo-urban-arrow-0110-1600x1067.jpg 1024w, https:\/\/www.fietsverhuurzeeland.nl\/wp-content\/uploads\/2023\/12\/jo-urban-arrow-0110-768x512.jpg 768w, https:\/\/www.fietsverhuurzeeland.nl\/wp-content\/uploads\/2023\/12\/jo-urban-arrow-0110-scaled.jpg 1200w\" sizes=\"(max-width: 300px) 100vw, 300px\"><\/a><\/div><\/figure><figure class=\"gallery-item\" style=\"display:none;\"><div class=\"gallery-icon\"><a href=\"https:\/\/www.fietsverhuurzeeland.nl\/wp-content\/uploads\/2023\/12\/urban-arrow-plompetoren.jpg\" data-fancybox=\"gallery\"><img src=\"https:\/\/www.fietsverhuurzeeland.nl\/wp-content\/uploads\/2023\/12\/urban-arrow-plompetoren-600x526.jpg\" class=\"attachment-medium size-medium\" alt=\"\" decoding=\"async\" fetchpriority=\"high\" srcset=\"https:\/\/www.fietsverhuurzeeland.nl\/wp-content\/uploads\/2023\/12\/urban-arrow-plompetoren-600x526.jpg 300w, https:\/\/www.fietsverhuurzeeland.nl\/wp-content\/uploads\/2023\/12\/urban-arrow-plompetoren.jpg 1024w, https:\/\/www.fietsverhuurzeeland.nl\/wp-content\/uploads\/2023\/12\/urban-arrow-plompetoren.jpg 768w, https:\/\/www.fietsverhuurzeeland.nl\/wp-content\/uploads\/2023\/12\/urban-arrow-plompetoren.jpg 1200w\" sizes=\"(max-width: 300px) 100vw, 300px\"><\/a><\/div><\/figure><figure class=\"gallery-item\" style=\"display:none;\"><div class=\"gallery-icon\"><a href=\"https:\/\/www.fietsverhuurzeeland.nl\/wp-content\/uploads\/2023\/12\/plompetoren-e1709134329678.jpg\" data-fancybox=\"gallery\"><img src=\"https:\/\/www.fietsverhuurzeeland.nl\/wp-content\/uploads\/2023\/12\/plompetoren-e1709134329678-600x291.jpg\" class=\"attachment-medium size-medium\" alt=\"\" decoding=\"async\" fetchpriority=\"high\" srcset=\"https:\/\/www.fietsverhuurzeeland.nl\/wp-content\/uploads\/2023\/12\/plompetoren-e1709134329678-600x291.jpg 300w, https:\/\/www.fietsverhuurzeeland.nl\/wp-content\/uploads\/2023\/12\/plompetoren-e1709134329678.jpg 1024w, https:\/\/www.fietsverhuurzeeland.nl\/wp-content\/uploads\/2023\/12\/plompetoren-e1709134329678-768x373.jpg 768w, https:\/\/www.fietsverhuurzeeland.nl\/wp-content\/uploads\/2023\/12\/plompetoren-e1709134329678.jpg 1200w\" sizes=\"(max-width: 300px) 100vw, 300px\"><\/a><\/div><\/figure><figure class=\"gallery-item\" style=\"display:none;\"><div class=\"gallery-icon\"><a href=\"https:\/\/www.fietsverhuurzeeland.nl\/wp-content\/uploads\/2023\/12\/foto-van-video-e1701874115510.png\" data-fancybox=\"gallery\"><img src=\"https:\/\/www.fietsverhuurzeeland.nl\/wp-content\/uploads\/2023\/12\/foto-van-video-e1701874115510-600x340.png\" class=\"attachment-medium size-medium\" alt=\"\" decoding=\"async\" fetchpriority=\"high\" srcset=\"https:\/\/www.fietsverhuurzeeland.nl\/wp-content\/uploads\/2023\/12\/foto-van-video-e1701874115510-600x340.png 300w, https:\/\/www.fietsverhuurzeeland.nl\/wp-content\/uploads\/2023\/12\/foto-van-video-e1701874115510.png 1024w, https:\/\/www.fietsverhuurzeeland.nl\/wp-content\/uploads\/2023\/12\/foto-van-video-768x557.png 768w, https:\/\/www.fietsverhuurzeeland.nl\/wp-content\/uploads\/2023\/12\/foto-van-video-e1701874115510.png 1200w\" sizes=\"(max-width: 300px) 100vw, 300px\"><\/a><\/div><\/figure><figure class=\"gallery-item\" style=\"display:none;\"><div class=\"gallery-icon\"><a href=\"https:\/\/www.fietsverhuurzeeland.nl\/wp-content\/uploads\/2023\/12\/foto-van-video-3-e1709134418287.jpg\" data-fancybox=\"gallery\"><img src=\"https:\/\/www.fietsverhuurzeeland.nl\/wp-content\/uploads\/2023\/12\/foto-van-video-3-e1709134377808-600x234.jpg\" class=\"attachment-medium size-medium\" alt=\"\" decoding=\"async\" fetchpriority=\"high\" srcset=\"https:\/\/www.fietsverhuurzeeland.nl\/wp-content\/uploads\/2023\/12\/foto-van-video-3-e1709134377808-600x234.jpg 300w, https:\/\/www.fietsverhuurzeeland.nl\/wp-content\/uploads\/2023\/12\/foto-van-video-3-e1709134418287.jpg 1024w, https:\/\/www.fietsverhuurzeeland.nl\/wp-content\/uploads\/2023\/12\/foto-van-video-3-768x541.jpg 768w, https:\/\/www.fietsverhuurzeeland.nl\/wp-content\/uploads\/2023\/12\/foto-van-video-3-e1709134418287.jpg 1200w\" sizes=\"(max-width: 300px) 100vw, 300px\"><\/a><\/div><\/figure><figure class=\"gallery-item\" style=\"display:none;\"><div class=\"gallery-icon\"><a href=\"https:\/\/www.fietsverhuurzeeland.nl\/wp-content\/uploads\/2023\/12\/DSC_5606-scaled.jpg\" data-fancybox=\"gallery\"><img src=\"https:\/\/www.fietsverhuurzeeland.nl\/wp-content\/uploads\/2023\/12\/DSC_5606-600x400.jpg\" class=\"attachment-medium size-medium\" alt=\"\" decoding=\"async\" fetchpriority=\"high\" srcset=\"https:\/\/www.fietsverhuurzeeland.nl\/wp-content\/uploads\/2023\/12\/DSC_5606-600x400.jpg 300w, https:\/\/www.fietsverhuurzeeland.nl\/wp-content\/uploads\/2023\/12\/DSC_5606-1600x1066.jpg 1024w, https:\/\/www.fietsverhuurzeeland.nl\/wp-content\/uploads\/2023\/12\/DSC_5606-768x512.jpg 768w, https:\/\/www.fietsverhuurzeeland.nl\/wp-content\/uploads\/2023\/12\/DSC_5606-scaled.jpg 1200w\" sizes=\"(max-width: 300px) 100vw, 300px\"><\/a><\/div><\/figure><figure class=\"gallery-item\" style=\"display:none;\"><div class=\"gallery-icon\"><a href=\"https:\/\/www.fietsverhuurzeeland.nl\/wp-content\/uploads\/2023\/12\/DSC_5515-kopie-2-scaled.jpg\" data-fancybox=\"gallery\"><img src=\"https:\/\/www.fietsverhuurzeeland.nl\/wp-content\/uploads\/2023\/12\/DSC_5515-kopie-2-600x400.jpg\" class=\"attachment-medium size-medium\" alt=\"\" decoding=\"async\" fetchpriority=\"high\" srcset=\"https:\/\/www.fietsverhuurzeeland.nl\/wp-content\/uploads\/2023\/12\/DSC_5515-kopie-2-600x400.jpg 300w, https:\/\/www.fietsverhuurzeeland.nl\/wp-content\/uploads\/2023\/12\/DSC_5515-kopie-2-1600x1066.jpg 1024w, https:\/\/www.fietsverhuurzeeland.nl\/wp-content\/uploads\/2023\/12\/DSC_5515-kopie-2-768x512.jpg 768w, https:\/\/www.fietsverhuurzeeland.nl\/wp-content\/uploads\/2023\/12\/DSC_5515-kopie-2-scaled.jpg 1200w\" sizes=\"(max-width: 300px) 100vw, 300px\"><\/a><\/div><\/figure><figure class=\"gallery-item\" style=\"display:none;\"><div class=\"gallery-icon\"><a href=\"https:\/\/www.fietsverhuurzeeland.nl\/wp-content\/uploads\/2023\/12\/DSC_5476-scaled.jpg\" data-fancybox=\"gallery\"><img src=\"https:\/\/www.fietsverhuurzeeland.nl\/wp-content\/uploads\/2023\/12\/DSC_5476-400x600.jpg\" class=\"attachment-medium size-medium\" alt=\"\" decoding=\"async\" fetchpriority=\"high\" srcset=\"https:\/\/www.fietsverhuurzeeland.nl\/wp-content\/uploads\/2023\/12\/DSC_5476-400x600.jpg 300w, https:\/\/www.fietsverhuurzeeland.nl\/wp-content\/uploads\/2023\/12\/DSC_5476-1066x1600.jpg 1024w, https:\/\/www.fietsverhuurzeeland.nl\/wp-content\/uploads\/2023\/12\/DSC_5476-768x1153.jpg 768w, https:\/\/www.fietsverhuurzeeland.nl\/wp-content\/uploads\/2023\/12\/DSC_5476-scaled.jpg 1200w\" sizes=\"(max-width: 300px) 100vw, 300px\"><\/a><\/div><\/figure><figure class=\"gallery-item\" style=\"display:none;\"><div class=\"gallery-icon\"><a href=\"https:\/\/www.fietsverhuurzeeland.nl\/wp-content\/uploads\/2023\/12\/DSC_5468-kopie-2-kopie-kopie-scaled.jpg\" data-fancybox=\"gallery\"><img src=\"https:\/\/www.fietsverhuurzeeland.nl\/wp-content\/uploads\/2023\/12\/DSC_5468-kopie-2-kopie-kopie-600x400.jpg\" class=\"attachment-medium size-medium\" alt=\"\" decoding=\"async\" fetchpriority=\"high\" srcset=\"https:\/\/www.fietsverhuurzeeland.nl\/wp-content\/uploads\/2023\/12\/DSC_5468-kopie-2-kopie-kopie-600x400.jpg 300w, https:\/\/www.fietsverhuurzeeland.nl\/wp-content\/uploads\/2023\/12\/DSC_5468-kopie-2-kopie-kopie-1600x1066.jpg 1024w, https:\/\/www.fietsverhuurzeeland.nl\/wp-content\/uploads\/2023\/12\/DSC_5468-kopie-2-kopie-kopie-768x512.jpg 768w, https:\/\/www.fietsverhuurzeeland.nl\/wp-content\/uploads\/2023\/12\/DSC_5468-kopie-2-kopie-kopie-scaled.jpg 1200w\" sizes=\"(max-width: 300px) 100vw, 300px\"><\/a><\/div><\/figure><\/div><\/section><\/div>\n<\/div>\n\n\n<style type='text\/css'>\n        #tz-spacer-69f224fce7fcd {\n            background-image: url('https:\/\/www.fietsverhuurzeeland.nl\/wp-content\/themes\/tz-template\/img\/scheidingslijn.png');\n        }\n    <\/style><div id='tz-spacer-69f224fce7fcd' class='tz-spacer'><\/div>\n\n<style type=\"text\/css\">\n    .omgeving-height {\n        height: 65vh;\n    }\n    @media (max-width: 767px) {\n        .omgeving-height {\n            height: 50vh;\n        }\n    }\n<\/style><section class=\"omgeving omgeving-full-width\">\n        <div class=\"omgeving-inner omgeving-height\" style=\"background-image: url(https:\/\/www.fietsverhuurzeeland.nl\/wp-content\/uploads\/2024\/03\/Actionteam2-1600x900.jpeg);\"><div class=\"omgeving-text\">\n                <div class=\"text\"><\/div><a href=\"https:\/\/www.fietsverhuurzeeland.nl\/de\/\" class=\"btn\">Naar homepage<\/a><\/div><\/div><\/section>\n\n<style type='text\/css'>\n        #tz-spacer-69f224fceab6b {\n            background-image: url('https:\/\/www.fietsverhuurzeeland.nl\/wp-content\/themes\/tz-template\/img\/scheidingslijn.png');\n        }\n    <\/style><div id='tz-spacer-69f224fceab6b' class='tz-spacer'><\/div>","protected":false},"excerpt":{"rendered":"<p>Informationsseite MTB Parcour Wollten Sie schon immer mal ein echtes Cube-Mountainbike fahren? Wir halten mehrere Fahrr\u00e4der f\u00fcr Sie bereit. Vom Kinder-Mountainbike bis zum coolen Elektro-Mountainbike. Von unserem Gesch\u00e4ft in Burgh Haamstede sind es etwa 5 Minuten mit dem Fahrrad zum Parcour Warum Fahrradverleih Zeeland? Mountainbiken mit einer gro\u00dfen Gruppe? Auch das ist f\u00fcr uns kein [&hellip;]<\/p>\n","protected":false},"author":2,"featured_media":4489,"parent":0,"menu_order":0,"comment_status":"closed","ping_status":"closed","template":"","meta":{"footnotes":""},"class_list":["post-4677","page","type-page","status-publish","has-post-thumbnail","hentry"],"acf":[],"yoast_head":"<!-- This site is optimized with the Yoast SEO plugin v27.5 - https:\/\/yoast.com\/product\/yoast-seo-wordpress\/ -->\n<title>Fahrradverleih Burgh-Haamstede | Fahrradverleih Zeeland<\/title>\n<meta name=\"description\" content=\"Mieten Sie ein Fahrrad in Burgh-Haamstede bei Fietsverhuur Zeeland. Gro\u00dfe Auswahl an Leihfahrr\u00e4dern \u2b50 Lieferservice \u2b50 Pannenhilfe \u2b50 Online-Buchung\" \/>\n<meta name=\"robots\" content=\"index, follow, max-snippet:-1, max-image-preview:large, max-video-preview:-1\" \/>\n<link rel=\"canonical\" href=\"https:\/\/www.fietsverhuurzeeland.nl\/de\/mtb-strecke-westenshouwen\/\" \/>\n<meta property=\"og:locale\" content=\"de_DE\" \/>\n<meta property=\"og:type\" content=\"article\" \/>\n<meta property=\"og:title\" content=\"Fahrradverleih Burgh-Haamstede | Fahrradverleih Zeeland\" \/>\n<meta property=\"og:description\" content=\"Mieten Sie ein Fahrrad in Burgh-Haamstede bei Fietsverhuur Zeeland. Gro\u00dfe Auswahl an Leihfahrr\u00e4dern \u2b50 Lieferservice \u2b50 Pannenhilfe \u2b50 Online-Buchung\" \/>\n<meta property=\"og:url\" content=\"https:\/\/www.fietsverhuurzeeland.nl\/de\/mtb-strecke-westenshouwen\/\" \/>\n<meta property=\"og:site_name\" content=\"Fahrradverleih Zeeland\" \/>\n<meta property=\"article:publisher\" content=\"https:\/\/www.facebook.com\/FietsverhuurZeeland\/\" \/>\n<meta property=\"article:modified_time\" content=\"2024-04-26T13:07:35+00:00\" \/>\n<meta property=\"og:image\" content=\"https:\/\/www.fietsverhuurzeeland.nl\/wp-content\/uploads\/2023\/12\/logo.jpg\" \/>\n\t<meta property=\"og:image:width\" content=\"382\" \/>\n\t<meta property=\"og:image:height\" content=\"382\" \/>\n\t<meta property=\"og:image:type\" content=\"image\/jpeg\" \/>\n<meta name=\"twitter:card\" content=\"summary_large_image\" \/>\n<meta name=\"twitter:label1\" content=\"Gesch\u00e4tzte Lesezeit\" \/>\n\t<meta name=\"twitter:data1\" content=\"4\u00a0Minuten\" \/>\n<script type=\"application\/ld+json\" class=\"yoast-schema-graph\">{\"@context\":\"https:\\\/\\\/schema.org\",\"@graph\":[{\"@type\":\"WebPage\",\"@id\":\"https:\\\/\\\/www.fietsverhuurzeeland.nl\\\/de\\\/mtb-strecke-westenshouwen\\\/\",\"url\":\"https:\\\/\\\/www.fietsverhuurzeeland.nl\\\/de\\\/mtb-strecke-westenshouwen\\\/\",\"name\":\"Fahrradverleih Burgh-Haamstede | Fahrradverleih Zeeland\",\"isPartOf\":{\"@id\":\"https:\\\/\\\/www.fietsverhuurzeeland.nl\\\/#website\"},\"primaryImageOfPage\":{\"@id\":\"https:\\\/\\\/www.fietsverhuurzeeland.nl\\\/de\\\/mtb-strecke-westenshouwen\\\/#primaryimage\"},\"image\":{\"@id\":\"https:\\\/\\\/www.fietsverhuurzeeland.nl\\\/de\\\/mtb-strecke-westenshouwen\\\/#primaryimage\"},\"thumbnailUrl\":\"https:\\\/\\\/www.fietsverhuurzeeland.nl\\\/wp-content\\\/uploads\\\/2023\\\/12\\\/logo.jpg\",\"datePublished\":\"2024-03-20T20:18:14+00:00\",\"dateModified\":\"2024-04-26T13:07:35+00:00\",\"description\":\"Mieten Sie ein Fahrrad in Burgh-Haamstede bei Fietsverhuur Zeeland. Gro\u00dfe Auswahl an Leihfahrr\u00e4dern \u2b50 Lieferservice \u2b50 Pannenhilfe \u2b50 Online-Buchung\",\"breadcrumb\":{\"@id\":\"https:\\\/\\\/www.fietsverhuurzeeland.nl\\\/de\\\/mtb-strecke-westenshouwen\\\/#breadcrumb\"},\"inLanguage\":\"de\",\"potentialAction\":[{\"@type\":\"ReadAction\",\"target\":[\"https:\\\/\\\/www.fietsverhuurzeeland.nl\\\/de\\\/mtb-strecke-westenshouwen\\\/\"]}]},{\"@type\":\"ImageObject\",\"inLanguage\":\"de\",\"@id\":\"https:\\\/\\\/www.fietsverhuurzeeland.nl\\\/de\\\/mtb-strecke-westenshouwen\\\/#primaryimage\",\"url\":\"https:\\\/\\\/www.fietsverhuurzeeland.nl\\\/wp-content\\\/uploads\\\/2023\\\/12\\\/logo.jpg\",\"contentUrl\":\"https:\\\/\\\/www.fietsverhuurzeeland.nl\\\/wp-content\\\/uploads\\\/2023\\\/12\\\/logo.jpg\",\"width\":382,\"height\":382},{\"@type\":\"BreadcrumbList\",\"@id\":\"https:\\\/\\\/www.fietsverhuurzeeland.nl\\\/de\\\/mtb-strecke-westenshouwen\\\/#breadcrumb\",\"itemListElement\":[{\"@type\":\"ListItem\",\"position\":1,\"name\":\"Home\",\"item\":\"https:\\\/\\\/www.fietsverhuurzeeland.nl\\\/de\\\/\"},{\"@type\":\"ListItem\",\"position\":2,\"name\":\"MTB-Strecke Westenshouwen\"}]},{\"@type\":\"WebSite\",\"@id\":\"https:\\\/\\\/www.fietsverhuurzeeland.nl\\\/#website\",\"url\":\"https:\\\/\\\/www.fietsverhuurzeeland.nl\\\/\",\"name\":\"Fietsverhuur Zeeland\",\"description\":\"Fietsverhuur in heel Zeeland\",\"publisher\":{\"@id\":\"https:\\\/\\\/www.fietsverhuurzeeland.nl\\\/#organization\"},\"potentialAction\":[{\"@type\":\"SearchAction\",\"target\":{\"@type\":\"EntryPoint\",\"urlTemplate\":\"https:\\\/\\\/www.fietsverhuurzeeland.nl\\\/?s={search_term_string}\"},\"query-input\":{\"@type\":\"PropertyValueSpecification\",\"valueRequired\":true,\"valueName\":\"search_term_string\"}}],\"inLanguage\":\"de\"},{\"@type\":\"Organization\",\"@id\":\"https:\\\/\\\/www.fietsverhuurzeeland.nl\\\/#organization\",\"name\":\"Fietsverhuur Zeeland\",\"url\":\"https:\\\/\\\/www.fietsverhuurzeeland.nl\\\/\",\"logo\":{\"@type\":\"ImageObject\",\"inLanguage\":\"de\",\"@id\":\"https:\\\/\\\/www.fietsverhuurzeeland.nl\\\/#\\\/schema\\\/logo\\\/image\\\/\",\"url\":\"https:\\\/\\\/www.fietsverhuurzeeland.nl\\\/wp-content\\\/uploads\\\/2024\\\/02\\\/fietsverhuur_logo_retina.png\",\"contentUrl\":\"https:\\\/\\\/www.fietsverhuurzeeland.nl\\\/wp-content\\\/uploads\\\/2024\\\/02\\\/fietsverhuur_logo_retina.png\",\"width\":301,\"height\":181,\"caption\":\"Fietsverhuur Zeeland\"},\"image\":{\"@id\":\"https:\\\/\\\/www.fietsverhuurzeeland.nl\\\/#\\\/schema\\\/logo\\\/image\\\/\"},\"sameAs\":[\"https:\\\/\\\/www.facebook.com\\\/FietsverhuurZeeland\\\/\"]}]}<\/script>\n<!-- \/ Yoast SEO plugin. -->","yoast_head_json":{"title":"Fahrradverleih Burgh-Haamstede | Fahrradverleih Zeeland","description":"Mieten Sie ein Fahrrad in Burgh-Haamstede bei Fietsverhuur Zeeland. Gro\u00dfe Auswahl an Leihfahrr\u00e4dern \u2b50 Lieferservice \u2b50 Pannenhilfe \u2b50 Online-Buchung","robots":{"index":"index","follow":"follow","max-snippet":"max-snippet:-1","max-image-preview":"max-image-preview:large","max-video-preview":"max-video-preview:-1"},"canonical":"https:\/\/www.fietsverhuurzeeland.nl\/de\/mtb-strecke-westenshouwen\/","og_locale":"de_DE","og_type":"article","og_title":"Fahrradverleih Burgh-Haamstede | Fahrradverleih Zeeland","og_description":"Mieten Sie ein Fahrrad in Burgh-Haamstede bei Fietsverhuur Zeeland. Gro\u00dfe Auswahl an Leihfahrr\u00e4dern \u2b50 Lieferservice \u2b50 Pannenhilfe \u2b50 Online-Buchung","og_url":"https:\/\/www.fietsverhuurzeeland.nl\/de\/mtb-strecke-westenshouwen\/","og_site_name":"Fahrradverleih Zeeland","article_publisher":"https:\/\/www.facebook.com\/FietsverhuurZeeland\/","article_modified_time":"2024-04-26T13:07:35+00:00","og_image":[{"width":382,"height":382,"url":"https:\/\/www.fietsverhuurzeeland.nl\/wp-content\/uploads\/2023\/12\/logo.jpg","type":"image\/jpeg"}],"twitter_card":"summary_large_image","twitter_misc":{"Gesch\u00e4tzte Lesezeit":"4\u00a0Minuten"},"schema":{"@context":"https:\/\/schema.org","@graph":[{"@type":"WebPage","@id":"https:\/\/www.fietsverhuurzeeland.nl\/de\/mtb-strecke-westenshouwen\/","url":"https:\/\/www.fietsverhuurzeeland.nl\/de\/mtb-strecke-westenshouwen\/","name":"Fahrradverleih Burgh-Haamstede | Fahrradverleih Zeeland","isPartOf":{"@id":"https:\/\/www.fietsverhuurzeeland.nl\/#website"},"primaryImageOfPage":{"@id":"https:\/\/www.fietsverhuurzeeland.nl\/de\/mtb-strecke-westenshouwen\/#primaryimage"},"image":{"@id":"https:\/\/www.fietsverhuurzeeland.nl\/de\/mtb-strecke-westenshouwen\/#primaryimage"},"thumbnailUrl":"https:\/\/www.fietsverhuurzeeland.nl\/wp-content\/uploads\/2023\/12\/logo.jpg","datePublished":"2024-03-20T20:18:14+00:00","dateModified":"2024-04-26T13:07:35+00:00","description":"Mieten Sie ein Fahrrad in Burgh-Haamstede bei Fietsverhuur Zeeland. Gro\u00dfe Auswahl an Leihfahrr\u00e4dern \u2b50 Lieferservice \u2b50 Pannenhilfe \u2b50 Online-Buchung","breadcrumb":{"@id":"https:\/\/www.fietsverhuurzeeland.nl\/de\/mtb-strecke-westenshouwen\/#breadcrumb"},"inLanguage":"de","potentialAction":[{"@type":"ReadAction","target":["https:\/\/www.fietsverhuurzeeland.nl\/de\/mtb-strecke-westenshouwen\/"]}]},{"@type":"ImageObject","inLanguage":"de","@id":"https:\/\/www.fietsverhuurzeeland.nl\/de\/mtb-strecke-westenshouwen\/#primaryimage","url":"https:\/\/www.fietsverhuurzeeland.nl\/wp-content\/uploads\/2023\/12\/logo.jpg","contentUrl":"https:\/\/www.fietsverhuurzeeland.nl\/wp-content\/uploads\/2023\/12\/logo.jpg","width":382,"height":382},{"@type":"BreadcrumbList","@id":"https:\/\/www.fietsverhuurzeeland.nl\/de\/mtb-strecke-westenshouwen\/#breadcrumb","itemListElement":[{"@type":"ListItem","position":1,"name":"Home","item":"https:\/\/www.fietsverhuurzeeland.nl\/de\/"},{"@type":"ListItem","position":2,"name":"MTB-Strecke Westenshouwen"}]},{"@type":"WebSite","@id":"https:\/\/www.fietsverhuurzeeland.nl\/#website","url":"https:\/\/www.fietsverhuurzeeland.nl\/","name":"Fietsverhuur Zeeland","description":"Fietsverhuur in heel Zeeland","publisher":{"@id":"https:\/\/www.fietsverhuurzeeland.nl\/#organization"},"potentialAction":[{"@type":"SearchAction","target":{"@type":"EntryPoint","urlTemplate":"https:\/\/www.fietsverhuurzeeland.nl\/?s={search_term_string}"},"query-input":{"@type":"PropertyValueSpecification","valueRequired":true,"valueName":"search_term_string"}}],"inLanguage":"de"},{"@type":"Organization","@id":"https:\/\/www.fietsverhuurzeeland.nl\/#organization","name":"Fietsverhuur Zeeland","url":"https:\/\/www.fietsverhuurzeeland.nl\/","logo":{"@type":"ImageObject","inLanguage":"de","@id":"https:\/\/www.fietsverhuurzeeland.nl\/#\/schema\/logo\/image\/","url":"https:\/\/www.fietsverhuurzeeland.nl\/wp-content\/uploads\/2024\/02\/fietsverhuur_logo_retina.png","contentUrl":"https:\/\/www.fietsverhuurzeeland.nl\/wp-content\/uploads\/2024\/02\/fietsverhuur_logo_retina.png","width":301,"height":181,"caption":"Fietsverhuur Zeeland"},"image":{"@id":"https:\/\/www.fietsverhuurzeeland.nl\/#\/schema\/logo\/image\/"},"sameAs":["https:\/\/www.facebook.com\/FietsverhuurZeeland\/"]}]}},"_links":{"self":[{"href":"https:\/\/www.fietsverhuurzeeland.nl\/de\/wp-json\/wp\/v2\/pages\/4677","targetHints":{"allow":["GET"]}}],"collection":[{"href":"https:\/\/www.fietsverhuurzeeland.nl\/de\/wp-json\/wp\/v2\/pages"}],"about":[{"href":"https:\/\/www.fietsverhuurzeeland.nl\/de\/wp-json\/wp\/v2\/types\/page"}],"author":[{"embeddable":true,"href":"https:\/\/www.fietsverhuurzeeland.nl\/de\/wp-json\/wp\/v2\/users\/2"}],"replies":[{"embeddable":true,"href":"https:\/\/www.fietsverhuurzeeland.nl\/de\/wp-json\/wp\/v2\/comments?post=4677"}],"version-history":[{"count":3,"href":"https:\/\/www.fietsverhuurzeeland.nl\/de\/wp-json\/wp\/v2\/pages\/4677\/revisions"}],"predecessor-version":[{"id":5205,"href":"https:\/\/www.fietsverhuurzeeland.nl\/de\/wp-json\/wp\/v2\/pages\/4677\/revisions\/5205"}],"wp:featuredmedia":[{"embeddable":true,"href":"https:\/\/www.fietsverhuurzeeland.nl\/de\/wp-json\/wp\/v2\/media\/4489"}],"wp:attachment":[{"href":"https:\/\/www.fietsverhuurzeeland.nl\/de\/wp-json\/wp\/v2\/media?parent=4677"}],"curies":[{"name":"wp","href":"https:\/\/api.w.org\/{rel}","templated":true}]}}