{"id":4870,"date":"2024-03-05T10:47:37","date_gmt":"2024-03-05T10:47:37","guid":{"rendered":"https:\/\/www.fietsverhuurzeeland.nl\/standort-grand-hotel-ter-duin\/"},"modified":"2024-11-16T12:07:46","modified_gmt":"2024-11-16T12:07:46","slug":"standort-grand-hotel-ter-duin","status":"publish","type":"page","link":"https:\/\/www.fietsverhuurzeeland.nl\/de\/standort-grand-hotel-ter-duin\/","title":{"rendered":"Standort-Grand Hotel ter Duin"},"content":{"rendered":"\n<div class=\"wp-block-columns is-layout-flex wp-container-core-columns-is-layout-9d6595d7 wp-block-columns-is-layout-flex\">\n<div class=\"wp-block-column is-layout-flow wp-block-column-is-layout-flow\" style=\"flex-basis:66.66%\">\n<h1 class=\"wp-block-heading\">Fahrradverleih  <br>Grand Hotel ter Duin<\/h1>\n\n\n\n<p>Aufenthalt im sch\u00f6nen Grand Hotel ter Duin in Burgh-Haamstede<br>dann mieten Sie Ihr Leihfahrrad f\u00fcr die Dauer Ihres Aufenthalts einfach online.<\/p>\n\n\n\n<p>Mit einem gro\u00dfen Angebot an E-Bikes und Tourenr\u00e4dern hat das Grand Hotel ter Duin immer ein Fahrrad zur Verf\u00fcgung. Von diesem Hotel aus k\u00f6nnen Sie die sch\u00f6nsten Fahrradrouten im sch\u00f6nen Schouwen-Duiveland fahren  <\/p>\n<\/div>\n\n\n\n<div class=\"wp-block-column is-layout-flow wp-block-column-is-layout-flow\" style=\"flex-basis:33.33%\">\n<h2 class=\"wp-block-heading\">Warum Fahrradverleih Zeeland?<\/h2>\n\n\n\n<ul class=\"wp-block-list\">\n<li>Kostenlose Pannenhilfe<\/li>\n\n\n\n<li>Batterieladeservice<\/li>\n\n\n\n<li>Kostenlose Fahrradkarte (bei Online-Buchung)<\/li>\n\n\n\n<li>Erweiterte \u00d6ffnungszeiten der Rezeption<\/li>\n<\/ul>\n<\/div>\n<\/div>\n\n\n<style type='text\/css'>\n        #tz-spacer-69f5c53f3a9a9 {\n            background-image: url('https:\/\/www.fietsverhuurzeeland.nl\/wp-content\/themes\/tz-template\/img\/scheidingslijn.png');\n        }\n    <\/style><div id='tz-spacer-69f5c53f3a9a9' class='tz-spacer'><\/div>\n\n<div class=\"locatie-block flex\"><div class=\"fietsen col9 flex\"><div class=\"fiets-item \"><div class=\"fiets-inner\"><img decoding=\"async\" src=\"https:\/\/www.fietsverhuurzeeland.nl\/wp-content\/uploads\/2023\/12\/fiets1.png\" alt=\"\"><h3>E-Bike<\/h3><a target=\"_blank\" href=\"https:\/\/book.rendiapp.nl\/booking\/grand-hotel-ter-duin?widget=1&#038;allow_today=1\" class=\"btn\">Reservieren<\/a><\/div><\/div><div class=\"fiets-item \"><div class=\"fiets-inner\"><img decoding=\"async\" src=\"https:\/\/www.fietsverhuurzeeland.nl\/wp-content\/uploads\/2023\/12\/Esprit.webp\" alt=\"\"><h3>Fahrrad Komfort<\/h3><a target=\"_blank\" href=\"https:\/\/book.rendiapp.nl\/booking\/grand-hotel-ter-duin?widget=1&#038;allow_today=1\" class=\"btn\">Reservieren<\/a><\/div><\/div><div class=\"fiets-item \"><div class=\"fiets-inner\"><img decoding=\"async\" src=\"https:\/\/www.fietsverhuurzeeland.nl\/wp-content\/uploads\/2024\/03\/polisport-achterzitje-bubbly-maxi-cfs-drager-zwart.jpg\" alt=\"\"><h3>Kindersitze hinten<\/h3><a target=\"_blank\" href=\"https:\/\/book.rendiapp.nl\/booking\/grand-hotel-ter-duin?widget=1&#038;allow_today=1\" class=\"btn\">Reservieren<\/a><\/div><\/div><div class=\"fiets-item \"><div class=\"fiets-inner\"><img decoding=\"async\" src=\"https:\/\/www.fietsverhuurzeeland.nl\/wp-content\/uploads\/2024\/03\/Basil-Tas.jpg\" alt=\"\"><h3>Fahrradtasche<\/h3><a target=\"_blank\" href=\"https:\/\/book.rendiapp.nl\/booking\/grand-hotel-ter-duin?widget=1&#038;allow_today=1\" class=\"btn\">Reservieren<\/a><\/div><\/div><div class=\"fiets-item \"><div class=\"fiets-inner\"><img decoding=\"async\" src=\"https:\/\/www.fietsverhuurzeeland.nl\/wp-content\/uploads\/2024\/03\/abus-abus-fietshelm-hyban-20-glacier-blue.jpg\" alt=\"\"><h3>Fahrradhelm<\/h3><a target=\"_blank\" href=\"https:\/\/book.rendiapp.nl\/booking\/grand-hotel-ter-duin?widget=1&#038;allow_today=1\" class=\"btn\">Reservieren<\/a><\/div><\/div><\/div><div class=\"location col3\"><div class=\"location-wrap\"><div class=\"location-inner\"><div class=\"google-maps-container\"><iframe width=\"100%\" height=\"150\" frameborder=\"0\" style=\"border:0\" src=\"https:\/\/www.google.com\/maps?q=Hogeweg+55%2C+4328+PB+Burgh+Haamstede&#038;output=embed\" allowfullscreen loading=\"lazy\" referrerpolicy=\"no-referrer-when-downgrade\"><\/iframe><\/div><div class=\"location-txt\"><h3>Grand Hotel ter Duin<\/h3><p>Hogeweg 55<\/p><p>4328 PB, Burgh Haamstede<\/p><p>+31(0)111655200<\/p><p><a href=\"mailto:info@fietsverhuurzeeland.nl?subject=E-Mail%20gesendet%20%C3%BCber%20Grand%20Hotel%20ter%20Duin\">info@fietsverhuurzeeland.nl<\/a><\/p><p><a href=\"https:\/\/www.fietsverhuurzeeland.nl\/wp-content\/uploads\/2025\/12\/Algemene-voorwaarden-FVZ-DE.pdf\" target=\"_blank\" class=\"pdf-download-link\">Gesch\u00e4ftsbedingungen<\/a><\/p><\/div><\/div><div class=\"openingstijden-inner\"><div class=\"openings-txt\"><h3>\u00d6ffnungszeiten<\/h3><p>Montag: <span>09:00 &#8211; 22:00<\/span><\/p><p>Dienstag: <span>09:00 &#8211; 22:00<\/span><\/p><p>Mittwoch: <span>09:00 &#8211; 22:00<\/span><\/p><p>Donnerstag: <span>09:00 &#8211; 22:00<\/span><\/p><p>Freitag: <span>09:00 &#8211; 22:00<\/span><\/p><p>Samstag: <span>09:00 &#8211; 22:00<\/span><\/p><p>Sonntag: <span>09:00 &#8211; 22:00<\/span><\/p><\/div><\/div><\/div><\/div><\/div>\n\n<script>\njQuery(document).ready(function($) {\n    $('#toggle-bikes').click(function() {\n        \/\/ Toggle the state based on the text of the button\n        if ($(this).hasClass('read-more')) {\n            \/\/ Change to \"Read Less\" and show all bikes with animation\n            $(this).text(\"Weniger Fahrr\u00e4der anzeigen\").removeClass('read-more').addClass('read-less');\n            $('.fiets-item.hide-bike').slideDown(); \/\/ Use slideDown for showing with animation\n        } else {\n            \/\/ Change back to \"Read More\" and hide extra bikes with animation\n            $(this).text(\"Alle Fahrr\u00e4der ansehen\").removeClass('read-less').addClass('read-more');\n            \/\/ Hide bikes beyond the initial set with animation\n            if(window.matchMedia('(max-width: 768px)').matches) {\n                \/\/ On mobile, hide bikes starting from the 4th\n                $('.fiets-item:nth-child(n+4)').slideUp(); \/\/ Use slideUp for hiding with animation\n\n            } else {\n                \/\/ On desktop, hide bikes starting from the 7th\n                $('.fiets-item:nth-child(n+7)').slideUp(); \/\/ Use slideUp for hiding with animation\n            }\n        }\n    });\n\n    \/\/ Set the initial state without animation to avoid visual glitch on page load\n    if(window.matchMedia('(max-width: 768px)').matches) {\n        \/\/ On mobile, show only the first 3 bikes\n        $('.fiets-item:nth-child(n+4)').hide().addClass('hide-bike');\n    } else {\n        \/\/ On desktop, show only the first 6 bikes\n        $('.fiets-item:nth-child(n+7)').hide();\n    }\n});\n<\/script>\n\n<style type='text\/css'>\n        #tz-spacer-69f5c53f446cc {\n            background-image: url('https:\/\/www.fietsverhuurzeeland.nl\/wp-content\/themes\/tz-template\/img\/scheidingslijn.png');\n        }\n    <\/style><div id='tz-spacer-69f5c53f446cc' class='tz-spacer'><\/div>\n\n\n<div class=\"wp-block-columns is-style-blauw-full-width is-layout-flex wp-container-core-columns-is-layout-9d6595d7 wp-block-columns-is-layout-flex\">\n<div class=\"wp-block-column is-layout-flow wp-block-column-is-layout-flow\">\n<div class=\"wp-block-group\"><div class=\"wp-block-group__inner-container is-layout-constrained wp-block-group-is-layout-constrained\">\n<h3 class=\"wp-block-heading has-text-align-center\">Fietsverhuur Zeeland bietet in Zusammenarbeit an<br>Die sch\u00f6nsten Radrouten von hier aus mit Cycling Network.<\/h3>\n\n\n\n<p class=\"has-text-align-center\"><strong>Sie k\u00f6nnen aus 2 kostenlosen Routen w\u00e4hlen oder die ausw\u00e4hlen<br>Premium-Route mit allen Premium-Funktionen von Fietsnetwerk<\/strong><\/p>\n<\/div><\/div>\n\n\n<div class=\"tz-fietsroutes-block arrangementen-slider\"><div class=\"tz-arrangementen\"><div class=\"row\"><div class=\"fietsitem fietsroute-item col-blocks-3\"><a href=\"#fancybox-content-5665\" data-fancybox=\"route5665\" data-src=\"#fancybox-content-5665\"><img decoding=\"async\" src=\"https:\/\/www.fietsverhuurzeeland.nl\/wp-content\/uploads\/2024\/03\/Routebordje-1-klein-Fietsnetwerk-595x600.png\" alt=\"\u00dcberschwemmung 1953 Radweg\"><div class=\"txt\"><h4>\u00dcberschwemmung 1953 Radweg<\/h4><span>38 km<\/span><\/div><\/a><div style=\"display: none;\" id=\"fancybox-content-5665\"><div class=\"row flex\"><div class=\"col12\"><p><strong>Burgh-Haamstede, Serooskerke, Renesse<\/strong><br \/>\n\u201eDas Wasser floss und floss an allem und jedem vorbei.\u201c (Mrs. Soesters, Burgh-Haamstede. Flood Museum, The Story)<\/p>\n<p>Auf dieser Radroute reisen Sie an den Rand des Katastrophengebiets im schwer betroffenen Schouwen-Duiveland in Zeeland. Mit Ausnahme des Kop van Schouwen wurde ein gro\u00dfer Teil der Insel ausgel\u00f6scht. W\u00e4hrend der steigenden Flut am 1. Februar 1953 versuchen Bauern hier, h\u00f6her gelegen, ihre K\u00fche, Schafe und Schweine in die D\u00fcnen zu jagen.<\/p>\n<\/div><\/div><a href=\"https:\/\/www.fietsnetwerk.nl\/fietsroutes\/watersnoodroute-de-overstroming-op-schouwen-duiveland\/?routeId=648c5232e04a0\" target=\"_blank\" class=\"btn\">Radweg ansehen<\/a><\/div><\/div><div class=\"fietsitem fietsroute-item col-blocks-3\"><a href=\"#fancybox-content-5669\" data-fancybox=\"route5669\" data-src=\"#fancybox-content-5669\"><img decoding=\"async\" src=\"https:\/\/www.fietsverhuurzeeland.nl\/wp-content\/uploads\/2024\/02\/Routebordje-2-fietsnetwerk-600x465.png\" alt=\"Fahrradroute aus dem Herzen von Schouwen-Duiveland\"><div class=\"txt\"><h4>Fahrradroute aus dem Herzen von Schouwen-Duiveland<\/h4><span>49 km<\/span><\/div><\/a><div style=\"display: none;\" id=\"fancybox-content-5669\"><div class=\"row flex\"><div class=\"col12\"><p>Zierikzee, Burgh-Haamstede<\/p>\n<p>Zierikzee gilt als das Herz von Schouwen-Duiveland und ist der Ausgangspunkt dieser Route. Die Hafenstadt hatte es nicht leicht. Zus\u00e4tzlich zu dem st\u00e4ndig drohenden Wasser mussten die Bewohner im Ersten Weltkrieg mit f\u00fcnf Stadtbr\u00e4nden, einer Belagerung durch fl\u00e4mische Truppen, Bettler und spanische Soldaten und dann mit einem Bombenangriff durch einen britischen Piloten klarkommen. Aber auch f\u00fcr Zierikzee gilt das Zeeland-Motto \u201eLuctor et Emergo\u201c: Die Stadt hat sich vollst\u00e4ndig erholt.<\/p>\n<p>Mit einem Kopf voller interessanter Fakten radeln Sie entlang der S\u00fcdk\u00fcste der Insel Zeeland zur\u00fcck nach Zierikzee. Unterwegs k\u00f6nnen Sie ab und zu anhalten und einen Anblick oder die sch\u00f6ne Aussicht auf die weite Natur des Nationalparks Oosterschelde genie\u00dfen.<\/p>\n<\/div><\/div><a href=\"https:\/\/www.fietsnetwerk.nl\/fietsroutes\/fietsroute-vanuit-het-hart-van-schouwen-duiveland\/?routeId=58ef2fb4c772f\" target=\"_blank\" class=\"btn\">Radweg ansehen<\/a><\/div><\/div><div class=\"fietsitem fietsroute-item col-blocks-3\"><a href=\"#fancybox-content-6782\" data-fancybox=\"route6782\" data-src=\"#fancybox-content-6782\"><img decoding=\"async\" src=\"https:\/\/www.fietsverhuurzeeland.nl\/wp-content\/uploads\/2024\/03\/Rotebordje-3-fietsnetwerk-600x465.png\" alt=\"Premium-Radroute von diesem Standort aus\"><div class=\"txt\"><h4>Premium-Radroute von diesem Standort aus<\/h4><span>34 of 45 KM<\/span><\/div><\/a><div style=\"display: none;\" id=\"fancybox-content-6782\"><div class=\"row flex\"><div class=\"col12\"><p>W\u00e4hlen Sie hier aus den 2 sch\u00f6nsten Premium route von Fietsnetwerk<\/p>\n<\/div><\/div><a href=\"https:\/\/www.routeshop.nl\/fietsverhuur-zeeland-or-burgh_haamstede\" target=\"_blank\" class=\"btn\">Radweg ansehen<\/a><\/div><\/div><\/div><\/div><\/div>\n<script>\njQuery(document).ready(function($) {\n    \/\/ Initialize Fancybox only if there are selected routes\n    if ('1') {\n        $(\"[data-fancybox]\").fancybox({\n            arrows: false,\n            infobar: false,\n            loop: false,\n            baseClass: \"routepopup\",\n            buttons: [\"close\"],\n            touch: false\n        });\n\n        \/\/ Initialize the slider if applicable\n        if (false) {\n            initializeTzSlider('.arrangementen-slider', '.tz-arrangementen-item', '.slidebutton.prev', '.slidebutton.next', {991: 3, 650: 2, 0: 1});\n        }\n    }\n});\n<\/script>\n<\/div>\n<\/div>\n\n\n<style type='text\/css'>\n        #tz-spacer-69f5c53f4ab19 {\n            background-image: url('https:\/\/www.fietsverhuurzeeland.nl\/wp-content\/themes\/tz-template\/img\/scheidingslijn.png');\n        }\n    <\/style><div id='tz-spacer-69f5c53f4ab19' class='tz-spacer'><\/div>\n\n<div >\n                    <div class=\" plethoraplugins-accordion plethoraplugins-theme__minimal plethoraplugins-theme__basic \"   >\n                        <div>\n                            \n<div id=\"kann_ich_mein_fahrrad_auerhalb_der_ffnungszeiten_an_diesem_standort_zurckgeben\" class=\"pds-accordion__item pds-js-accordion-item pds-no-js\" data-pds-tabs--initially-open=\"false\" data-pds-tabs--click-to-close=\"true\" data-pds-tabs--auto-close=\"true\" data-pds-tabs--scroll=\"false\" data-pds-tabs--scroll-offset=\"0\"  data-pds-tabs--icon-type=\"\" data-pds-tabs--icon=\"true\"  data-pds-tabs--icon-size=\"\" >\n                    <div id=\"at-kann_ich_mein_fahrrad_auerhalb_der_ffnungszeiten_an_diesem_standort_zurckgeben\" class=\"pds-accordion__title pds-js-accordion-controller\" ><span class=\"pds-accordion__heading\" role=\"heading\" aria-level=\"3\"><strong>Kann ich mein Fahrrad au\u00dferhalb der \u00d6ffnungszeiten an diesem Standort zur\u00fcckgeben?<\/strong><\/span><span class=\"pds-accordion__icon\" role=\"presentation\" aria-hidden=\"true\"><svg xmlns=\"http:\/\/www.w3.org\/2000\/svg\" viewBox=\"0 0 12 7.4099998\" width=\".75rem\" height=\".75rem\"><path d=\"M12 1.41 10.59 0 6 4.58 1.41 0 0 1.41l6 6z\" fill=\"currentColor\"\/><\/svg><\/span><\/div>\n                    <div id=\"ac-kann_ich_mein_fahrrad_auerhalb_der_ffnungszeiten_an_diesem_standort_zurckgeben\" class=\"pds-accordion__content\">\n                        \n\n<p>Ja, das ist m\u00f6glich. An der Rezeption wird man Ihnen erkl\u00e4ren, was Sie bei Ihrer R\u00fcckkehr tun k\u00f6nnen. Der Rezeption is bis zum 23.00 bezetst<\/p>\n\n\n                    <\/div>\n                <\/div>\n\n<div id=\"wie_weit_kann_ich_mit_vollem_akku_des_e_bikes_fahren\" class=\"pds-accordion__item pds-js-accordion-item pds-no-js\" data-pds-tabs--initially-open=\"false\" data-pds-tabs--click-to-close=\"true\" data-pds-tabs--auto-close=\"true\" data-pds-tabs--scroll=\"false\" data-pds-tabs--scroll-offset=\"0\"  data-pds-tabs--icon-type=\"\" data-pds-tabs--icon=\"true\"  data-pds-tabs--icon-size=\"\" >\n                    <div id=\"at-wie_weit_kann_ich_mit_vollem_akku_des_e_bikes_fahren\" class=\"pds-accordion__title pds-js-accordion-controller\" ><span class=\"pds-accordion__heading\" role=\"heading\" aria-level=\"3\">Wie weit kann ich mit vollem Akku des E-Bikes fahren?<\/span><span class=\"pds-accordion__icon\" role=\"presentation\" aria-hidden=\"true\"><svg xmlns=\"http:\/\/www.w3.org\/2000\/svg\" viewBox=\"0 0 12 7.4099998\" width=\".75rem\" height=\".75rem\"><path d=\"M12 1.41 10.59 0 6 4.58 1.41 0 0 1.41l6 6z\" fill=\"currentColor\"\/><\/svg><\/span><\/div>\n                    <div id=\"ac-wie_weit_kann_ich_mit_vollem_akku_des_e_bikes_fahren\" class=\"pds-accordion__content\">\n                        \n\n<p>Wir arbeiten nur mit Fahrr\u00e4dern, die mit einem Bosch-Mittelmotor und einem 400-Wh-Akku ausgestattet sind. Die Reichweite der E-Bikes h\u00e4ngt vom gew\u00e4hlten Unterst\u00fctzungsmodus und von den Wetterbedingungen des jeweiligen Tages ab. Die durchschnittliche Reichweite der Fahrr\u00e4der liegt zwischen 40 km und 70 km.<\/p>\n\n\n                    <\/div>\n                <\/div>\n\n<div id=\"wie_soll_ich_meinen_akku_aufladen\" class=\"pds-accordion__item pds-js-accordion-item pds-no-js\" data-pds-tabs--initially-open=\"false\" data-pds-tabs--click-to-close=\"true\" data-pds-tabs--auto-close=\"true\" data-pds-tabs--scroll=\"false\" data-pds-tabs--scroll-offset=\"0\"  data-pds-tabs--icon-type=\"\" data-pds-tabs--icon=\"true\"  data-pds-tabs--icon-size=\"\" >\n                    <div id=\"at-wie_soll_ich_meinen_akku_aufladen\" class=\"pds-accordion__title pds-js-accordion-controller\" ><span class=\"pds-accordion__heading\" role=\"heading\" aria-level=\"3\">Wie soll ich meinen Akku aufladen?<\/span><span class=\"pds-accordion__icon\" role=\"presentation\" aria-hidden=\"true\"><svg xmlns=\"http:\/\/www.w3.org\/2000\/svg\" viewBox=\"0 0 12 7.4099998\" width=\".75rem\" height=\".75rem\"><path d=\"M12 1.41 10.59 0 6 4.58 1.41 0 0 1.41l6 6z\" fill=\"currentColor\"\/><\/svg><\/span><\/div>\n                    <div id=\"ac-wie_soll_ich_meinen_akku_aufladen\" class=\"pds-accordion__content\">\n                        \n\n<p>Exklusiv f\u00fcr die G\u00e4ste des Grand Hotel ter Duin gibt es einen Batterieladeservice. Jeden Morgen vor 10 Uhr werden alle E-Bikes aufgeladen, so dass Sie mit einem vollen Akku losfahren k\u00f6nnen.<\/p>\n\n\n                    <\/div>\n                <\/div>\n\n<div id=\"gibt_es_von_diesem_standort_aus_fahrradrouten\" class=\"pds-accordion__item pds-js-accordion-item pds-no-js\" data-pds-tabs--initially-open=\"false\" data-pds-tabs--click-to-close=\"true\" data-pds-tabs--auto-close=\"true\" data-pds-tabs--scroll=\"false\" data-pds-tabs--scroll-offset=\"0\"  data-pds-tabs--icon-type=\"\" data-pds-tabs--icon=\"true\"  data-pds-tabs--icon-size=\"\" >\n                    <div id=\"at-gibt_es_von_diesem_standort_aus_fahrradrouten\" class=\"pds-accordion__title pds-js-accordion-controller\" ><span class=\"pds-accordion__heading\" role=\"heading\" aria-level=\"3\">Gibt es von diesem Standort aus Fahrradrouten?<\/span><span class=\"pds-accordion__icon\" role=\"presentation\" aria-hidden=\"true\"><svg xmlns=\"http:\/\/www.w3.org\/2000\/svg\" viewBox=\"0 0 12 7.4099998\" width=\".75rem\" height=\".75rem\"><path d=\"M12 1.41 10.59 0 6 4.58 1.41 0 0 1.41l6 6z\" fill=\"currentColor\"\/><\/svg><\/span><\/div>\n                    <div id=\"ac-gibt_es_von_diesem_standort_aus_fahrradrouten\" class=\"pds-accordion__content\">\n                        \n\n<p>Ja, auf dieser Seite finden Sie die 3 sch\u00f6nsten Routen in der Umgebung und bei einer Online-Buchung erhalten Sie eine von Fietsverhuur Zeeland entwickelte Kreuzungsradkarte der Insel Schouwen-Duiveland.<\/p>\n\n\n                    <\/div>\n                <\/div>\n\n<div id=\"kann_auch_zubehr_gebucht_werden\" class=\"pds-accordion__item pds-js-accordion-item pds-no-js\" data-pds-tabs--initially-open=\"false\" data-pds-tabs--click-to-close=\"true\" data-pds-tabs--auto-close=\"true\" data-pds-tabs--scroll=\"false\" data-pds-tabs--scroll-offset=\"0\"  data-pds-tabs--icon-type=\"\" data-pds-tabs--icon=\"true\"  data-pds-tabs--icon-size=\"\" >\n                    <div id=\"at-kann_auch_zubehr_gebucht_werden\" class=\"pds-accordion__title pds-js-accordion-controller\" ><span class=\"pds-accordion__heading\" role=\"heading\" aria-level=\"3\">Kann auch Zubeh\u00f6r gebucht werden?<\/span><span class=\"pds-accordion__icon\" role=\"presentation\" aria-hidden=\"true\"><svg xmlns=\"http:\/\/www.w3.org\/2000\/svg\" viewBox=\"0 0 12 7.4099998\" width=\".75rem\" height=\".75rem\"><path d=\"M12 1.41 10.59 0 6 4.58 1.41 0 0 1.41l6 6z\" fill=\"currentColor\"\/><\/svg><\/span><\/div>\n                    <div id=\"ac-kann_auch_zubehr_gebucht_werden\" class=\"pds-accordion__content\">\n                        \n\n<p>Sie k\u00f6nnen bei der Buchung Zubeh\u00f6r wie eine Gep\u00e4cktr\u00e4gertasche und einen Kindersitz hinzuf\u00fcgen. Wenn Sie weiteres Zubeh\u00f6r mieten m\u00f6chten, wenden Sie sich bitte an die Kontaktadresse auf dieser Seite.<\/p>\n\n\n                    <\/div>\n                <\/div>\n\n                        <\/div>\n                    <\/div>\n                    \n            <\/div>\n\n<style type='text\/css'>\n        #tz-spacer-69f5c53f4b104 {\n            background-image: url('https:\/\/www.fietsverhuurzeeland.nl\/wp-content\/themes\/tz-template\/img\/scheidingslijn.png');\n        }\n    <\/style><div id='tz-spacer-69f5c53f4b104' class='tz-spacer'><\/div>\n\n\n<h2 class=\"wp-block-heading\">Fahrradverleih im Grand hotel ter Duin<\/h2>\n\n\n\n<p>In Zusammenarbeit mit der Fietsverhuur Zeeland stellt das Grand Hotel ter Duin seinen G\u00e4sten Fahrr\u00e4der von bester Qualit\u00e4t zur Verf\u00fcgung. Mit der Online-Reservierung steht Ihr Fahrrad bereits f\u00fcr Sie bereit und Sie m\u00fcssen nur noch den Schl\u00fcssel an der Rezeption abholen und schon sind Sie unterwegs!<\/p>\n\n\n<span id=\"more-4870\"><\/span>\n\n\n<p>Radeln Sie auf den sch\u00f6nen Radwegen entlang der Oosterschelde und genie\u00dfen Sie den Blick auf die sch\u00f6nsten weiten Polder und das Oosterschelde Vielleicht entdecken Sie unterwegs sogar einen Schweinswal!<\/p>\n\n\n\n<p>Sind Sie Gast im Grand Hotel ter Duin und haben Sie Kinder? Auch das sch\u00f6ne E-Bike Urban Arrow steht hier zur Verf\u00fcgung, und Sie k\u00f6nnen mit den Kindern und all Ihren Strandutensilien bequem zum Strand radeln oder z. B. einen Ausflug in den Badeort Renesse machen, wo Sie tolle touristische Eink\u00e4ufe machen k\u00f6nnen.<\/p>\n\n\n<span class=\"more-end\"><\/span>\n\n<style type='text\/css'>\n        #tz-spacer-69f5c53f4b611 {\n            background-image: url('https:\/\/www.fietsverhuurzeeland.nl\/wp-content\/themes\/tz-template\/img\/scheidingslijn.png');\n        }\n    <\/style><div id='tz-spacer-69f5c53f4b611' class='tz-spacer'><\/div>\n\n\n<p>Wenn Sie mehr \u00fcber den <strong>Fahrradverleih im Grand Hotel ter Duin<\/strong> wissen m\u00f6chten oder direkt ein Fahrrad mieten m\u00f6chten, nehmen Sie bitte <a href=\"https:\/\/sheetz.nl\/grandhotelterduin\/contact.html\">Kontakt mit<\/a> uns auf. Nat\u00fcrlich sind Sie auch in unserem Fahrradgesch\u00e4ft in Burgh-Haamstede willkommen. Wir helfen Ihnen gerne.<\/p>\n\n\n<style type='text\/css'>\n        #tz-spacer-69f5c53f4b80c {\n            background-image: url('https:\/\/www.fietsverhuurzeeland.nl\/wp-content\/themes\/tz-template\/img\/scheidingslijn.png');\n        }\n    <\/style><div id='tz-spacer-69f5c53f4b80c' class='tz-spacer'><\/div>\n\n\n<div class=\"wp-block-columns is-style-blauw-full-width is-layout-flex wp-container-core-columns-is-layout-9d6595d7 wp-block-columns-is-layout-flex\">\n<div class=\"wp-block-column is-layout-flow wp-block-column-is-layout-flow\"><section class=\"gallery-section\"><h3>Bekijk de foto&#039;s<\/h3><div class=\"gallery grid-layout\"><figure class=\"gallery-item\"><div class=\"gallery-icon\"><a href=\"https:\/\/www.fietsverhuurzeeland.nl\/wp-content\/uploads\/2024\/03\/DJI_0122_1-2-scaled.jpg\" data-fancybox=\"gallery\"><img src=\"https:\/\/www.fietsverhuurzeeland.nl\/wp-content\/uploads\/2024\/03\/DJI_0122_1-2-600x340.jpg\" class=\"attachment-medium size-medium\" alt=\"\" decoding=\"async\" fetchpriority=\"high\" srcset=\"https:\/\/www.fietsverhuurzeeland.nl\/wp-content\/uploads\/2024\/03\/DJI_0122_1-2-600x340.jpg 300w, https:\/\/www.fietsverhuurzeeland.nl\/wp-content\/uploads\/2024\/03\/DJI_0122_1-2-1600x906.jpg 1024w, https:\/\/www.fietsverhuurzeeland.nl\/wp-content\/uploads\/2024\/03\/DJI_0122_1-2-768x435.jpg 768w, https:\/\/www.fietsverhuurzeeland.nl\/wp-content\/uploads\/2024\/03\/DJI_0122_1-2-scaled.jpg 1200w\" sizes=\"(max-width: 300px) 100vw, 300px\"><\/a><\/div><\/figure><figure class=\"gallery-item\"><div class=\"gallery-icon\"><a href=\"https:\/\/www.fietsverhuurzeeland.nl\/wp-content\/uploads\/2023\/12\/DSC_5468-kopie-2-kopie-kopie-scaled.jpg\" data-fancybox=\"gallery\"><img src=\"https:\/\/www.fietsverhuurzeeland.nl\/wp-content\/uploads\/2023\/12\/DSC_5468-kopie-2-kopie-kopie-600x400.jpg\" class=\"attachment-medium size-medium\" alt=\"\" decoding=\"async\" fetchpriority=\"high\" srcset=\"https:\/\/www.fietsverhuurzeeland.nl\/wp-content\/uploads\/2023\/12\/DSC_5468-kopie-2-kopie-kopie-600x400.jpg 300w, https:\/\/www.fietsverhuurzeeland.nl\/wp-content\/uploads\/2023\/12\/DSC_5468-kopie-2-kopie-kopie-1600x1066.jpg 1024w, https:\/\/www.fietsverhuurzeeland.nl\/wp-content\/uploads\/2023\/12\/DSC_5468-kopie-2-kopie-kopie-768x512.jpg 768w, https:\/\/www.fietsverhuurzeeland.nl\/wp-content\/uploads\/2023\/12\/DSC_5468-kopie-2-kopie-kopie-scaled.jpg 1200w\" sizes=\"(max-width: 300px) 100vw, 300px\"><\/a><\/div><\/figure><figure class=\"gallery-item\"><div class=\"gallery-icon\"><a href=\"https:\/\/www.fietsverhuurzeeland.nl\/wp-content\/uploads\/2024\/03\/GID01073-scaled.jpg\" data-fancybox=\"gallery\"><img src=\"https:\/\/www.fietsverhuurzeeland.nl\/wp-content\/uploads\/2024\/03\/GID01073-600x400.jpg\" class=\"attachment-medium size-medium\" alt=\"\" decoding=\"async\" fetchpriority=\"high\" srcset=\"https:\/\/www.fietsverhuurzeeland.nl\/wp-content\/uploads\/2024\/03\/GID01073-600x400.jpg 300w, https:\/\/www.fietsverhuurzeeland.nl\/wp-content\/uploads\/2024\/03\/GID01073-1600x1067.jpg 1024w, https:\/\/www.fietsverhuurzeeland.nl\/wp-content\/uploads\/2024\/03\/GID01073-768x512.jpg 768w, https:\/\/www.fietsverhuurzeeland.nl\/wp-content\/uploads\/2024\/03\/GID01073-scaled.jpg 1200w\" sizes=\"(max-width: 300px) 100vw, 300px\"><\/a><\/div><\/figure><figure class=\"gallery-item\"><div class=\"gallery-icon\"><a href=\"https:\/\/www.fietsverhuurzeeland.nl\/wp-content\/uploads\/2023\/12\/jo-urban-arrow-0110-scaled.jpg\" data-fancybox=\"gallery\"><img src=\"https:\/\/www.fietsverhuurzeeland.nl\/wp-content\/uploads\/2023\/12\/jo-urban-arrow-0110-600x400.jpg\" class=\"attachment-medium size-medium\" alt=\"\" decoding=\"async\" fetchpriority=\"high\" srcset=\"https:\/\/www.fietsverhuurzeeland.nl\/wp-content\/uploads\/2023\/12\/jo-urban-arrow-0110-600x400.jpg 300w, https:\/\/www.fietsverhuurzeeland.nl\/wp-content\/uploads\/2023\/12\/jo-urban-arrow-0110-1600x1067.jpg 1024w, https:\/\/www.fietsverhuurzeeland.nl\/wp-content\/uploads\/2023\/12\/jo-urban-arrow-0110-768x512.jpg 768w, https:\/\/www.fietsverhuurzeeland.nl\/wp-content\/uploads\/2023\/12\/jo-urban-arrow-0110-scaled.jpg 1200w\" sizes=\"(max-width: 300px) 100vw, 300px\"><\/a><\/div><\/figure><figure class=\"gallery-item\"><div class=\"gallery-icon\"><a href=\"https:\/\/www.fietsverhuurzeeland.nl\/wp-content\/uploads\/2024\/03\/GID01093-scaled.jpg\" data-fancybox=\"gallery\"><img src=\"https:\/\/www.fietsverhuurzeeland.nl\/wp-content\/uploads\/2024\/03\/GID01093-600x400.jpg\" class=\"attachment-medium size-medium\" alt=\"\" decoding=\"async\" fetchpriority=\"high\" srcset=\"https:\/\/www.fietsverhuurzeeland.nl\/wp-content\/uploads\/2024\/03\/GID01093-600x400.jpg 300w, https:\/\/www.fietsverhuurzeeland.nl\/wp-content\/uploads\/2024\/03\/GID01093-1600x1067.jpg 1024w, https:\/\/www.fietsverhuurzeeland.nl\/wp-content\/uploads\/2024\/03\/GID01093-768x512.jpg 768w, https:\/\/www.fietsverhuurzeeland.nl\/wp-content\/uploads\/2024\/03\/GID01093-scaled.jpg 1200w\" sizes=\"(max-width: 300px) 100vw, 300px\"><\/a><\/div><\/figure><figure class=\"gallery-item\"><div class=\"gallery-icon\"><a href=\"https:\/\/www.fietsverhuurzeeland.nl\/wp-content\/uploads\/2023\/12\/DSC_5555-scaled.jpg\" data-fancybox=\"gallery\"><img src=\"https:\/\/www.fietsverhuurzeeland.nl\/wp-content\/uploads\/2023\/12\/DSC_5555-600x400.jpg\" class=\"attachment-medium size-medium\" alt=\"\" decoding=\"async\" fetchpriority=\"high\" srcset=\"https:\/\/www.fietsverhuurzeeland.nl\/wp-content\/uploads\/2023\/12\/DSC_5555-600x400.jpg 300w, https:\/\/www.fietsverhuurzeeland.nl\/wp-content\/uploads\/2023\/12\/DSC_5555-1600x1066.jpg 1024w, https:\/\/www.fietsverhuurzeeland.nl\/wp-content\/uploads\/2023\/12\/DSC_5555-768x512.jpg 768w, https:\/\/www.fietsverhuurzeeland.nl\/wp-content\/uploads\/2023\/12\/DSC_5555-scaled.jpg 1200w\" sizes=\"(max-width: 300px) 100vw, 300px\"><\/a><\/div><\/figure><figure class=\"gallery-item\"><div class=\"gallery-icon\"><a href=\"https:\/\/www.fietsverhuurzeeland.nl\/wp-content\/uploads\/2024\/03\/GID02317-HDR-scaled.jpg\" data-fancybox=\"gallery\"><img src=\"https:\/\/www.fietsverhuurzeeland.nl\/wp-content\/uploads\/2024\/03\/GID02317-HDR-600x400.jpg\" class=\"attachment-medium size-medium\" alt=\"\" decoding=\"async\" fetchpriority=\"high\" srcset=\"https:\/\/www.fietsverhuurzeeland.nl\/wp-content\/uploads\/2024\/03\/GID02317-HDR-600x400.jpg 300w, https:\/\/www.fietsverhuurzeeland.nl\/wp-content\/uploads\/2024\/03\/GID02317-HDR-1600x1067.jpg 1024w, https:\/\/www.fietsverhuurzeeland.nl\/wp-content\/uploads\/2024\/03\/GID02317-HDR-768x512.jpg 768w, https:\/\/www.fietsverhuurzeeland.nl\/wp-content\/uploads\/2024\/03\/GID02317-HDR-scaled.jpg 1200w\" sizes=\"(max-width: 300px) 100vw, 300px\"><\/a><\/div><\/figure><figure class=\"gallery-item acco8\"><div class=\"gallery-icon\"><a href=\"https:\/\/www.fietsverhuurzeeland.nl\/wp-content\/uploads\/2024\/03\/GID02513-HDRNE-scaled.jpg\" data-fancybox=\"gallery\"><img src=\"https:\/\/www.fietsverhuurzeeland.nl\/wp-content\/uploads\/2024\/03\/GID02513-HDRNE-600x400.jpg\" class=\"attachment-medium size-medium\" alt=\"\" decoding=\"async\" fetchpriority=\"high\" srcset=\"https:\/\/www.fietsverhuurzeeland.nl\/wp-content\/uploads\/2024\/03\/GID02513-HDRNE-600x400.jpg 300w, https:\/\/www.fietsverhuurzeeland.nl\/wp-content\/uploads\/2024\/03\/GID02513-HDRNE-1600x1067.jpg 1024w, https:\/\/www.fietsverhuurzeeland.nl\/wp-content\/uploads\/2024\/03\/GID02513-HDRNE-768x512.jpg 768w, https:\/\/www.fietsverhuurzeeland.nl\/wp-content\/uploads\/2024\/03\/GID02513-HDRNE-scaled.jpg 1200w\" sizes=\"(max-width: 300px) 100vw, 300px\"><\/a><\/div><\/figure><figure class=\"gallery-item\" style=\"display:none;\"><div class=\"gallery-icon\"><a href=\"https:\/\/www.fietsverhuurzeeland.nl\/wp-content\/uploads\/2024\/03\/GID02522-HDRNE-scaled.jpg\" data-fancybox=\"gallery\"><img src=\"https:\/\/www.fietsverhuurzeeland.nl\/wp-content\/uploads\/2024\/03\/GID02522-HDRNE-600x400.jpg\" class=\"attachment-medium size-medium\" alt=\"\" decoding=\"async\" fetchpriority=\"high\" srcset=\"https:\/\/www.fietsverhuurzeeland.nl\/wp-content\/uploads\/2024\/03\/GID02522-HDRNE-600x400.jpg 300w, https:\/\/www.fietsverhuurzeeland.nl\/wp-content\/uploads\/2024\/03\/GID02522-HDRNE-1600x1067.jpg 1024w, https:\/\/www.fietsverhuurzeeland.nl\/wp-content\/uploads\/2024\/03\/GID02522-HDRNE-768x512.jpg 768w, https:\/\/www.fietsverhuurzeeland.nl\/wp-content\/uploads\/2024\/03\/GID02522-HDRNE-scaled.jpg 1200w\" sizes=\"(max-width: 300px) 100vw, 300px\"><\/a><\/div><\/figure><figure class=\"gallery-item\" style=\"display:none;\"><div class=\"gallery-icon\"><a href=\"https:\/\/www.fietsverhuurzeeland.nl\/wp-content\/uploads\/2024\/03\/Zwembad-1-scaled.jpg\" data-fancybox=\"gallery\"><img src=\"https:\/\/www.fietsverhuurzeeland.nl\/wp-content\/uploads\/2024\/03\/Zwembad-1-600x400.jpg\" class=\"attachment-medium size-medium\" alt=\"\" decoding=\"async\" fetchpriority=\"high\" srcset=\"https:\/\/www.fietsverhuurzeeland.nl\/wp-content\/uploads\/2024\/03\/Zwembad-1-600x400.jpg 300w, https:\/\/www.fietsverhuurzeeland.nl\/wp-content\/uploads\/2024\/03\/Zwembad-1-1600x1067.jpg 1024w, https:\/\/www.fietsverhuurzeeland.nl\/wp-content\/uploads\/2024\/03\/Zwembad-1-768x512.jpg 768w, https:\/\/www.fietsverhuurzeeland.nl\/wp-content\/uploads\/2024\/03\/Zwembad-1-scaled.jpg 1200w\" sizes=\"(max-width: 300px) 100vw, 300px\"><\/a><\/div><\/figure><\/div><\/section><\/div>\n<\/div>\n\n\n<style type='text\/css'>\n        #tz-spacer-69f5c53f51b96 {\n            background-image: url('https:\/\/www.fietsverhuurzeeland.nl\/wp-content\/themes\/tz-template\/img\/scheidingslijn.png');\n        }\n    <\/style><div id='tz-spacer-69f5c53f51b96' class='tz-spacer'><\/div>\n\n<style type=\"text\/css\">\n    .omgeving-height {\n        height: 65vh;\n    }\n    @media (max-width: 767px) {\n        .omgeving-height {\n            height: 50vh;\n        }\n    }\n<\/style><section class=\"omgeving omgeving-full-width\">\n        <div class=\"omgeving-inner omgeving-height\" style=\"background-image: url(https:\/\/www.fietsverhuurzeeland.nl\/wp-content\/uploads\/2023\/10\/DSC_5295-kopie-3-1600x1066.webp);\"><div class=\"omgeving-text\">\n                <div class=\"text\"><h3>Locaties in Zeeland en Goeree-Overflakkee<\/h3>\n<\/div><a href=\"https:\/\/www.fietsverhuurzeeland.nl\/de\/standorte\/\" class=\"btn\">Onze locaties<\/a><\/div><\/div><\/section>","protected":false},"excerpt":{"rendered":"<p>Fahrradverleih Grand Hotel ter Duin Aufenthalt im sch\u00f6nen Grand Hotel ter Duin in Burgh-Haamstededann mieten Sie Ihr Leihfahrrad f\u00fcr die Dauer Ihres Aufenthalts einfach online. Mit einem gro\u00dfen Angebot an E-Bikes und Tourenr\u00e4dern hat das Grand Hotel ter Duin immer ein Fahrrad zur Verf\u00fcgung. Von diesem Hotel aus k\u00f6nnen Sie die sch\u00f6nsten Fahrradrouten im sch\u00f6nen [&hellip;]<\/p>\n","protected":false},"author":2,"featured_media":4489,"parent":0,"menu_order":0,"comment_status":"closed","ping_status":"closed","template":"","meta":{"footnotes":""},"class_list":["post-4870","page","type-page","status-publish","has-post-thumbnail","hentry"],"acf":[],"yoast_head":"<!-- This site is optimized with the Yoast SEO plugin v27.5 - https:\/\/yoast.com\/product\/yoast-seo-wordpress\/ -->\n<title>Fahrradverleih Grand hotel ter Duin | Fahrradverleih Zeeland<\/title>\n<meta name=\"description\" content=\"Mieten Sie ein Fahrrad im Grand Hotel ter Duin \u00fcber die Fietsverhuur Zeeland. Erweiterte \u00d6ffnungszeiten \u2b50 E-Bikes und Citybikes\u2b50 Pannenhilfe \u2b50 Online-Buchung\" \/>\n<meta name=\"robots\" content=\"index, follow, max-snippet:-1, max-image-preview:large, max-video-preview:-1\" \/>\n<link rel=\"canonical\" href=\"https:\/\/www.fietsverhuurzeeland.nl\/de\/standort-grand-hotel-ter-duin\/\" \/>\n<meta property=\"og:locale\" content=\"de_DE\" \/>\n<meta property=\"og:type\" content=\"article\" \/>\n<meta property=\"og:title\" content=\"Fahrradverleih Grand hotel ter Duin | Fahrradverleih Zeeland\" \/>\n<meta property=\"og:description\" content=\"Mieten Sie ein Fahrrad im Grand Hotel ter Duin \u00fcber die Fietsverhuur Zeeland. Erweiterte \u00d6ffnungszeiten \u2b50 E-Bikes und Citybikes\u2b50 Pannenhilfe \u2b50 Online-Buchung\" \/>\n<meta property=\"og:url\" content=\"https:\/\/www.fietsverhuurzeeland.nl\/de\/standort-grand-hotel-ter-duin\/\" \/>\n<meta property=\"og:site_name\" content=\"Fahrradverleih Zeeland\" \/>\n<meta property=\"article:publisher\" content=\"https:\/\/www.facebook.com\/FietsverhuurZeeland\/\" \/>\n<meta property=\"article:modified_time\" content=\"2024-11-16T12:07:46+00:00\" \/>\n<meta property=\"og:image\" content=\"https:\/\/www.fietsverhuurzeeland.nl\/wp-content\/uploads\/2023\/12\/logo.jpg\" \/>\n\t<meta property=\"og:image:width\" content=\"382\" \/>\n\t<meta property=\"og:image:height\" content=\"382\" \/>\n\t<meta property=\"og:image:type\" content=\"image\/jpeg\" \/>\n<meta name=\"twitter:card\" content=\"summary_large_image\" \/>\n<meta name=\"twitter:label1\" content=\"Gesch\u00e4tzte Lesezeit\" \/>\n\t<meta name=\"twitter:data1\" content=\"3\u00a0Minuten\" \/>\n<script type=\"application\/ld+json\" class=\"yoast-schema-graph\">{\"@context\":\"https:\\\/\\\/schema.org\",\"@graph\":[{\"@type\":\"WebPage\",\"@id\":\"https:\\\/\\\/www.fietsverhuurzeeland.nl\\\/de\\\/standort-grand-hotel-ter-duin\\\/\",\"url\":\"https:\\\/\\\/www.fietsverhuurzeeland.nl\\\/de\\\/standort-grand-hotel-ter-duin\\\/\",\"name\":\"Fahrradverleih Grand hotel ter Duin | Fahrradverleih Zeeland\",\"isPartOf\":{\"@id\":\"https:\\\/\\\/www.fietsverhuurzeeland.nl\\\/#website\"},\"primaryImageOfPage\":{\"@id\":\"https:\\\/\\\/www.fietsverhuurzeeland.nl\\\/de\\\/standort-grand-hotel-ter-duin\\\/#primaryimage\"},\"image\":{\"@id\":\"https:\\\/\\\/www.fietsverhuurzeeland.nl\\\/de\\\/standort-grand-hotel-ter-duin\\\/#primaryimage\"},\"thumbnailUrl\":\"https:\\\/\\\/www.fietsverhuurzeeland.nl\\\/wp-content\\\/uploads\\\/2023\\\/12\\\/logo.jpg\",\"datePublished\":\"2024-03-05T10:47:37+00:00\",\"dateModified\":\"2024-11-16T12:07:46+00:00\",\"description\":\"Mieten Sie ein Fahrrad im Grand Hotel ter Duin \u00fcber die Fietsverhuur Zeeland. Erweiterte \u00d6ffnungszeiten \u2b50 E-Bikes und Citybikes\u2b50 Pannenhilfe \u2b50 Online-Buchung\",\"breadcrumb\":{\"@id\":\"https:\\\/\\\/www.fietsverhuurzeeland.nl\\\/de\\\/standort-grand-hotel-ter-duin\\\/#breadcrumb\"},\"inLanguage\":\"de\",\"potentialAction\":[{\"@type\":\"ReadAction\",\"target\":[\"https:\\\/\\\/www.fietsverhuurzeeland.nl\\\/de\\\/standort-grand-hotel-ter-duin\\\/\"]}]},{\"@type\":\"ImageObject\",\"inLanguage\":\"de\",\"@id\":\"https:\\\/\\\/www.fietsverhuurzeeland.nl\\\/de\\\/standort-grand-hotel-ter-duin\\\/#primaryimage\",\"url\":\"https:\\\/\\\/www.fietsverhuurzeeland.nl\\\/wp-content\\\/uploads\\\/2023\\\/12\\\/logo.jpg\",\"contentUrl\":\"https:\\\/\\\/www.fietsverhuurzeeland.nl\\\/wp-content\\\/uploads\\\/2023\\\/12\\\/logo.jpg\",\"width\":382,\"height\":382},{\"@type\":\"BreadcrumbList\",\"@id\":\"https:\\\/\\\/www.fietsverhuurzeeland.nl\\\/de\\\/standort-grand-hotel-ter-duin\\\/#breadcrumb\",\"itemListElement\":[{\"@type\":\"ListItem\",\"position\":1,\"name\":\"Home\",\"item\":\"https:\\\/\\\/www.fietsverhuurzeeland.nl\\\/de\\\/\"},{\"@type\":\"ListItem\",\"position\":2,\"name\":\"Standort-Grand Hotel ter Duin\"}]},{\"@type\":\"WebSite\",\"@id\":\"https:\\\/\\\/www.fietsverhuurzeeland.nl\\\/#website\",\"url\":\"https:\\\/\\\/www.fietsverhuurzeeland.nl\\\/\",\"name\":\"Fietsverhuur Zeeland\",\"description\":\"Fietsverhuur in heel Zeeland\",\"publisher\":{\"@id\":\"https:\\\/\\\/www.fietsverhuurzeeland.nl\\\/#organization\"},\"potentialAction\":[{\"@type\":\"SearchAction\",\"target\":{\"@type\":\"EntryPoint\",\"urlTemplate\":\"https:\\\/\\\/www.fietsverhuurzeeland.nl\\\/?s={search_term_string}\"},\"query-input\":{\"@type\":\"PropertyValueSpecification\",\"valueRequired\":true,\"valueName\":\"search_term_string\"}}],\"inLanguage\":\"de\"},{\"@type\":\"Organization\",\"@id\":\"https:\\\/\\\/www.fietsverhuurzeeland.nl\\\/#organization\",\"name\":\"Fietsverhuur Zeeland\",\"url\":\"https:\\\/\\\/www.fietsverhuurzeeland.nl\\\/\",\"logo\":{\"@type\":\"ImageObject\",\"inLanguage\":\"de\",\"@id\":\"https:\\\/\\\/www.fietsverhuurzeeland.nl\\\/#\\\/schema\\\/logo\\\/image\\\/\",\"url\":\"https:\\\/\\\/www.fietsverhuurzeeland.nl\\\/wp-content\\\/uploads\\\/2024\\\/02\\\/fietsverhuur_logo_retina.png\",\"contentUrl\":\"https:\\\/\\\/www.fietsverhuurzeeland.nl\\\/wp-content\\\/uploads\\\/2024\\\/02\\\/fietsverhuur_logo_retina.png\",\"width\":301,\"height\":181,\"caption\":\"Fietsverhuur Zeeland\"},\"image\":{\"@id\":\"https:\\\/\\\/www.fietsverhuurzeeland.nl\\\/#\\\/schema\\\/logo\\\/image\\\/\"},\"sameAs\":[\"https:\\\/\\\/www.facebook.com\\\/FietsverhuurZeeland\\\/\"]}]}<\/script>\n<!-- \/ Yoast SEO plugin. -->","yoast_head_json":{"title":"Fahrradverleih Grand hotel ter Duin | Fahrradverleih Zeeland","description":"Mieten Sie ein Fahrrad im Grand Hotel ter Duin \u00fcber die Fietsverhuur Zeeland. Erweiterte \u00d6ffnungszeiten \u2b50 E-Bikes und Citybikes\u2b50 Pannenhilfe \u2b50 Online-Buchung","robots":{"index":"index","follow":"follow","max-snippet":"max-snippet:-1","max-image-preview":"max-image-preview:large","max-video-preview":"max-video-preview:-1"},"canonical":"https:\/\/www.fietsverhuurzeeland.nl\/de\/standort-grand-hotel-ter-duin\/","og_locale":"de_DE","og_type":"article","og_title":"Fahrradverleih Grand hotel ter Duin | Fahrradverleih Zeeland","og_description":"Mieten Sie ein Fahrrad im Grand Hotel ter Duin \u00fcber die Fietsverhuur Zeeland. Erweiterte \u00d6ffnungszeiten \u2b50 E-Bikes und Citybikes\u2b50 Pannenhilfe \u2b50 Online-Buchung","og_url":"https:\/\/www.fietsverhuurzeeland.nl\/de\/standort-grand-hotel-ter-duin\/","og_site_name":"Fahrradverleih Zeeland","article_publisher":"https:\/\/www.facebook.com\/FietsverhuurZeeland\/","article_modified_time":"2024-11-16T12:07:46+00:00","og_image":[{"width":382,"height":382,"url":"https:\/\/www.fietsverhuurzeeland.nl\/wp-content\/uploads\/2023\/12\/logo.jpg","type":"image\/jpeg"}],"twitter_card":"summary_large_image","twitter_misc":{"Gesch\u00e4tzte Lesezeit":"3\u00a0Minuten"},"schema":{"@context":"https:\/\/schema.org","@graph":[{"@type":"WebPage","@id":"https:\/\/www.fietsverhuurzeeland.nl\/de\/standort-grand-hotel-ter-duin\/","url":"https:\/\/www.fietsverhuurzeeland.nl\/de\/standort-grand-hotel-ter-duin\/","name":"Fahrradverleih Grand hotel ter Duin | Fahrradverleih Zeeland","isPartOf":{"@id":"https:\/\/www.fietsverhuurzeeland.nl\/#website"},"primaryImageOfPage":{"@id":"https:\/\/www.fietsverhuurzeeland.nl\/de\/standort-grand-hotel-ter-duin\/#primaryimage"},"image":{"@id":"https:\/\/www.fietsverhuurzeeland.nl\/de\/standort-grand-hotel-ter-duin\/#primaryimage"},"thumbnailUrl":"https:\/\/www.fietsverhuurzeeland.nl\/wp-content\/uploads\/2023\/12\/logo.jpg","datePublished":"2024-03-05T10:47:37+00:00","dateModified":"2024-11-16T12:07:46+00:00","description":"Mieten Sie ein Fahrrad im Grand Hotel ter Duin \u00fcber die Fietsverhuur Zeeland. Erweiterte \u00d6ffnungszeiten \u2b50 E-Bikes und Citybikes\u2b50 Pannenhilfe \u2b50 Online-Buchung","breadcrumb":{"@id":"https:\/\/www.fietsverhuurzeeland.nl\/de\/standort-grand-hotel-ter-duin\/#breadcrumb"},"inLanguage":"de","potentialAction":[{"@type":"ReadAction","target":["https:\/\/www.fietsverhuurzeeland.nl\/de\/standort-grand-hotel-ter-duin\/"]}]},{"@type":"ImageObject","inLanguage":"de","@id":"https:\/\/www.fietsverhuurzeeland.nl\/de\/standort-grand-hotel-ter-duin\/#primaryimage","url":"https:\/\/www.fietsverhuurzeeland.nl\/wp-content\/uploads\/2023\/12\/logo.jpg","contentUrl":"https:\/\/www.fietsverhuurzeeland.nl\/wp-content\/uploads\/2023\/12\/logo.jpg","width":382,"height":382},{"@type":"BreadcrumbList","@id":"https:\/\/www.fietsverhuurzeeland.nl\/de\/standort-grand-hotel-ter-duin\/#breadcrumb","itemListElement":[{"@type":"ListItem","position":1,"name":"Home","item":"https:\/\/www.fietsverhuurzeeland.nl\/de\/"},{"@type":"ListItem","position":2,"name":"Standort-Grand Hotel ter Duin"}]},{"@type":"WebSite","@id":"https:\/\/www.fietsverhuurzeeland.nl\/#website","url":"https:\/\/www.fietsverhuurzeeland.nl\/","name":"Fietsverhuur Zeeland","description":"Fietsverhuur in heel Zeeland","publisher":{"@id":"https:\/\/www.fietsverhuurzeeland.nl\/#organization"},"potentialAction":[{"@type":"SearchAction","target":{"@type":"EntryPoint","urlTemplate":"https:\/\/www.fietsverhuurzeeland.nl\/?s={search_term_string}"},"query-input":{"@type":"PropertyValueSpecification","valueRequired":true,"valueName":"search_term_string"}}],"inLanguage":"de"},{"@type":"Organization","@id":"https:\/\/www.fietsverhuurzeeland.nl\/#organization","name":"Fietsverhuur Zeeland","url":"https:\/\/www.fietsverhuurzeeland.nl\/","logo":{"@type":"ImageObject","inLanguage":"de","@id":"https:\/\/www.fietsverhuurzeeland.nl\/#\/schema\/logo\/image\/","url":"https:\/\/www.fietsverhuurzeeland.nl\/wp-content\/uploads\/2024\/02\/fietsverhuur_logo_retina.png","contentUrl":"https:\/\/www.fietsverhuurzeeland.nl\/wp-content\/uploads\/2024\/02\/fietsverhuur_logo_retina.png","width":301,"height":181,"caption":"Fietsverhuur Zeeland"},"image":{"@id":"https:\/\/www.fietsverhuurzeeland.nl\/#\/schema\/logo\/image\/"},"sameAs":["https:\/\/www.facebook.com\/FietsverhuurZeeland\/"]}]}},"_links":{"self":[{"href":"https:\/\/www.fietsverhuurzeeland.nl\/de\/wp-json\/wp\/v2\/pages\/4870","targetHints":{"allow":["GET"]}}],"collection":[{"href":"https:\/\/www.fietsverhuurzeeland.nl\/de\/wp-json\/wp\/v2\/pages"}],"about":[{"href":"https:\/\/www.fietsverhuurzeeland.nl\/de\/wp-json\/wp\/v2\/types\/page"}],"author":[{"embeddable":true,"href":"https:\/\/www.fietsverhuurzeeland.nl\/de\/wp-json\/wp\/v2\/users\/2"}],"replies":[{"embeddable":true,"href":"https:\/\/www.fietsverhuurzeeland.nl\/de\/wp-json\/wp\/v2\/comments?post=4870"}],"version-history":[{"count":4,"href":"https:\/\/www.fietsverhuurzeeland.nl\/de\/wp-json\/wp\/v2\/pages\/4870\/revisions"}],"predecessor-version":[{"id":6800,"href":"https:\/\/www.fietsverhuurzeeland.nl\/de\/wp-json\/wp\/v2\/pages\/4870\/revisions\/6800"}],"wp:featuredmedia":[{"embeddable":true,"href":"https:\/\/www.fietsverhuurzeeland.nl\/de\/wp-json\/wp\/v2\/media\/4489"}],"wp:attachment":[{"href":"https:\/\/www.fietsverhuurzeeland.nl\/de\/wp-json\/wp\/v2\/media?parent=4870"}],"curies":[{"name":"wp","href":"https:\/\/api.w.org\/{rel}","templated":true}]}}