{"id":5123,"date":"2023-10-25T14:29:15","date_gmt":"2023-10-25T14:29:15","guid":{"rendered":"https:\/\/www.fietsverhuurzeeland.nl\/haeufig-gestellte-fragen\/"},"modified":"2026-02-06T08:52:14","modified_gmt":"2026-02-06T08:52:14","slug":"haeufig-gestellte-fragen","status":"publish","type":"page","link":"https:\/\/www.fietsverhuurzeeland.nl\/de\/haeufig-gestellte-fragen\/","title":{"rendered":"H\u00e4ufig gestellte Fragen"},"content":{"rendered":"\n<div class=\"wp-block-columns is-layout-flex wp-container-core-columns-is-layout-9d6595d7 wp-block-columns-is-layout-flex\">\n<div class=\"wp-block-column is-layout-flow wp-block-column-is-layout-flow\" style=\"flex-basis:66.66%\">\n<h2 class=\"wp-block-heading\">Haben Sie eine Frage?  <br>Dann ist hier wahrscheinlich die Antwort<\/h2>\n\n\n\n<p>Nachstehend haben wir eine Auswahl der am h\u00e4ufigsten gestellten Fragen zu Ihrer Buchung \u00fcber das Fietsverhuur Zeeland zusammengestellt.<br><strong>Haben Sie eine Frage zum Standort?<\/strong> Bitte w\u00e4hlen Sie den richtigen <strong> <a href=\"https:\/\/www.fietsverhuurzeeland.nl\/de\/standorte\/\">Standort<\/a><\/strong> auf der Seite und Sie finden alle Informationen zu diesem Standort.<\/p>\n<\/div>\n\n\n\n<div class=\"wp-block-column is-layout-flow wp-block-column-is-layout-flow\" style=\"flex-basis:33.33%\">\n<h2 class=\"wp-block-heading\">Ist Ihre Frage nicht dabei?<\/h2>\n\n\n\n<p>Wenn ja, bitte <a href=\"https:\/\/www.fietsverhuurzeeland.nl\/de\/kontakt\/\"><strong>kontaktieren Sie<\/strong> <\/a>und wir werden Ihnen gerne helfen<\/p>\n<\/div>\n<\/div>\n\n\n<div >\n                    <div class=\" plethoraplugins-accordion plethoraplugins-theme__minimal plethoraplugins-theme__basic \"   >\n                        <div>\n                            \n<div id=\"wie_mache_ich_eine_reservierung\" class=\"pds-accordion__item pds-js-accordion-item pds-no-js\" data-pds-tabs--initially-open=\"false\" data-pds-tabs--click-to-close=\"true\" data-pds-tabs--auto-close=\"true\" data-pds-tabs--scroll=\"false\" data-pds-tabs--scroll-offset=\"0\"  data-pds-tabs--icon-type=\"\" data-pds-tabs--icon=\"true\"  data-pds-tabs--icon-size=\"\" >\n                    <div id=\"at-wie_mache_ich_eine_reservierung\" class=\"pds-accordion__title pds-js-accordion-controller\" ><span class=\"pds-accordion__heading\" role=\"heading\" aria-level=\"3\">Wie mache ich eine Reservierung?<\/span><span class=\"pds-accordion__icon\" role=\"presentation\" aria-hidden=\"true\"><svg xmlns=\"http:\/\/www.w3.org\/2000\/svg\" viewBox=\"0 0 12 7.4099998\" width=\".75rem\" height=\".75rem\"><path d=\"M12 1.41 10.59 0 6 4.58 1.41 0 0 1.41l6 6z\" fill=\"currentColor\"\/><\/svg><\/span><\/div>\n                    <div id=\"ac-wie_mache_ich_eine_reservierung\" class=\"pds-accordion__content\">\n                        \n\n<p>W\u00e4hlen Sie auf der Homepage Ihren bevorzugten Abholort. Dies kann \u00fcber die Liste der Standortbl\u00f6cke geschehen, aber Sie k\u00f6nnen auch eine Kartenansicht w\u00e4hlen, um zu sehen, welcher Standort in der N\u00e4he ist.<br>W\u00e4hlen Sie <strong>Fahrradverleih<\/strong>, um eine sofortige Reservierung vorzunehmen, oder klicken Sie auf <strong>weitere Informationen<\/strong>, um mehr \u00fcber den jeweiligen Standort zu erfahren. Wenn Sie sich auf der Seite des Standorts befinden, w\u00e4hlen Sie dort <strong>Buchen<\/strong>.<br>Wenn Sie die M\u00f6glichkeit zur Stornierung w\u00fcnschen, w\u00e4hlen Sie das <br><strong><a href=\"https:\/\/www.fietsverhuurzeeland.nl\/wp-content\/uploads\/2026\/02\/Zorgeloos-Onderweg-Pakket-DE.pdf\" type=\"link\" id=\"https:\/\/www.fietsverhuurzeeland.nl\/wp-content\/uploads\/2026\/02\/Zorgeloos-Onderweg-Pakket-DE.pdf\">Rundum-Sorglos-Paket f\u00fcr unterwegs<\/a><\/strong> bei Ihrer Reservierung<\/p>\n\n\n\n<p><strong>&#8222;Wenn Sie eine Online-Reservierung vorgenommen und ausdr\u00fccklich auf das Sorglos-Unterwegs-Paket verzichtet haben, ist eine Stornierung der Reservierung gem\u00e4\u00df unseren Allgemeinen Gesch\u00e4ftsbedingungen nicht m\u00f6glich. Mit dem Abschluss der Reservierung erkennen Sie diese Stornierungsbedingungen ausdr\u00fccklich an und erkl\u00e4ren sich damit einverstanden.&#8220;<\/strong><\/p>\n\n\n                    <\/div>\n                <\/div>\n\n<div id=\"wo_finde_ich_preise_und_verfgbarkeit\" class=\"pds-accordion__item pds-js-accordion-item pds-no-js\" data-pds-tabs--initially-open=\"false\" data-pds-tabs--click-to-close=\"true\" data-pds-tabs--auto-close=\"true\" data-pds-tabs--scroll=\"false\" data-pds-tabs--scroll-offset=\"0\"  data-pds-tabs--icon-type=\"\" data-pds-tabs--icon=\"true\"  data-pds-tabs--icon-size=\"\" >\n                    <div id=\"at-wo_finde_ich_preise_und_verfgbarkeit\" class=\"pds-accordion__title pds-js-accordion-controller\" ><span class=\"pds-accordion__heading\" role=\"heading\" aria-level=\"3\">Wo finde ich Preise und Verf\u00fcgbarkeit?<\/span><span class=\"pds-accordion__icon\" role=\"presentation\" aria-hidden=\"true\"><svg xmlns=\"http:\/\/www.w3.org\/2000\/svg\" viewBox=\"0 0 12 7.4099998\" width=\".75rem\" height=\".75rem\"><path d=\"M12 1.41 10.59 0 6 4.58 1.41 0 0 1.41l6 6z\" fill=\"currentColor\"\/><\/svg><\/span><\/div>\n                    <div id=\"ac-wo_finde_ich_preise_und_verfgbarkeit\" class=\"pds-accordion__content\">\n                        \n\n<p>W\u00e4hrend des Buchungsvorgangs am gew\u00e4hlten <strong>Standort<\/strong> w\u00e4hlen Sie den Mietzeitraum aus und das System zeigt sofort die verf\u00fcgbaren Fahrr\u00e4der und Preise an. <br>Die Preise k\u00f6nnen je nach Verkaufsstelle variieren.<\/p>\n\n\n                    <\/div>\n                <\/div>\n\n<div id=\"muss_eine_reservierung_sofort_bezahlt_werden\" class=\"pds-accordion__item pds-js-accordion-item pds-no-js\" data-pds-tabs--initially-open=\"false\" data-pds-tabs--click-to-close=\"true\" data-pds-tabs--auto-close=\"true\" data-pds-tabs--scroll=\"false\" data-pds-tabs--scroll-offset=\"0\"  data-pds-tabs--icon-type=\"\" data-pds-tabs--icon=\"true\"  data-pds-tabs--icon-size=\"\" >\n                    <div id=\"at-muss_eine_reservierung_sofort_bezahlt_werden\" class=\"pds-accordion__title pds-js-accordion-controller\" ><span class=\"pds-accordion__heading\" role=\"heading\" aria-level=\"3\">Muss eine Reservierung sofort bezahlt werden?<\/span><span class=\"pds-accordion__icon\" role=\"presentation\" aria-hidden=\"true\"><svg xmlns=\"http:\/\/www.w3.org\/2000\/svg\" viewBox=\"0 0 12 7.4099998\" width=\".75rem\" height=\".75rem\"><path d=\"M12 1.41 10.59 0 6 4.58 1.41 0 0 1.41l6 6z\" fill=\"currentColor\"\/><\/svg><\/span><\/div>\n                    <div id=\"ac-muss_eine_reservierung_sofort_bezahlt_werden\" class=\"pds-accordion__content\">\n                        \n\n<p>Ja, Sie erhalten w\u00e4hrend des Buchungsvorgangs die M\u00f6glichkeit, die Buchung per Online-Banking zu bezahlen. Sobald die Zahlung erfolgt ist, erhalten Sie eine endg\u00fcltige Best\u00e4tigung an die von Ihnen angegebene E-Mail Adresse<\/p>\n\n\n                    <\/div>\n                <\/div>\n\n<div id=\"kann_ich_eine_reservierung_stornieren_oder_ndern\" class=\"pds-accordion__item pds-js-accordion-item pds-no-js\" data-pds-tabs--initially-open=\"false\" data-pds-tabs--click-to-close=\"true\" data-pds-tabs--auto-close=\"true\" data-pds-tabs--scroll=\"false\" data-pds-tabs--scroll-offset=\"0\"  data-pds-tabs--icon-type=\"\" data-pds-tabs--icon=\"true\"  data-pds-tabs--icon-size=\"\" >\n                    <div id=\"at-kann_ich_eine_reservierung_stornieren_oder_ndern\" class=\"pds-accordion__title pds-js-accordion-controller\" ><span class=\"pds-accordion__heading\" role=\"heading\" aria-level=\"3\">Kann ich eine Reservierung stornieren oder \u00e4ndern?<\/span><span class=\"pds-accordion__icon\" role=\"presentation\" aria-hidden=\"true\"><svg xmlns=\"http:\/\/www.w3.org\/2000\/svg\" viewBox=\"0 0 12 7.4099998\" width=\".75rem\" height=\".75rem\"><path d=\"M12 1.41 10.59 0 6 4.58 1.41 0 0 1.41l6 6z\" fill=\"currentColor\"\/><\/svg><\/span><\/div>\n                    <div id=\"ac-kann_ich_eine_reservierung_stornieren_oder_ndern\" class=\"pds-accordion__content\">\n                        \n\n<p>Sobald Sie eine Reservierung vorgenommen und bezahlt haben, ist die Reservierung endg\u00fcltig. Sie k\u00f6nnen bei der Reservierung w\u00e4hlen, ob Sie das<strong><a href=\"https:\/\/www.fietsverhuurzeeland.nl\/wp-content\/uploads\/2026\/02\/Zorgeloos-Onderweg-Pakket-DE.pdf\">Sorglos-Unterwegs Paket<\/a>. <\/strong>Bei diesem Paket k\u00f6nnen Sie bis zu 48 Stunden vor Beginn des Mietzeitraums stornieren. Wenn Sie ohne das Carefree on the Road-Paket gebucht haben, ist eine Umbuchung auf Anfrage bis 48 Stunden vor Mietbeginn je nach Verf\u00fcgbarkeit m\u00f6glich.<\/p>\n\n\n\n<p><strong>&#8222;Wenn Sie eine Online-Reservierung vorgenommen und ausdr\u00fccklich auf das Sorglos-Unterwegs-Paket verzichtet haben, ist eine Stornierung der Reservierung gem\u00e4\u00df unseren Allgemeinen Gesch\u00e4ftsbedingungen nicht m\u00f6glich. Mit dem Abschluss der Reservierung erkennen Sie diese Stornierungsbedingungen ausdr\u00fccklich an und erkl\u00e4ren sich damit einverstanden.&#8220;<\/strong><\/p>\n\n\n                    <\/div>\n                <\/div>\n\n<div id=\"gibt_es_einen_rabatt_wenn_ich_ein_fahrrad_fr_einen_lngeren_zeitraum_miete\" class=\"pds-accordion__item pds-js-accordion-item pds-no-js\" data-pds-tabs--initially-open=\"false\" data-pds-tabs--click-to-close=\"true\" data-pds-tabs--auto-close=\"true\" data-pds-tabs--scroll=\"false\" data-pds-tabs--scroll-offset=\"0\"  data-pds-tabs--icon-type=\"\" data-pds-tabs--icon=\"true\"  data-pds-tabs--icon-size=\"\" >\n                    <div id=\"at-gibt_es_einen_rabatt_wenn_ich_ein_fahrrad_fr_einen_lngeren_zeitraum_miete\" class=\"pds-accordion__title pds-js-accordion-controller\" ><span class=\"pds-accordion__heading\" role=\"heading\" aria-level=\"3\">Gibt es einen Rabatt, wenn ich ein Fahrrad f\u00fcr einen l\u00e4ngeren Zeitraum miete?<\/span><span class=\"pds-accordion__icon\" role=\"presentation\" aria-hidden=\"true\"><svg xmlns=\"http:\/\/www.w3.org\/2000\/svg\" viewBox=\"0 0 12 7.4099998\" width=\".75rem\" height=\".75rem\"><path d=\"M12 1.41 10.59 0 6 4.58 1.41 0 0 1.41l6 6z\" fill=\"currentColor\"\/><\/svg><\/span><\/div>\n                    <div id=\"ac-gibt_es_einen_rabatt_wenn_ich_ein_fahrrad_fr_einen_lngeren_zeitraum_miete\" class=\"pds-accordion__content\">\n                        \n\n<p>Ja, je l\u00e4nger Sie das Fahrrad mieten, desto g\u00fcnstiger ist der Tagessatz.  <br>Der korrekte Preis f\u00fcr die gew\u00e4hlte Mietdauer wird Ihnen bei der Buchung angezeigt.<\/p>\n\n\n                    <\/div>\n                <\/div>\n\n<div id=\"ist_ein_gruppenrabatt_mglich\" class=\"pds-accordion__item pds-js-accordion-item pds-no-js\" data-pds-tabs--initially-open=\"false\" data-pds-tabs--click-to-close=\"true\" data-pds-tabs--auto-close=\"true\" data-pds-tabs--scroll=\"false\" data-pds-tabs--scroll-offset=\"0\"  data-pds-tabs--icon-type=\"\" data-pds-tabs--icon=\"true\"  data-pds-tabs--icon-size=\"\" >\n                    <div id=\"at-ist_ein_gruppenrabatt_mglich\" class=\"pds-accordion__title pds-js-accordion-controller\" ><span class=\"pds-accordion__heading\" role=\"heading\" aria-level=\"3\">Ist ein Gruppenrabatt m\u00f6glich?<\/span><span class=\"pds-accordion__icon\" role=\"presentation\" aria-hidden=\"true\"><svg xmlns=\"http:\/\/www.w3.org\/2000\/svg\" viewBox=\"0 0 12 7.4099998\" width=\".75rem\" height=\".75rem\"><path d=\"M12 1.41 10.59 0 6 4.58 1.41 0 0 1.41l6 6z\" fill=\"currentColor\"\/><\/svg><\/span><\/div>\n                    <div id=\"ac-ist_ein_gruppenrabatt_mglich\" class=\"pds-accordion__content\">\n                        \n\n<p>Ja, eine Reservierung f\u00fcr gr\u00f6\u00dfere Mengen kann \u00fcber unser <a href=\"https:\/\/www.fietsverhuurzeeland.nl\/de\/anfrage-der-gruppe\/\"> <strong>Anfrageformular<\/strong><br><\/a>Dies gilt nur f\u00fcr die Abholung von Fahrr\u00e4dern an einem unserer Standorte. M\u00fcssen die Fahrr\u00e4der geliefert werden? Wir erstellen Ihnen dann immer ein ma\u00dfgeschneidertes Angebot.<\/p>\n\n\n                    <\/div>\n                <\/div>\n\n<div id=\"miete_ich_ein_fahrrad_auf_eigene_risico\" class=\"pds-accordion__item pds-js-accordion-item pds-no-js\" data-pds-tabs--initially-open=\"false\" data-pds-tabs--click-to-close=\"true\" data-pds-tabs--auto-close=\"true\" data-pds-tabs--scroll=\"false\" data-pds-tabs--scroll-offset=\"0\"  data-pds-tabs--icon-type=\"\" data-pds-tabs--icon=\"true\"  data-pds-tabs--icon-size=\"\" >\n                    <div id=\"at-miete_ich_ein_fahrrad_auf_eigene_risico\" class=\"pds-accordion__title pds-js-accordion-controller\" ><span class=\"pds-accordion__heading\" role=\"heading\" aria-level=\"3\">Miete ich ein Fahrrad auf eigene Risico?<\/span><span class=\"pds-accordion__icon\" role=\"presentation\" aria-hidden=\"true\"><svg xmlns=\"http:\/\/www.w3.org\/2000\/svg\" viewBox=\"0 0 12 7.4099998\" width=\".75rem\" height=\".75rem\"><path d=\"M12 1.41 10.59 0 6 4.58 1.41 0 0 1.41l6 6z\" fill=\"currentColor\"\/><\/svg><\/span><\/div>\n                    <div id=\"ac-miete_ich_ein_fahrrad_auf_eigene_risico\" class=\"pds-accordion__content\">\n                        \n\n<p>W\u00e4hrend des Buchungsvorgangs haben Sie die M\u00f6glichkeit, das <strong>Sorglos-Paket <\/strong>f\u00fcr unterwegs zu buchen. Sie k\u00f6nnen dieses Paket abschlie\u00dfen, um die Selbstbeteiligung im Falle eines Schadens oder Diebstahls zu reduzieren, und es bietet eine Stornierungsoption. F\u00fcr alle Informationen zu diesem Paket, klicken Sie bitte <a href=\"https:\/\/www.fietsverhuurzeeland.nl\/wp-content\/uploads\/2026\/02\/Zorgeloos-Onderweg-Pakket-DE.pdf\"><strong>hier<\/strong><br><\/a><\/p>\n\n\n                    <\/div>\n                <\/div>\n\n<div id=\"ist_es_mglich_fahrrder_liefern_zu_lassen\" class=\"pds-accordion__item pds-js-accordion-item pds-no-js\" data-pds-tabs--initially-open=\"false\" data-pds-tabs--click-to-close=\"true\" data-pds-tabs--auto-close=\"true\" data-pds-tabs--scroll=\"false\" data-pds-tabs--scroll-offset=\"0\"  data-pds-tabs--icon-type=\"\" data-pds-tabs--icon=\"true\"  data-pds-tabs--icon-size=\"\" >\n                    <div id=\"at-ist_es_mglich_fahrrder_liefern_zu_lassen\" class=\"pds-accordion__title pds-js-accordion-controller\" ><span class=\"pds-accordion__heading\" role=\"heading\" aria-level=\"3\">Ist es m\u00f6glich, Fahrr\u00e4der liefern zu lassen?<\/span><span class=\"pds-accordion__icon\" role=\"presentation\" aria-hidden=\"true\"><svg xmlns=\"http:\/\/www.w3.org\/2000\/svg\" viewBox=\"0 0 12 7.4099998\" width=\".75rem\" height=\".75rem\"><path d=\"M12 1.41 10.59 0 6 4.58 1.41 0 0 1.41l6 6z\" fill=\"currentColor\"\/><\/svg><\/span><\/div>\n                    <div id=\"ac-ist_es_mglich_fahrrder_liefern_zu_lassen\" class=\"pds-accordion__content\">\n                        \n\n<p>Ja, das ist m\u00f6glich. Sie k\u00f6nnen Ihre Anfrage \u00fcber unser <a href=\"https:\/\/www.fietsverhuurzeeland.nl\/de\/anfrage-zur-lieferung\/\">  <strong>Lieferanfrage<\/strong><br><\/a> Sie erhalten dann von uns ein entsprechendes Angebot mit den Optionen. <br>Es ist nicht m\u00f6glich, online eine Lieferung zu buchen.<\/p>\n\n\n                    <\/div>\n                <\/div>\n\n<div id=\"ist_pannenhilfe_whrend_meiner_mietdauer_inbegriffen\" class=\"pds-accordion__item pds-js-accordion-item pds-no-js\" data-pds-tabs--initially-open=\"false\" data-pds-tabs--click-to-close=\"true\" data-pds-tabs--auto-close=\"true\" data-pds-tabs--scroll=\"false\" data-pds-tabs--scroll-offset=\"0\"  data-pds-tabs--icon-type=\"\" data-pds-tabs--icon=\"true\"  data-pds-tabs--icon-size=\"\" >\n                    <div id=\"at-ist_pannenhilfe_whrend_meiner_mietdauer_inbegriffen\" class=\"pds-accordion__title pds-js-accordion-controller\" ><span class=\"pds-accordion__heading\" role=\"heading\" aria-level=\"3\">Ist Pannenhilfe w\u00e4hrend meiner Mietdauer inbegriffen?<\/span><span class=\"pds-accordion__icon\" role=\"presentation\" aria-hidden=\"true\"><svg xmlns=\"http:\/\/www.w3.org\/2000\/svg\" viewBox=\"0 0 12 7.4099998\" width=\".75rem\" height=\".75rem\"><path d=\"M12 1.41 10.59 0 6 4.58 1.41 0 0 1.41l6 6z\" fill=\"currentColor\"\/><\/svg><\/span><\/div>\n                    <div id=\"ac-ist_pannenhilfe_whrend_meiner_mietdauer_inbegriffen\" class=\"pds-accordion__content\">\n                        \n\n<p>Ja, Ihre Reservierung beinhaltet immer Pannenhilfe<\/p>\n\n\n                    <\/div>\n                <\/div>\n\n<div id=\"was_soll_ich_tun_wenn_ich_mit_mein_leihfahrrad_eine_panne_hat\" class=\"pds-accordion__item pds-js-accordion-item pds-no-js\" data-pds-tabs--initially-open=\"false\" data-pds-tabs--click-to-close=\"true\" data-pds-tabs--auto-close=\"true\" data-pds-tabs--scroll=\"false\" data-pds-tabs--scroll-offset=\"0\"  data-pds-tabs--icon-type=\"\" data-pds-tabs--icon=\"true\"  data-pds-tabs--icon-size=\"\" >\n                    <div id=\"at-was_soll_ich_tun_wenn_ich_mit_mein_leihfahrrad_eine_panne_hat\" class=\"pds-accordion__title pds-js-accordion-controller\" ><span class=\"pds-accordion__heading\" role=\"heading\" aria-level=\"3\">Was soll ich tun, wenn ich mit mein Leihfahrrad eine Panne hat?<\/span><span class=\"pds-accordion__icon\" role=\"presentation\" aria-hidden=\"true\"><svg xmlns=\"http:\/\/www.w3.org\/2000\/svg\" viewBox=\"0 0 12 7.4099998\" width=\".75rem\" height=\".75rem\"><path d=\"M12 1.41 10.59 0 6 4.58 1.41 0 0 1.41l6 6z\" fill=\"currentColor\"\/><\/svg><\/span><\/div>\n                    <div id=\"ac-was_soll_ich_tun_wenn_ich_mit_mein_leihfahrrad_eine_panne_hat\" class=\"pds-accordion__content\">\n                        \n\n<p>Wir tun unser Bestes, um unsere Fahrr\u00e4der in Top-Qualit\u00e4t zu halten, aber nat\u00fcrlich kann eine Panne passieren. Eine Panne sollte sofort nach ihrer Entdeckung gemeldet werden.  <br>Sie k\u00f6nnen dies ganz einfach tun, indem Sie sich an <strong>den Abholort <\/strong>wenden, an dem Sie das Fahrrad gemietet haben. Die Kontaktdaten finden Sie auf der Seite des jeweiligen Standorts auf der Website.<\/p>\n\n\n                    <\/div>\n                <\/div>\n\n<div id=\"hebben_jullie_ook_fietsroutes_beschikbaar\" class=\"pds-accordion__item pds-js-accordion-item pds-no-js\" data-pds-tabs--initially-open=\"false\" data-pds-tabs--click-to-close=\"true\" data-pds-tabs--auto-close=\"true\" data-pds-tabs--scroll=\"false\" data-pds-tabs--scroll-offset=\"0\"  data-pds-tabs--icon-type=\"\" data-pds-tabs--icon=\"true\"  data-pds-tabs--icon-size=\"\" >\n                    <div id=\"at-hebben_jullie_ook_fietsroutes_beschikbaar\" class=\"pds-accordion__title pds-js-accordion-controller\" ><span class=\"pds-accordion__heading\" role=\"heading\" aria-level=\"3\">Hebben jullie ook fietsroutes beschikbaar?<\/span><span class=\"pds-accordion__icon\" role=\"presentation\" aria-hidden=\"true\"><svg xmlns=\"http:\/\/www.w3.org\/2000\/svg\" viewBox=\"0 0 12 7.4099998\" width=\".75rem\" height=\".75rem\"><path d=\"M12 1.41 10.59 0 6 4.58 1.41 0 0 1.41l6 6z\" fill=\"currentColor\"\/><\/svg><\/span><\/div>\n                    <div id=\"ac-hebben_jullie_ook_fietsroutes_beschikbaar\" class=\"pds-accordion__content\">\n                        \n\n<p>Ja! Wir bieten von jedem Mitnahmestandort aus die 3 sch\u00f6nsten Radrouten rund um diesen Standort an. Diese finden Sie auf der Standortseite unter <em>Weitere Informationen<\/em><\/p>\n\n\n                    <\/div>\n                <\/div>\n\n<div id=\"kann_ich_mein_fahrrad_auch_auerhalb_der_ffnungszeiten_zurckgeben\" class=\"pds-accordion__item pds-js-accordion-item pds-no-js\" data-pds-tabs--initially-open=\"false\" data-pds-tabs--click-to-close=\"true\" data-pds-tabs--auto-close=\"true\" data-pds-tabs--scroll=\"false\" data-pds-tabs--scroll-offset=\"0\"  data-pds-tabs--icon-type=\"\" data-pds-tabs--icon=\"true\"  data-pds-tabs--icon-size=\"\" >\n                    <div id=\"at-kann_ich_mein_fahrrad_auch_auerhalb_der_ffnungszeiten_zurckgeben\" class=\"pds-accordion__title pds-js-accordion-controller\" ><span class=\"pds-accordion__heading\" role=\"heading\" aria-level=\"3\">Kann ich mein Fahrrad auch au\u00dferhalb der \u00d6ffnungszeiten zur\u00fcckgeben?<\/span><span class=\"pds-accordion__icon\" role=\"presentation\" aria-hidden=\"true\"><svg xmlns=\"http:\/\/www.w3.org\/2000\/svg\" viewBox=\"0 0 12 7.4099998\" width=\".75rem\" height=\".75rem\"><path d=\"M12 1.41 10.59 0 6 4.58 1.41 0 0 1.41l6 6z\" fill=\"currentColor\"\/><\/svg><\/span><\/div>\n                    <div id=\"ac-kann_ich_mein_fahrrad_auch_auerhalb_der_ffnungszeiten_zurckgeben\" class=\"pds-accordion__content\">\n                        \n\n<p>Dies ist von Standort zu Standort unterschiedlich. Diese Informationen finden Sie auf der Seite Standort  \u00fcber <em>weitere Informationen<\/em>. Die \u00d6ffnungszeiten des Veranstaltungsortes sind die Abholzeiten. Die Abgabezeiten k\u00f6nnen je nach Standort variieren.<\/p>\n\n\n                    <\/div>\n                <\/div>\n\n<div id=\"bekomme_ich_beim_mieten_eines_e_bikes_einen_vollen_akku\" class=\"pds-accordion__item pds-js-accordion-item pds-no-js\" data-pds-tabs--initially-open=\"false\" data-pds-tabs--click-to-close=\"true\" data-pds-tabs--auto-close=\"true\" data-pds-tabs--scroll=\"false\" data-pds-tabs--scroll-offset=\"0\"  data-pds-tabs--icon-type=\"\" data-pds-tabs--icon=\"true\"  data-pds-tabs--icon-size=\"\" >\n                    <div id=\"at-bekomme_ich_beim_mieten_eines_e_bikes_einen_vollen_akku\" class=\"pds-accordion__title pds-js-accordion-controller\" ><span class=\"pds-accordion__heading\" role=\"heading\" aria-level=\"3\">Bekomme ich beim Mieten eines E-Bikes einen vollen Akku?<\/span><span class=\"pds-accordion__icon\" role=\"presentation\" aria-hidden=\"true\"><svg xmlns=\"http:\/\/www.w3.org\/2000\/svg\" viewBox=\"0 0 12 7.4099998\" width=\".75rem\" height=\".75rem\"><path d=\"M12 1.41 10.59 0 6 4.58 1.41 0 0 1.41l6 6z\" fill=\"currentColor\"\/><\/svg><\/span><\/div>\n                    <div id=\"ac-bekomme_ich_beim_mieten_eines_e_bikes_einen_vollen_akku\" class=\"pds-accordion__content\">\n                        \n\n<p>Ja, Sie fahren immer mit einer vollen Batterie vom Abholort weg. Wenn Sie ein E-Bike f\u00fcr mehr als 1 Tag mieten, erhalten Sie automatisch das Ladeger\u00e4t. Wenn Sie an einem Tag eine besonders lange Fahrt unternehmen m\u00f6chten, k\u00f6nnen Sie am Abholort nach einem Ladeger\u00e4t fragen. Diese sind abh\u00e4ngig von der Verf\u00fcgbarkeit.<\/p>\n\n\n                    <\/div>\n                <\/div>\n\n<div id=\"stehen_an_jedem_abholort_die_gleichen_fahrrder_zur_verfgung\" class=\"pds-accordion__item pds-js-accordion-item pds-no-js\" data-pds-tabs--initially-open=\"false\" data-pds-tabs--click-to-close=\"true\" data-pds-tabs--auto-close=\"true\" data-pds-tabs--scroll=\"false\" data-pds-tabs--scroll-offset=\"0\"  data-pds-tabs--icon-type=\"\" data-pds-tabs--icon=\"true\"  data-pds-tabs--icon-size=\"\" >\n                    <div id=\"at-stehen_an_jedem_abholort_die_gleichen_fahrrder_zur_verfgung\" class=\"pds-accordion__title pds-js-accordion-controller\" ><span class=\"pds-accordion__heading\" role=\"heading\" aria-level=\"3\">Stehen an jedem Abholort die gleichen Fahrr\u00e4der zur Verf\u00fcgung?<\/span><span class=\"pds-accordion__icon\" role=\"presentation\" aria-hidden=\"true\"><svg xmlns=\"http:\/\/www.w3.org\/2000\/svg\" viewBox=\"0 0 12 7.4099998\" width=\".75rem\" height=\".75rem\"><path d=\"M12 1.41 10.59 0 6 4.58 1.41 0 0 1.41l6 6z\" fill=\"currentColor\"\/><\/svg><\/span><\/div>\n                    <div id=\"ac-stehen_an_jedem_abholort_die_gleichen_fahrrder_zur_verfgung\" class=\"pds-accordion__content\">\n                        \n\n<p>Nein, das Angebot variiert je nach Imbissbude. Auf der Standortseite finden Sie das Angebot pro Standort. Haben Sie einen speziellen Wunsch oder ist Ihr Wunschrad nicht dabei? Wenn dies der Fall ist, wenden Sie sich bitte an den Veranstaltungsort, indem Sie die Kontaktdaten auf der entsprechenden Seite des Veranstaltungsorts verwenden. Jeder Standort kann Sie entsprechend beraten.<\/p>\n\n\n                    <\/div>\n                <\/div>\n\n<div id=\"gibt_es_eine_bedienungsanleitung_fr_mein_e_bike\" class=\"pds-accordion__item pds-js-accordion-item pds-no-js\" data-pds-tabs--initially-open=\"false\" data-pds-tabs--click-to-close=\"true\" data-pds-tabs--auto-close=\"true\" data-pds-tabs--scroll=\"false\" data-pds-tabs--scroll-offset=\"0\"  data-pds-tabs--icon-type=\"\" data-pds-tabs--icon=\"true\"  data-pds-tabs--icon-size=\"\" >\n                    <div id=\"at-gibt_es_eine_bedienungsanleitung_fr_mein_e_bike\" class=\"pds-accordion__title pds-js-accordion-controller\" ><span class=\"pds-accordion__heading\" role=\"heading\" aria-level=\"3\">Gibt es eine Bedienungsanleitung f\u00fcr mein E-Bike?<\/span><span class=\"pds-accordion__icon\" role=\"presentation\" aria-hidden=\"true\"><svg xmlns=\"http:\/\/www.w3.org\/2000\/svg\" viewBox=\"0 0 12 7.4099998\" width=\".75rem\" height=\".75rem\"><path d=\"M12 1.41 10.59 0 6 4.58 1.41 0 0 1.41l6 6z\" fill=\"currentColor\"\/><\/svg><\/span><\/div>\n                    <div id=\"ac-gibt_es_eine_bedienungsanleitung_fr_mein_e_bike\" class=\"pds-accordion__content\">\n                        \n\n<p>Auf <a href=\"https:\/\/www.fietsverhuurzeeland.nl\/nl\/gebruiksinformatie-e-bike-nl\">dieser Seite<\/a> finden Sie Erl\u00e4uterungen zu Ihrem gemieteten E-Bike. Auf dem E-Bike-Akku befindet sich au\u00dferdem ein QR-Code, den Sie unterwegs scannen k\u00f6nnen, um weitere Informationen \u00fcber die Funktionsweise des Fahrrads zu erhalten.<\/p>\n\n\n                    <\/div>\n                <\/div>\n\n                        <\/div>\n                    <\/div>\n                    \n            <\/div>\n\n\n<div class=\"wp-block-columns is-style-groen is-layout-flex wp-container-core-columns-is-layout-9d6595d7 wp-block-columns-is-layout-flex\">\n<div class=\"wp-block-column is-layout-flow wp-block-column-is-layout-flow\"><\/div>\n\n\n\n<div class=\"wp-block-column is-layout-flow wp-block-column-is-layout-flow\"><\/div>\n\n\n\n<div class=\"wp-block-column is-layout-flow wp-block-column-is-layout-flow\"><\/div>\n<\/div>\n\n\n\n<div class=\"wp-block-columns is-style-oranje-full-width is-layout-flex wp-container-core-columns-is-layout-9d6595d7 wp-block-columns-is-layout-flex\">\n<div class=\"wp-block-column is-layout-flow wp-block-column-is-layout-flow\">\n<h2 class=\"wp-block-heading\">Unser Ambienteindruck  <\/h2>\n\n\n<section class=\"gallery-section\"><div class=\"gallery grid-layout\"><figure class=\"gallery-item\"><div class=\"gallery-icon\"><a href=\"https:\/\/www.fietsverhuurzeeland.nl\/wp-content\/uploads\/2023\/12\/DSC_5700-scaled.jpg\" data-fancybox=\"gallery\"><img src=\"https:\/\/www.fietsverhuurzeeland.nl\/wp-content\/uploads\/2023\/12\/DSC_5700-600x400.jpg\" class=\"attachment-medium size-medium\" alt=\"\" decoding=\"async\" fetchpriority=\"high\" srcset=\"https:\/\/www.fietsverhuurzeeland.nl\/wp-content\/uploads\/2023\/12\/DSC_5700-600x400.jpg 300w, https:\/\/www.fietsverhuurzeeland.nl\/wp-content\/uploads\/2023\/12\/DSC_5700-1600x1066.jpg 1024w, https:\/\/www.fietsverhuurzeeland.nl\/wp-content\/uploads\/2023\/12\/DSC_5700-768x512.jpg 768w, https:\/\/www.fietsverhuurzeeland.nl\/wp-content\/uploads\/2023\/12\/DSC_5700-scaled.jpg 1200w\" sizes=\"(max-width: 300px) 100vw, 300px\"><\/a><\/div><\/figure><figure class=\"gallery-item\"><div class=\"gallery-icon\"><a href=\"https:\/\/www.fietsverhuurzeeland.nl\/wp-content\/uploads\/2023\/12\/DSC_5606-1-scaled.jpg\" data-fancybox=\"gallery\"><img src=\"https:\/\/www.fietsverhuurzeeland.nl\/wp-content\/uploads\/2023\/12\/DSC_5606-1-600x400.jpg\" class=\"attachment-medium size-medium\" alt=\"\" decoding=\"async\" fetchpriority=\"high\" srcset=\"https:\/\/www.fietsverhuurzeeland.nl\/wp-content\/uploads\/2023\/12\/DSC_5606-1-600x400.jpg 300w, https:\/\/www.fietsverhuurzeeland.nl\/wp-content\/uploads\/2023\/12\/DSC_5606-1-1600x1066.jpg 1024w, https:\/\/www.fietsverhuurzeeland.nl\/wp-content\/uploads\/2023\/12\/DSC_5606-1-768x512.jpg 768w, https:\/\/www.fietsverhuurzeeland.nl\/wp-content\/uploads\/2023\/12\/DSC_5606-1-scaled.jpg 1200w\" sizes=\"(max-width: 300px) 100vw, 300px\"><\/a><\/div><\/figure><figure class=\"gallery-item\"><div class=\"gallery-icon\"><a href=\"https:\/\/www.fietsverhuurzeeland.nl\/wp-content\/uploads\/2023\/12\/DSC_5555-scaled.jpg\" data-fancybox=\"gallery\"><img src=\"https:\/\/www.fietsverhuurzeeland.nl\/wp-content\/uploads\/2023\/12\/DSC_5555-600x400.jpg\" class=\"attachment-medium size-medium\" alt=\"\" decoding=\"async\" fetchpriority=\"high\" srcset=\"https:\/\/www.fietsverhuurzeeland.nl\/wp-content\/uploads\/2023\/12\/DSC_5555-600x400.jpg 300w, https:\/\/www.fietsverhuurzeeland.nl\/wp-content\/uploads\/2023\/12\/DSC_5555-1600x1066.jpg 1024w, https:\/\/www.fietsverhuurzeeland.nl\/wp-content\/uploads\/2023\/12\/DSC_5555-768x512.jpg 768w, https:\/\/www.fietsverhuurzeeland.nl\/wp-content\/uploads\/2023\/12\/DSC_5555-scaled.jpg 1200w\" sizes=\"(max-width: 300px) 100vw, 300px\"><\/a><\/div><\/figure><figure class=\"gallery-item\"><div class=\"gallery-icon\"><a href=\"https:\/\/www.fietsverhuurzeeland.nl\/wp-content\/uploads\/2023\/12\/DSC_5515-kopie-2-1-scaled.jpg\" data-fancybox=\"gallery\"><img src=\"https:\/\/www.fietsverhuurzeeland.nl\/wp-content\/uploads\/2023\/12\/DSC_5515-kopie-2-1-600x400.jpg\" class=\"attachment-medium size-medium\" alt=\"\" decoding=\"async\" fetchpriority=\"high\" srcset=\"https:\/\/www.fietsverhuurzeeland.nl\/wp-content\/uploads\/2023\/12\/DSC_5515-kopie-2-1-600x400.jpg 300w, https:\/\/www.fietsverhuurzeeland.nl\/wp-content\/uploads\/2023\/12\/DSC_5515-kopie-2-1-1600x1066.jpg 1024w, https:\/\/www.fietsverhuurzeeland.nl\/wp-content\/uploads\/2023\/12\/DSC_5515-kopie-2-1-768x512.jpg 768w, https:\/\/www.fietsverhuurzeeland.nl\/wp-content\/uploads\/2023\/12\/DSC_5515-kopie-2-1-scaled.jpg 1200w\" sizes=\"(max-width: 300px) 100vw, 300px\"><\/a><\/div><\/figure><figure class=\"gallery-item\"><div class=\"gallery-icon\"><a href=\"https:\/\/www.fietsverhuurzeeland.nl\/wp-content\/uploads\/2023\/12\/DSC_5379-kopie-scaled.jpg\" data-fancybox=\"gallery\"><img src=\"https:\/\/www.fietsverhuurzeeland.nl\/wp-content\/uploads\/2023\/12\/DSC_5379-kopie-600x400.jpg\" class=\"attachment-medium size-medium\" alt=\"\" decoding=\"async\" fetchpriority=\"high\" srcset=\"https:\/\/www.fietsverhuurzeeland.nl\/wp-content\/uploads\/2023\/12\/DSC_5379-kopie-600x400.jpg 300w, https:\/\/www.fietsverhuurzeeland.nl\/wp-content\/uploads\/2023\/12\/DSC_5379-kopie-1600x1066.jpg 1024w, https:\/\/www.fietsverhuurzeeland.nl\/wp-content\/uploads\/2023\/12\/DSC_5379-kopie-768x512.jpg 768w, https:\/\/www.fietsverhuurzeeland.nl\/wp-content\/uploads\/2023\/12\/DSC_5379-kopie-scaled.jpg 1200w\" sizes=\"(max-width: 300px) 100vw, 300px\"><\/a><\/div><\/figure><figure class=\"gallery-item\"><div class=\"gallery-icon\"><a href=\"https:\/\/www.fietsverhuurzeeland.nl\/wp-content\/uploads\/2023\/12\/DSC_5275-web.jpg\" data-fancybox=\"gallery\"><img src=\"https:\/\/www.fietsverhuurzeeland.nl\/wp-content\/uploads\/2023\/12\/DSC_5275-web-600x400.jpg\" class=\"attachment-medium size-medium\" alt=\"\" decoding=\"async\" fetchpriority=\"high\" srcset=\"https:\/\/www.fietsverhuurzeeland.nl\/wp-content\/uploads\/2023\/12\/DSC_5275-web-600x400.jpg 300w, https:\/\/www.fietsverhuurzeeland.nl\/wp-content\/uploads\/2023\/12\/DSC_5275-web-1600x1066.jpg 1024w, https:\/\/www.fietsverhuurzeeland.nl\/wp-content\/uploads\/2023\/12\/DSC_5275-web-768x512.jpg 768w, https:\/\/www.fietsverhuurzeeland.nl\/wp-content\/uploads\/2023\/12\/DSC_5275-web.jpg 1200w\" sizes=\"(max-width: 300px) 100vw, 300px\"><\/a><\/div><\/figure><figure class=\"gallery-item\"><div class=\"gallery-icon\"><a href=\"https:\/\/www.fietsverhuurzeeland.nl\/wp-content\/uploads\/2023\/12\/jo-urban-arrow-0309-scaled.jpg\" data-fancybox=\"gallery\"><img src=\"https:\/\/www.fietsverhuurzeeland.nl\/wp-content\/uploads\/2023\/12\/jo-urban-arrow-0309-600x400.jpg\" class=\"attachment-medium size-medium\" alt=\"\" decoding=\"async\" fetchpriority=\"high\" srcset=\"https:\/\/www.fietsverhuurzeeland.nl\/wp-content\/uploads\/2023\/12\/jo-urban-arrow-0309-600x400.jpg 300w, https:\/\/www.fietsverhuurzeeland.nl\/wp-content\/uploads\/2023\/12\/jo-urban-arrow-0309-1600x1067.jpg 1024w, https:\/\/www.fietsverhuurzeeland.nl\/wp-content\/uploads\/2023\/12\/jo-urban-arrow-0309-768x512.jpg 768w, https:\/\/www.fietsverhuurzeeland.nl\/wp-content\/uploads\/2023\/12\/jo-urban-arrow-0309-scaled.jpg 1200w\" sizes=\"(max-width: 300px) 100vw, 300px\"><\/a><\/div><\/figure><figure class=\"gallery-item acco8\"><div class=\"gallery-icon\"><a href=\"https:\/\/www.fietsverhuurzeeland.nl\/wp-content\/uploads\/2023\/12\/jo-urban-arrow-0110-scaled.jpg\" data-fancybox=\"gallery\"><img src=\"https:\/\/www.fietsverhuurzeeland.nl\/wp-content\/uploads\/2023\/12\/jo-urban-arrow-0110-600x400.jpg\" class=\"attachment-medium size-medium\" alt=\"\" decoding=\"async\" fetchpriority=\"high\" srcset=\"https:\/\/www.fietsverhuurzeeland.nl\/wp-content\/uploads\/2023\/12\/jo-urban-arrow-0110-600x400.jpg 300w, https:\/\/www.fietsverhuurzeeland.nl\/wp-content\/uploads\/2023\/12\/jo-urban-arrow-0110-1600x1067.jpg 1024w, https:\/\/www.fietsverhuurzeeland.nl\/wp-content\/uploads\/2023\/12\/jo-urban-arrow-0110-768x512.jpg 768w, https:\/\/www.fietsverhuurzeeland.nl\/wp-content\/uploads\/2023\/12\/jo-urban-arrow-0110-scaled.jpg 1200w\" sizes=\"(max-width: 300px) 100vw, 300px\"><\/a><\/div><\/figure><figure class=\"gallery-item\" style=\"display:none;\"><div class=\"gallery-icon\"><a href=\"https:\/\/www.fietsverhuurzeeland.nl\/wp-content\/uploads\/2023\/12\/jo-urban-arrow-0146-scaled-e1701874262804.jpg\" data-fancybox=\"gallery\"><img src=\"https:\/\/www.fietsverhuurzeeland.nl\/wp-content\/uploads\/2023\/12\/jo-urban-arrow-0146-scaled-e1701874262804-600x567.jpg\" class=\"attachment-medium size-medium\" alt=\"\" decoding=\"async\" fetchpriority=\"high\" srcset=\"https:\/\/www.fietsverhuurzeeland.nl\/wp-content\/uploads\/2023\/12\/jo-urban-arrow-0146-scaled-e1701874262804-600x567.jpg 300w, https:\/\/www.fietsverhuurzeeland.nl\/wp-content\/uploads\/2023\/12\/jo-urban-arrow-0146-scaled-e1701874262804-1600x1513.jpg 1024w, https:\/\/www.fietsverhuurzeeland.nl\/wp-content\/uploads\/2023\/12\/jo-urban-arrow-0146-scaled-e1701874262804-768x726.jpg 768w, https:\/\/www.fietsverhuurzeeland.nl\/wp-content\/uploads\/2023\/12\/jo-urban-arrow-0146-scaled-e1701874262804.jpg 1200w\" sizes=\"(max-width: 300px) 100vw, 300px\"><\/a><\/div><\/figure><figure class=\"gallery-item\" style=\"display:none;\"><div class=\"gallery-icon\"><a href=\"https:\/\/www.fietsverhuurzeeland.nl\/wp-content\/uploads\/2023\/12\/urban-arrow-plompetoren.jpg\" data-fancybox=\"gallery\"><img src=\"https:\/\/www.fietsverhuurzeeland.nl\/wp-content\/uploads\/2023\/12\/urban-arrow-plompetoren-600x526.jpg\" class=\"attachment-medium size-medium\" alt=\"\" decoding=\"async\" fetchpriority=\"high\" srcset=\"https:\/\/www.fietsverhuurzeeland.nl\/wp-content\/uploads\/2023\/12\/urban-arrow-plompetoren-600x526.jpg 300w, https:\/\/www.fietsverhuurzeeland.nl\/wp-content\/uploads\/2023\/12\/urban-arrow-plompetoren.jpg 1024w, https:\/\/www.fietsverhuurzeeland.nl\/wp-content\/uploads\/2023\/12\/urban-arrow-plompetoren.jpg 768w, https:\/\/www.fietsverhuurzeeland.nl\/wp-content\/uploads\/2023\/12\/urban-arrow-plompetoren.jpg 1200w\" sizes=\"(max-width: 300px) 100vw, 300px\"><\/a><\/div><\/figure><figure class=\"gallery-item\" style=\"display:none;\"><div class=\"gallery-icon\"><a href=\"https:\/\/www.fietsverhuurzeeland.nl\/wp-content\/uploads\/2023\/12\/plompetoren-e1709134329678.jpg\" data-fancybox=\"gallery\"><img src=\"https:\/\/www.fietsverhuurzeeland.nl\/wp-content\/uploads\/2023\/12\/plompetoren-e1709134329678-600x291.jpg\" class=\"attachment-medium size-medium\" alt=\"\" decoding=\"async\" fetchpriority=\"high\" srcset=\"https:\/\/www.fietsverhuurzeeland.nl\/wp-content\/uploads\/2023\/12\/plompetoren-e1709134329678-600x291.jpg 300w, https:\/\/www.fietsverhuurzeeland.nl\/wp-content\/uploads\/2023\/12\/plompetoren-e1709134329678.jpg 1024w, https:\/\/www.fietsverhuurzeeland.nl\/wp-content\/uploads\/2023\/12\/plompetoren-e1709134329678-768x373.jpg 768w, https:\/\/www.fietsverhuurzeeland.nl\/wp-content\/uploads\/2023\/12\/plompetoren-e1709134329678.jpg 1200w\" sizes=\"(max-width: 300px) 100vw, 300px\"><\/a><\/div><\/figure><figure class=\"gallery-item\" style=\"display:none;\"><div class=\"gallery-icon\"><a href=\"https:\/\/www.fietsverhuurzeeland.nl\/wp-content\/uploads\/2023\/12\/foto-van-video-e1701874115510.png\" data-fancybox=\"gallery\"><img src=\"https:\/\/www.fietsverhuurzeeland.nl\/wp-content\/uploads\/2023\/12\/foto-van-video-e1701874115510-600x340.png\" class=\"attachment-medium size-medium\" alt=\"\" decoding=\"async\" fetchpriority=\"high\" srcset=\"https:\/\/www.fietsverhuurzeeland.nl\/wp-content\/uploads\/2023\/12\/foto-van-video-e1701874115510-600x340.png 300w, https:\/\/www.fietsverhuurzeeland.nl\/wp-content\/uploads\/2023\/12\/foto-van-video-e1701874115510.png 1024w, https:\/\/www.fietsverhuurzeeland.nl\/wp-content\/uploads\/2023\/12\/foto-van-video-768x557.png 768w, https:\/\/www.fietsverhuurzeeland.nl\/wp-content\/uploads\/2023\/12\/foto-van-video-e1701874115510.png 1200w\" sizes=\"(max-width: 300px) 100vw, 300px\"><\/a><\/div><\/figure><figure class=\"gallery-item\" style=\"display:none;\"><div class=\"gallery-icon\"><a href=\"https:\/\/www.fietsverhuurzeeland.nl\/wp-content\/uploads\/2023\/12\/foto-van-video-3-e1709134418287.jpg\" data-fancybox=\"gallery\"><img src=\"https:\/\/www.fietsverhuurzeeland.nl\/wp-content\/uploads\/2023\/12\/foto-van-video-3-e1709134377808-600x234.jpg\" class=\"attachment-medium size-medium\" alt=\"\" decoding=\"async\" fetchpriority=\"high\" srcset=\"https:\/\/www.fietsverhuurzeeland.nl\/wp-content\/uploads\/2023\/12\/foto-van-video-3-e1709134377808-600x234.jpg 300w, https:\/\/www.fietsverhuurzeeland.nl\/wp-content\/uploads\/2023\/12\/foto-van-video-3-e1709134418287.jpg 1024w, https:\/\/www.fietsverhuurzeeland.nl\/wp-content\/uploads\/2023\/12\/foto-van-video-3-768x541.jpg 768w, https:\/\/www.fietsverhuurzeeland.nl\/wp-content\/uploads\/2023\/12\/foto-van-video-3-e1709134418287.jpg 1200w\" sizes=\"(max-width: 300px) 100vw, 300px\"><\/a><\/div><\/figure><figure class=\"gallery-item\" style=\"display:none;\"><div class=\"gallery-icon\"><a href=\"https:\/\/www.fietsverhuurzeeland.nl\/wp-content\/uploads\/2023\/12\/DSC_5476-scaled.jpg\" data-fancybox=\"gallery\"><img src=\"https:\/\/www.fietsverhuurzeeland.nl\/wp-content\/uploads\/2023\/12\/DSC_5476-400x600.jpg\" class=\"attachment-medium size-medium\" alt=\"\" decoding=\"async\" fetchpriority=\"high\" srcset=\"https:\/\/www.fietsverhuurzeeland.nl\/wp-content\/uploads\/2023\/12\/DSC_5476-400x600.jpg 300w, https:\/\/www.fietsverhuurzeeland.nl\/wp-content\/uploads\/2023\/12\/DSC_5476-1066x1600.jpg 1024w, https:\/\/www.fietsverhuurzeeland.nl\/wp-content\/uploads\/2023\/12\/DSC_5476-768x1153.jpg 768w, https:\/\/www.fietsverhuurzeeland.nl\/wp-content\/uploads\/2023\/12\/DSC_5476-scaled.jpg 1200w\" sizes=\"(max-width: 300px) 100vw, 300px\"><\/a><\/div><\/figure><figure class=\"gallery-item\" style=\"display:none;\"><div class=\"gallery-icon\"><a href=\"https:\/\/www.fietsverhuurzeeland.nl\/wp-content\/uploads\/2023\/12\/DSC_5468-kopie-2-kopie-kopie-scaled.jpg\" data-fancybox=\"gallery\"><img src=\"https:\/\/www.fietsverhuurzeeland.nl\/wp-content\/uploads\/2023\/12\/DSC_5468-kopie-2-kopie-kopie-600x400.jpg\" class=\"attachment-medium size-medium\" alt=\"\" decoding=\"async\" fetchpriority=\"high\" srcset=\"https:\/\/www.fietsverhuurzeeland.nl\/wp-content\/uploads\/2023\/12\/DSC_5468-kopie-2-kopie-kopie-600x400.jpg 300w, https:\/\/www.fietsverhuurzeeland.nl\/wp-content\/uploads\/2023\/12\/DSC_5468-kopie-2-kopie-kopie-1600x1066.jpg 1024w, https:\/\/www.fietsverhuurzeeland.nl\/wp-content\/uploads\/2023\/12\/DSC_5468-kopie-2-kopie-kopie-768x512.jpg 768w, https:\/\/www.fietsverhuurzeeland.nl\/wp-content\/uploads\/2023\/12\/DSC_5468-kopie-2-kopie-kopie-scaled.jpg 1200w\" sizes=\"(max-width: 300px) 100vw, 300px\"><\/a><\/div><\/figure><\/div><\/section><\/div>\n<\/div>\n\n\n\n<div class=\"wp-block-columns is-style-blauw-full-width is-layout-flex wp-container-core-columns-is-layout-9d6595d7 wp-block-columns-is-layout-flex\">\n<div class=\"wp-block-column is-layout-flow wp-block-column-is-layout-flow\">\n<h2 class=\"wp-block-heading\"><\/h2>\n<\/div>\n<\/div>\n","protected":false},"excerpt":{"rendered":"<p>Haben Sie eine Frage? Dann ist hier wahrscheinlich die Antwort Nachstehend haben wir eine Auswahl der am h\u00e4ufigsten gestellten Fragen zu Ihrer Buchung \u00fcber das Fietsverhuur Zeeland zusammengestellt.Haben Sie eine Frage zum Standort? Bitte w\u00e4hlen Sie den richtigen Standort auf der Seite und Sie finden alle Informationen zu diesem Standort. Ist Ihre Frage nicht dabei? [&hellip;]<\/p>\n","protected":false},"author":1,"featured_media":0,"parent":0,"menu_order":0,"comment_status":"closed","ping_status":"closed","template":"","meta":{"footnotes":""},"class_list":["post-5123","page","type-page","status-publish","hentry"],"acf":[],"yoast_head":"<!-- This site is optimized with the Yoast SEO plugin v27.5 - https:\/\/yoast.com\/product\/yoast-seo-wordpress\/ -->\n<title>H\u00e4ufig gestellte Fragen | Fahrradverleih Zeeland<\/title>\n<meta name=\"robots\" content=\"index, follow, max-snippet:-1, max-image-preview:large, max-video-preview:-1\" \/>\n<link rel=\"canonical\" href=\"https:\/\/www.fietsverhuurzeeland.nl\/de\/haeufig-gestellte-fragen\/\" \/>\n<meta property=\"og:locale\" content=\"de_DE\" \/>\n<meta property=\"og:type\" content=\"article\" \/>\n<meta property=\"og:title\" content=\"H\u00e4ufig gestellte Fragen | Fahrradverleih Zeeland\" \/>\n<meta property=\"og:description\" content=\"Haben Sie eine Frage? Dann ist hier wahrscheinlich die Antwort Nachstehend haben wir eine Auswahl der am h\u00e4ufigsten gestellten Fragen zu Ihrer Buchung \u00fcber das Fietsverhuur Zeeland zusammengestellt.Haben Sie eine Frage zum Standort? Bitte w\u00e4hlen Sie den richtigen Standort auf der Seite und Sie finden alle Informationen zu diesem Standort. Ist Ihre Frage nicht dabei? [&hellip;]\" \/>\n<meta property=\"og:url\" content=\"https:\/\/www.fietsverhuurzeeland.nl\/de\/haeufig-gestellte-fragen\/\" \/>\n<meta property=\"og:site_name\" content=\"Fahrradverleih Zeeland\" \/>\n<meta property=\"article:publisher\" content=\"https:\/\/www.facebook.com\/FietsverhuurZeeland\/\" \/>\n<meta property=\"article:modified_time\" content=\"2026-02-06T08:52:14+00:00\" \/>\n<meta property=\"og:image\" content=\"https:\/\/www.fietsverhuurzeeland.nl\/wp-content\/uploads\/2023\/12\/Burgh-haamstede.png\" \/>\n\t<meta property=\"og:image:width\" content=\"910\" \/>\n\t<meta property=\"og:image:height\" content=\"475\" \/>\n\t<meta property=\"og:image:type\" content=\"image\/png\" \/>\n<meta name=\"twitter:card\" content=\"summary_large_image\" \/>\n<meta name=\"twitter:label1\" content=\"Gesch\u00e4tzte Lesezeit\" \/>\n\t<meta name=\"twitter:data1\" content=\"4\u00a0Minuten\" \/>\n<script type=\"application\/ld+json\" class=\"yoast-schema-graph\">{\"@context\":\"https:\\\/\\\/schema.org\",\"@graph\":[{\"@type\":\"WebPage\",\"@id\":\"https:\\\/\\\/www.fietsverhuurzeeland.nl\\\/de\\\/haeufig-gestellte-fragen\\\/\",\"url\":\"https:\\\/\\\/www.fietsverhuurzeeland.nl\\\/de\\\/haeufig-gestellte-fragen\\\/\",\"name\":\"H\u00e4ufig gestellte Fragen | Fahrradverleih Zeeland\",\"isPartOf\":{\"@id\":\"https:\\\/\\\/www.fietsverhuurzeeland.nl\\\/#website\"},\"datePublished\":\"2023-10-25T14:29:15+00:00\",\"dateModified\":\"2026-02-06T08:52:14+00:00\",\"breadcrumb\":{\"@id\":\"https:\\\/\\\/www.fietsverhuurzeeland.nl\\\/de\\\/haeufig-gestellte-fragen\\\/#breadcrumb\"},\"inLanguage\":\"de\",\"potentialAction\":[{\"@type\":\"ReadAction\",\"target\":[\"https:\\\/\\\/www.fietsverhuurzeeland.nl\\\/de\\\/haeufig-gestellte-fragen\\\/\"]}]},{\"@type\":\"BreadcrumbList\",\"@id\":\"https:\\\/\\\/www.fietsverhuurzeeland.nl\\\/de\\\/haeufig-gestellte-fragen\\\/#breadcrumb\",\"itemListElement\":[{\"@type\":\"ListItem\",\"position\":1,\"name\":\"Home\",\"item\":\"https:\\\/\\\/www.fietsverhuurzeeland.nl\\\/de\\\/\"},{\"@type\":\"ListItem\",\"position\":2,\"name\":\"H\u00e4ufig gestellte Fragen\"}]},{\"@type\":\"WebSite\",\"@id\":\"https:\\\/\\\/www.fietsverhuurzeeland.nl\\\/#website\",\"url\":\"https:\\\/\\\/www.fietsverhuurzeeland.nl\\\/\",\"name\":\"Fietsverhuur Zeeland\",\"description\":\"Fietsverhuur in heel Zeeland\",\"publisher\":{\"@id\":\"https:\\\/\\\/www.fietsverhuurzeeland.nl\\\/#organization\"},\"potentialAction\":[{\"@type\":\"SearchAction\",\"target\":{\"@type\":\"EntryPoint\",\"urlTemplate\":\"https:\\\/\\\/www.fietsverhuurzeeland.nl\\\/?s={search_term_string}\"},\"query-input\":{\"@type\":\"PropertyValueSpecification\",\"valueRequired\":true,\"valueName\":\"search_term_string\"}}],\"inLanguage\":\"de\"},{\"@type\":\"Organization\",\"@id\":\"https:\\\/\\\/www.fietsverhuurzeeland.nl\\\/#organization\",\"name\":\"Fietsverhuur Zeeland\",\"url\":\"https:\\\/\\\/www.fietsverhuurzeeland.nl\\\/\",\"logo\":{\"@type\":\"ImageObject\",\"inLanguage\":\"de\",\"@id\":\"https:\\\/\\\/www.fietsverhuurzeeland.nl\\\/#\\\/schema\\\/logo\\\/image\\\/\",\"url\":\"https:\\\/\\\/www.fietsverhuurzeeland.nl\\\/wp-content\\\/uploads\\\/2024\\\/02\\\/fietsverhuur_logo_retina.png\",\"contentUrl\":\"https:\\\/\\\/www.fietsverhuurzeeland.nl\\\/wp-content\\\/uploads\\\/2024\\\/02\\\/fietsverhuur_logo_retina.png\",\"width\":301,\"height\":181,\"caption\":\"Fietsverhuur Zeeland\"},\"image\":{\"@id\":\"https:\\\/\\\/www.fietsverhuurzeeland.nl\\\/#\\\/schema\\\/logo\\\/image\\\/\"},\"sameAs\":[\"https:\\\/\\\/www.facebook.com\\\/FietsverhuurZeeland\\\/\"]}]}<\/script>\n<!-- \/ Yoast SEO plugin. -->","yoast_head_json":{"title":"H\u00e4ufig gestellte Fragen | Fahrradverleih Zeeland","robots":{"index":"index","follow":"follow","max-snippet":"max-snippet:-1","max-image-preview":"max-image-preview:large","max-video-preview":"max-video-preview:-1"},"canonical":"https:\/\/www.fietsverhuurzeeland.nl\/de\/haeufig-gestellte-fragen\/","og_locale":"de_DE","og_type":"article","og_title":"H\u00e4ufig gestellte Fragen | Fahrradverleih Zeeland","og_description":"Haben Sie eine Frage? Dann ist hier wahrscheinlich die Antwort Nachstehend haben wir eine Auswahl der am h\u00e4ufigsten gestellten Fragen zu Ihrer Buchung \u00fcber das Fietsverhuur Zeeland zusammengestellt.Haben Sie eine Frage zum Standort? Bitte w\u00e4hlen Sie den richtigen Standort auf der Seite und Sie finden alle Informationen zu diesem Standort. Ist Ihre Frage nicht dabei? [&hellip;]","og_url":"https:\/\/www.fietsverhuurzeeland.nl\/de\/haeufig-gestellte-fragen\/","og_site_name":"Fahrradverleih Zeeland","article_publisher":"https:\/\/www.facebook.com\/FietsverhuurZeeland\/","article_modified_time":"2026-02-06T08:52:14+00:00","og_image":[{"width":910,"height":475,"url":"https:\/\/www.fietsverhuurzeeland.nl\/wp-content\/uploads\/2023\/12\/Burgh-haamstede.png","type":"image\/png"}],"twitter_card":"summary_large_image","twitter_misc":{"Gesch\u00e4tzte Lesezeit":"4\u00a0Minuten"},"schema":{"@context":"https:\/\/schema.org","@graph":[{"@type":"WebPage","@id":"https:\/\/www.fietsverhuurzeeland.nl\/de\/haeufig-gestellte-fragen\/","url":"https:\/\/www.fietsverhuurzeeland.nl\/de\/haeufig-gestellte-fragen\/","name":"H\u00e4ufig gestellte Fragen | Fahrradverleih Zeeland","isPartOf":{"@id":"https:\/\/www.fietsverhuurzeeland.nl\/#website"},"datePublished":"2023-10-25T14:29:15+00:00","dateModified":"2026-02-06T08:52:14+00:00","breadcrumb":{"@id":"https:\/\/www.fietsverhuurzeeland.nl\/de\/haeufig-gestellte-fragen\/#breadcrumb"},"inLanguage":"de","potentialAction":[{"@type":"ReadAction","target":["https:\/\/www.fietsverhuurzeeland.nl\/de\/haeufig-gestellte-fragen\/"]}]},{"@type":"BreadcrumbList","@id":"https:\/\/www.fietsverhuurzeeland.nl\/de\/haeufig-gestellte-fragen\/#breadcrumb","itemListElement":[{"@type":"ListItem","position":1,"name":"Home","item":"https:\/\/www.fietsverhuurzeeland.nl\/de\/"},{"@type":"ListItem","position":2,"name":"H\u00e4ufig gestellte Fragen"}]},{"@type":"WebSite","@id":"https:\/\/www.fietsverhuurzeeland.nl\/#website","url":"https:\/\/www.fietsverhuurzeeland.nl\/","name":"Fietsverhuur Zeeland","description":"Fietsverhuur in heel Zeeland","publisher":{"@id":"https:\/\/www.fietsverhuurzeeland.nl\/#organization"},"potentialAction":[{"@type":"SearchAction","target":{"@type":"EntryPoint","urlTemplate":"https:\/\/www.fietsverhuurzeeland.nl\/?s={search_term_string}"},"query-input":{"@type":"PropertyValueSpecification","valueRequired":true,"valueName":"search_term_string"}}],"inLanguage":"de"},{"@type":"Organization","@id":"https:\/\/www.fietsverhuurzeeland.nl\/#organization","name":"Fietsverhuur Zeeland","url":"https:\/\/www.fietsverhuurzeeland.nl\/","logo":{"@type":"ImageObject","inLanguage":"de","@id":"https:\/\/www.fietsverhuurzeeland.nl\/#\/schema\/logo\/image\/","url":"https:\/\/www.fietsverhuurzeeland.nl\/wp-content\/uploads\/2024\/02\/fietsverhuur_logo_retina.png","contentUrl":"https:\/\/www.fietsverhuurzeeland.nl\/wp-content\/uploads\/2024\/02\/fietsverhuur_logo_retina.png","width":301,"height":181,"caption":"Fietsverhuur Zeeland"},"image":{"@id":"https:\/\/www.fietsverhuurzeeland.nl\/#\/schema\/logo\/image\/"},"sameAs":["https:\/\/www.facebook.com\/FietsverhuurZeeland\/"]}]}},"_links":{"self":[{"href":"https:\/\/www.fietsverhuurzeeland.nl\/de\/wp-json\/wp\/v2\/pages\/5123","targetHints":{"allow":["GET"]}}],"collection":[{"href":"https:\/\/www.fietsverhuurzeeland.nl\/de\/wp-json\/wp\/v2\/pages"}],"about":[{"href":"https:\/\/www.fietsverhuurzeeland.nl\/de\/wp-json\/wp\/v2\/types\/page"}],"author":[{"embeddable":true,"href":"https:\/\/www.fietsverhuurzeeland.nl\/de\/wp-json\/wp\/v2\/users\/1"}],"replies":[{"embeddable":true,"href":"https:\/\/www.fietsverhuurzeeland.nl\/de\/wp-json\/wp\/v2\/comments?post=5123"}],"version-history":[{"count":7,"href":"https:\/\/www.fietsverhuurzeeland.nl\/de\/wp-json\/wp\/v2\/pages\/5123\/revisions"}],"predecessor-version":[{"id":9416,"href":"https:\/\/www.fietsverhuurzeeland.nl\/de\/wp-json\/wp\/v2\/pages\/5123\/revisions\/9416"}],"wp:attachment":[{"href":"https:\/\/www.fietsverhuurzeeland.nl\/de\/wp-json\/wp\/v2\/media?parent=5123"}],"curies":[{"name":"wp","href":"https:\/\/api.w.org\/{rel}","templated":true}]}}